{"id":1818,"date":"2019-10-30T10:39:49","date_gmt":"2019-10-30T09:39:49","guid":{"rendered":"https:\/\/blog.holyart.it\/fr\/?page_id=1818"},"modified":"2020-06-17T16:51:44","modified_gmt":"2020-06-17T14:51:44","slug":"holyblog-le-blog-catholique-de-holyart-fr","status":"publish","type":"page","link":"https:\/\/blog.holyart.it\/fr\/","title":{"rendered":"Holyblog &#8211; Le Blog Catholique de Holyart.fr"},"content":{"rendered":"\n<div class=\"wprpsp-gridbox-slider-wrp wprpsp-clearfix \">\n\t<div id=\"wprpsp-gridbox-slider-1\" class=\"wprpsp-gridbox-slider wprpsp-design-6 wprpsp-image-fit\">\t<div class=\"wprpsp-grid-slider-wrp\">\r\n\r\n\t\t<div class=\"wprpsp-post-slides wprpsp-clr-1 wprpsp-medium-3 wprpsp-columns\">\r\n\t\t\t<a class=\"wprpsp-link-overlay wprpsp-post-link\" href=\"https:\/\/blog.holyart.it\/fr\/occasions-speciales\/veillee-matrimoniale-les-prieres-pour-les-futures-maries\/\" target=\"_self\"><\/a>\r\n\t\t\t<div class=\"wprpsp-post-grid-cnt\">\r\n\t\t\t\t<div class=\"wprpsp-post-overlay\">\r\n\t\t\t\t\t<div class=\"wprpsp-post-image-wrap wprpsp-post-image-bg\" style=\"\">\r\n\t\t\t\t\t\t\t\t\t\t\t\t\t<img decoding=\"async\" src=\"https:\/\/blog.holyart.it\/fr\/wp-content\/uploads\/sites\/14\/2026\/04\/Veillee-matrimoniale.jpeg\" alt=\"Veill\u00e9e matrimoniale : les pri\u00e8res pour les futures mari\u00e9s\" class=\"wprpsp-post-img\" \/>\r\n\t\t\t\t\t\t\t\t\t\t\t<\/div>\r\n\t\t\t\t\t<div class=\"wprpsp-post-short-cnt\">\r\n\t\t\t\t\t\t\t\t\t\t\t\t\t<div class=\"wprpsp-post-cats-wrap\"><ul class=\"post-categories wprpsp-post-categories\"><li><a href=\"https:\/\/blog.holyart.it\/fr\/occasions-speciales\/\" rel=\"category\"> Occasions sp\u00e9ciales <\/a><\/li><\/ul><\/div>\r\n\t\t\t\t\t\t\t\t\t\t\t\t<div class=\"wprpsp-bottom-content\">\r\n\t\t\t\t\t\t\t\t\t\t\t\t\t\t\t<h2 class=\"wprpsp-post-title\">\r\n\t\t\t\t\t\t\t\t\t<a href=\"https:\/\/blog.holyart.it\/fr\/occasions-speciales\/veillee-matrimoniale-les-prieres-pour-les-futures-maries\/\" target=\"_self\">Veill\u00e9e matrimoniale : les pri\u00e8res pour les futures mari\u00e9s<\/a>\r\n\t\t\t\t\t\t\t\t<\/h2>\r\n\t\t\t\t\t\t\t\t\t\t\t\t\t\t\t<div class=\"wprpsp-post-date\">\r\n\t\t\t\t\t\t\t\t\t\t\t\t\t\t\t\t\t\t\t\t\t\t\t\t\t\t\t29 avril 2026\t\t\t\t\t\t\t\t<\/div>\r\n\t\t\t\t\t\t\t\t\t\t\t\t\t<\/div>\r\n\t\t\t\t\t<\/div>\r\n\t\t\t\t<\/div>\r\n\t\t\t<\/div>\r\n\t\t<\/div>\r\n\r\n\t\t<div class=\"wprpsp-post-slides wprpsp-clr-2 wprpsp-medium-6 wprpsp-columns\">\r\n\t\t\t<a class=\"wprpsp-link-overlay wprpsp-post-link\" href=\"https:\/\/blog.holyart.it\/fr\/articles-religieux\/quelle-est-la-difference-entre-atheisme-et-agnosticisme\/\" target=\"_self\"><\/a>\r\n\t\t\t<div class=\"wprpsp-post-grid-cnt\">\r\n\t\t\t\t<div class=\"wprpsp-post-overlay\">\r\n\t\t\t\t\t<div class=\"wprpsp-post-image-wrap wprpsp-post-image-bg\" style=\"\">\r\n\t\t\t\t\t\t\t\t\t\t\t\t\t<img decoding=\"async\" src=\"https:\/\/blog.holyart.it\/fr\/wp-content\/uploads\/sites\/14\/2026\/04\/difference-entre-atheisme-et-agnosticisme.jpg\" alt=\"Quelle est la diff\u00e9rence entre ath\u00e9isme et agnosticisme ?\" class=\"wprpsp-post-img\" \/>\r\n\t\t\t\t\t\t\t\t\t\t\t<\/div>\r\n\t\t\t\t\t<div class=\"wprpsp-post-short-cnt\">\r\n\t\t\t\t\t\t\t\t\t\t\t\t\t<div class=\"wprpsp-post-cats-wrap\"><ul class=\"post-categories wprpsp-post-categories\"><li><a href=\"https:\/\/blog.holyart.it\/fr\/articles-religieux\/\" rel=\"category\"> Religion <\/a><\/li><\/ul><\/div>\r\n\t\t\t\t\t\t\t\t\t\t\t\t<div class=\"wprpsp-bottom-content\">\r\n\t\t\t\t\t\t\t\t\t\t\t\t\t\t\t<h2 class=\"wprpsp-post-title\">\r\n\t\t\t\t\t\t\t\t\t<a href=\"https:\/\/blog.holyart.it\/fr\/articles-religieux\/quelle-est-la-difference-entre-atheisme-et-agnosticisme\/\" target=\"_self\">Quelle est la diff\u00e9rence entre ath\u00e9isme et agnosticisme ?<\/a>\r\n\t\t\t\t\t\t\t\t<\/h2>\r\n\t\t\t\t\t\t\t\t\t\t\t\t\t\t\t<div class=\"wprpsp-post-date\">\r\n\t\t\t\t\t\t\t\t\t\t\t\t\t\t\t\t\t\t\t\t\t\t\t\t\t\t\t27 avril 2026\t\t\t\t\t\t\t\t<\/div>\r\n\t\t\t\t\t\t\t\t\t\t\t\t\t<\/div>\r\n\t\t\t\t\t<\/div>\r\n\t\t\t\t<\/div>\r\n\t\t\t<\/div>\r\n\t\t<\/div>\r\n\r\n\t\t<div class=\"wprpsp-post-slides wprpsp-clr-3 wprpsp-medium-3 wprpsp-columns\">\r\n\t\t\t<a class=\"wprpsp-link-overlay wprpsp-post-link\" href=\"https:\/\/blog.holyart.it\/fr\/saints-et-bienheureux\/saints-incorruptibles-miracle-de-la-foi-ou-enigme-scientifique\/\" target=\"_self\"><\/a>\r\n\t\t\t<div class=\"wprpsp-post-grid-cnt\">\r\n\t\t\t\t<div class=\"wprpsp-post-overlay\">\r\n\t\t\t\t\t<div class=\"wprpsp-post-image-wrap wprpsp-post-image-bg\" style=\"\">\r\n\t\t\t\t\t\t\t\t\t\t\t\t\t<img decoding=\"async\" src=\"https:\/\/blog.holyart.it\/fr\/wp-content\/uploads\/sites\/14\/2026\/04\/saints-incorruptibles.jpg\" alt=\"Saints Incorruptibles : miracle de la foi ou \u00e9nigme scientifique ?\" class=\"wprpsp-post-img\" \/>\r\n\t\t\t\t\t\t\t\t\t\t\t<\/div>\r\n\t\t\t\t\t<div class=\"wprpsp-post-short-cnt\">\r\n\t\t\t\t\t\t\t\t\t\t\t\t\t<div class=\"wprpsp-post-cats-wrap\"><ul class=\"post-categories wprpsp-post-categories\"><li><a href=\"https:\/\/blog.holyart.it\/fr\/saints-et-bienheureux\/\" rel=\"category\"> Saints et Bienheureux <\/a><\/li><\/ul><\/div>\r\n\t\t\t\t\t\t\t\t\t\t\t\t<div class=\"wprpsp-bottom-content\">\r\n\t\t\t\t\t\t\t\t\t\t\t\t\t\t\t<h2 class=\"wprpsp-post-title\">\r\n\t\t\t\t\t\t\t\t\t<a href=\"https:\/\/blog.holyart.it\/fr\/saints-et-bienheureux\/saints-incorruptibles-miracle-de-la-foi-ou-enigme-scientifique\/\" target=\"_self\">Saints Incorruptibles : miracle de la foi ou \u00e9nigme scientifique ?<\/a>\r\n\t\t\t\t\t\t\t\t<\/h2>\r\n\t\t\t\t\t\t\t\t\t\t\t\t\t\t\t<div class=\"wprpsp-post-date\">\r\n\t\t\t\t\t\t\t\t\t\t\t\t\t\t\t\t\t\t\t\t\t\t\t\t\t\t\t22 avril 2026\t\t\t\t\t\t\t\t<\/div>\r\n\t\t\t\t\t\t\t\t\t\t\t\t\t<\/div>\r\n\t\t\t\t\t<\/div>\r\n\t\t\t\t<\/div>\r\n\t\t\t<\/div>\r\n\t\t<\/div>\r\n\r\n\t\t<div class=\"wprpsp-post-slides wprpsp-clr-4 wprpsp-medium-4 wprpsp-columns\">\r\n\t\t\t<a class=\"wprpsp-link-overlay wprpsp-post-link\" href=\"https:\/\/blog.holyart.it\/fr\/articles-religieux\/confession-et-secret-le-role-du-sceau-sacramentel\/\" target=\"_self\"><\/a>\r\n\t\t\t<div class=\"wprpsp-post-grid-cnt\">\r\n\t\t\t\t<div class=\"wprpsp-post-overlay\">\r\n\t\t\t\t\t<div class=\"wprpsp-post-image-wrap wprpsp-post-image-bg\" style=\"\">\r\n\t\t\t\t\t\t\t\t\t\t\t\t\t<img decoding=\"async\" src=\"https:\/\/blog.holyart.it\/fr\/wp-content\/uploads\/sites\/14\/2026\/04\/Secret-Confessionnel.jpg\" alt=\"Confession et secret : le r\u00f4le du Sceau Sacramentel\" class=\"wprpsp-post-img\" \/>\r\n\t\t\t\t\t\t\t\t\t\t\t<\/div>\r\n\t\t\t\t\t<div class=\"wprpsp-post-short-cnt\">\r\n\t\t\t\t\t\t\t\t\t\t\t\t\t<div class=\"wprpsp-post-cats-wrap\"><ul class=\"post-categories wprpsp-post-categories\"><li><a href=\"https:\/\/blog.holyart.it\/fr\/articles-religieux\/\" rel=\"category\"> Religion <\/a><\/li><\/ul><\/div>\r\n\t\t\t\t\t\t\t\t\t\t\t\t<div class=\"wprpsp-bottom-content\">\r\n\t\t\t\t\t\t\t\t\t\t\t\t\t\t\t<h2 class=\"wprpsp-post-title\">\r\n\t\t\t\t\t\t\t\t\t<a href=\"https:\/\/blog.holyart.it\/fr\/articles-religieux\/confession-et-secret-le-role-du-sceau-sacramentel\/\" target=\"_self\">Confession et secret : le r\u00f4le du Sceau Sacramentel<\/a>\r\n\t\t\t\t\t\t\t\t<\/h2>\r\n\t\t\t\t\t\t\t\t\t\t\t\t\t\t\t<div class=\"wprpsp-post-date\">\r\n\t\t\t\t\t\t\t\t\t\t\t\t\t\t\t\t\t\t\t\t\t\t\t\t\t\t\t20 avril 2026\t\t\t\t\t\t\t\t<\/div>\r\n\t\t\t\t\t\t\t\t\t\t\t\t\t<\/div>\r\n\t\t\t\t\t<\/div>\r\n\t\t\t\t<\/div>\r\n\t\t\t<\/div>\r\n\t\t<\/div>\r\n\r\n\t\t<div class=\"wprpsp-post-slides wprpsp-clr-5 wprpsp-medium-4 wprpsp-columns\">\r\n\t\t\t<a class=\"wprpsp-link-overlay wprpsp-post-link\" href=\"https:\/\/blog.holyart.it\/fr\/articles-religieux\/saint-marc-evangeliste-le-disciple-des-saints-pierre-et-paul\/\" target=\"_self\"><\/a>\r\n\t\t\t<div class=\"wprpsp-post-grid-cnt\">\r\n\t\t\t\t<div class=\"wprpsp-post-overlay\">\r\n\t\t\t\t\t<div class=\"wprpsp-post-image-wrap wprpsp-post-image-bg\" style=\"\">\r\n\t\t\t\t\t\t\t\t\t\t\t\t\t<img decoding=\"async\" src=\"https:\/\/blog.holyart.it\/fr\/wp-content\/uploads\/sites\/14\/2026\/04\/Saint-Marc-Evangeliste.jpg\" alt=\"Saint Marc \u00c9vang\u00e9liste : le disciple des saints Pierre et Paul\" class=\"wprpsp-post-img\" \/>\r\n\t\t\t\t\t\t\t\t\t\t\t<\/div>\r\n\t\t\t\t\t<div class=\"wprpsp-post-short-cnt\">\r\n\t\t\t\t\t\t\t\t\t\t\t\t\t<div class=\"wprpsp-post-cats-wrap\"><ul class=\"post-categories wprpsp-post-categories\"><li><a href=\"https:\/\/blog.holyart.it\/fr\/articles-religieux\/\" rel=\"category\"> Religion <\/a><\/li><\/ul><\/div>\r\n\t\t\t\t\t\t\t\t\t\t\t\t<div class=\"wprpsp-bottom-content\">\r\n\t\t\t\t\t\t\t\t\t\t\t\t\t\t\t<h2 class=\"wprpsp-post-title\">\r\n\t\t\t\t\t\t\t\t\t<a href=\"https:\/\/blog.holyart.it\/fr\/articles-religieux\/saint-marc-evangeliste-le-disciple-des-saints-pierre-et-paul\/\" target=\"_self\">Saint Marc \u00c9vang\u00e9liste : le disciple des saints Pierre et Paul<\/a>\r\n\t\t\t\t\t\t\t\t<\/h2>\r\n\t\t\t\t\t\t\t\t\t\t\t\t\t\t\t<div class=\"wprpsp-post-date\">\r\n\t\t\t\t\t\t\t\t\t\t\t\t\t\t\t\t\t\t\t\t\t\t\t\t\t\t\t15 avril 2026\t\t\t\t\t\t\t\t<\/div>\r\n\t\t\t\t\t\t\t\t\t\t\t\t\t<\/div>\r\n\t\t\t\t\t<\/div>\r\n\t\t\t\t<\/div>\r\n\t\t\t<\/div>\r\n\t\t<\/div>\r\n\r\n\t\t<div class=\"wprpsp-post-slides wprpsp-clr-6 wprpsp-medium-4 wprpsp-columns\">\r\n\t\t\t<a class=\"wprpsp-link-overlay wprpsp-post-link\" href=\"https:\/\/blog.holyart.it\/fr\/saints-et-bienheureux\/sainte-kateri-tekakwitha-le-lys-des-mohawks-et-son-extraordinaire-temoignage-de-foi\/\" target=\"_self\"><\/a>\r\n\t\t\t<div class=\"wprpsp-post-grid-cnt\">\r\n\t\t\t\t<div class=\"wprpsp-post-overlay\">\r\n\t\t\t\t\t<div class=\"wprpsp-post-image-wrap wprpsp-post-image-bg\" style=\"\">\r\n\t\t\t\t\t\t\t\t\t\t\t\t\t<img decoding=\"async\" src=\"https:\/\/blog.holyart.it\/fr\/wp-content\/uploads\/sites\/14\/2026\/04\/Sainte-Kateri-Tekakwitha.jpg\" alt=\"Sainte Kateri Tekakwitha : le lys des Mohawks et son extraordinaire t\u00e9moignage de foi\" class=\"wprpsp-post-img\" \/>\r\n\t\t\t\t\t\t\t\t\t\t\t<\/div>\r\n\t\t\t\t\t<div class=\"wprpsp-post-short-cnt\">\r\n\t\t\t\t\t\t\t\t\t\t\t\t\t<div class=\"wprpsp-post-cats-wrap\"><ul class=\"post-categories wprpsp-post-categories\"><li><a href=\"https:\/\/blog.holyart.it\/fr\/saints-et-bienheureux\/\" rel=\"category\"> Saints et Bienheureux <\/a><\/li><\/ul><\/div>\r\n\t\t\t\t\t\t\t\t\t\t\t\t<div class=\"wprpsp-bottom-content\">\r\n\t\t\t\t\t\t\t\t\t\t\t\t\t\t\t<h2 class=\"wprpsp-post-title\">\r\n\t\t\t\t\t\t\t\t\t<a href=\"https:\/\/blog.holyart.it\/fr\/saints-et-bienheureux\/sainte-kateri-tekakwitha-le-lys-des-mohawks-et-son-extraordinaire-temoignage-de-foi\/\" target=\"_self\">Sainte Kateri Tekakwitha : le lys des Mohawks et son extraordinaire t\u00e9moignage de foi<\/a>\r\n\t\t\t\t\t\t\t\t<\/h2>\r\n\t\t\t\t\t\t\t\t\t\t\t\t\t\t\t<div class=\"wprpsp-post-date\">\r\n\t\t\t\t\t\t\t\t\t\t\t\t\t\t\t\t\t\t\t\t\t\t\t\t\t\t\t13 avril 2026\t\t\t\t\t\t\t\t<\/div>\r\n\t\t\t\t\t\t\t\t\t\t\t\t\t<\/div>\r\n\t\t\t\t\t<\/div>\r\n\t\t\t\t<\/div>\r\n\t\t\t<\/div>\r\n\t\t<\/div>\r\n<\/div>\r\n\t<div class=\"wprpsp-grid-slider-wrp\">\r\n\r\n\t\t<div class=\"wprpsp-post-slides wprpsp-clr-1 wprpsp-medium-3 wprpsp-columns\">\r\n\t\t\t<a class=\"wprpsp-link-overlay wprpsp-post-link\" href=\"https:\/\/blog.holyart.it\/fr\/articles-religieux\/eglises-deconsacrees-pourquoi-et-comment-perdent-elles-leur-sacralite\/\" target=\"_self\"><\/a>\r\n\t\t\t<div class=\"wprpsp-post-grid-cnt\">\r\n\t\t\t\t<div class=\"wprpsp-post-overlay\">\r\n\t\t\t\t\t<div class=\"wprpsp-post-image-wrap wprpsp-post-image-bg\" style=\"\">\r\n\t\t\t\t\t\t\t\t\t\t\t\t\t<img decoding=\"async\" src=\"https:\/\/blog.holyart.it\/fr\/wp-content\/uploads\/sites\/14\/2026\/04\/Eglises-deconsacrees.jpg\" alt=\"\u00c9glises d\u00e9consacr\u00e9es : pourquoi et comment perdent-elles leur sacralit\u00e9\" class=\"wprpsp-post-img\" \/>\r\n\t\t\t\t\t\t\t\t\t\t\t<\/div>\r\n\t\t\t\t\t<div class=\"wprpsp-post-short-cnt\">\r\n\t\t\t\t\t\t\t\t\t\t\t\t\t<div class=\"wprpsp-post-cats-wrap\"><ul class=\"post-categories wprpsp-post-categories\"><li><a href=\"https:\/\/blog.holyart.it\/fr\/articles-religieux\/\" rel=\"category\"> Religion <\/a><\/li><\/ul><\/div>\r\n\t\t\t\t\t\t\t\t\t\t\t\t<div class=\"wprpsp-bottom-content\">\r\n\t\t\t\t\t\t\t\t\t\t\t\t\t\t\t<h2 class=\"wprpsp-post-title\">\r\n\t\t\t\t\t\t\t\t\t<a href=\"https:\/\/blog.holyart.it\/fr\/articles-religieux\/eglises-deconsacrees-pourquoi-et-comment-perdent-elles-leur-sacralite\/\" target=\"_self\">\u00c9glises d\u00e9consacr\u00e9es : pourquoi et comment perdent-elles leur sacralit\u00e9<\/a>\r\n\t\t\t\t\t\t\t\t<\/h2>\r\n\t\t\t\t\t\t\t\t\t\t\t\t\t\t\t<div class=\"wprpsp-post-date\">\r\n\t\t\t\t\t\t\t\t\t\t\t\t\t\t\t\t\t\t\t\t\t\t\t\t\t\t\t8 avril 2026\t\t\t\t\t\t\t\t<\/div>\r\n\t\t\t\t\t\t\t\t\t\t\t\t\t<\/div>\r\n\t\t\t\t\t<\/div>\r\n\t\t\t\t<\/div>\r\n\t\t\t<\/div>\r\n\t\t<\/div>\r\n\r\n\t\t<div class=\"wprpsp-post-slides wprpsp-clr-2 wprpsp-medium-6 wprpsp-columns\">\r\n\t\t\t<a class=\"wprpsp-link-overlay wprpsp-post-link\" href=\"https:\/\/blog.holyart.it\/fr\/articles-religieux\/a-quoi-servent-les-messes-gregoriennes\/\" target=\"_self\"><\/a>\r\n\t\t\t<div class=\"wprpsp-post-grid-cnt\">\r\n\t\t\t\t<div class=\"wprpsp-post-overlay\">\r\n\t\t\t\t\t<div class=\"wprpsp-post-image-wrap wprpsp-post-image-bg\" style=\"\">\r\n\t\t\t\t\t\t\t\t\t\t\t\t\t<img decoding=\"async\" src=\"https:\/\/blog.holyart.it\/fr\/wp-content\/uploads\/sites\/14\/2026\/04\/messes-gregoriennes.jpg\" alt=\"\u00c0 quoi servent les messes gr\u00e9goriennes ?\" class=\"wprpsp-post-img\" \/>\r\n\t\t\t\t\t\t\t\t\t\t\t<\/div>\r\n\t\t\t\t\t<div class=\"wprpsp-post-short-cnt\">\r\n\t\t\t\t\t\t\t\t\t\t\t\t\t<div class=\"wprpsp-post-cats-wrap\"><ul class=\"post-categories wprpsp-post-categories\"><li><a href=\"https:\/\/blog.holyart.it\/fr\/articles-religieux\/\" rel=\"category\"> Religion <\/a><\/li><\/ul><\/div>\r\n\t\t\t\t\t\t\t\t\t\t\t\t<div class=\"wprpsp-bottom-content\">\r\n\t\t\t\t\t\t\t\t\t\t\t\t\t\t\t<h2 class=\"wprpsp-post-title\">\r\n\t\t\t\t\t\t\t\t\t<a href=\"https:\/\/blog.holyart.it\/fr\/articles-religieux\/a-quoi-servent-les-messes-gregoriennes\/\" target=\"_self\">\u00c0 quoi servent les messes gr\u00e9goriennes ?<\/a>\r\n\t\t\t\t\t\t\t\t<\/h2>\r\n\t\t\t\t\t\t\t\t\t\t\t\t\t\t\t<div class=\"wprpsp-post-date\">\r\n\t\t\t\t\t\t\t\t\t\t\t\t\t\t\t\t\t\t\t\t\t\t\t\t\t\t\t6 avril 2026\t\t\t\t\t\t\t\t<\/div>\r\n\t\t\t\t\t\t\t\t\t\t\t\t\t<\/div>\r\n\t\t\t\t\t<\/div>\r\n\t\t\t\t<\/div>\r\n\t\t\t<\/div>\r\n\t\t<\/div>\r\n\r\n\t\t<div class=\"wprpsp-post-slides wprpsp-clr-3 wprpsp-medium-3 wprpsp-columns\">\r\n\t\t\t<a class=\"wprpsp-link-overlay wprpsp-post-link\" href=\"https:\/\/blog.holyart.it\/fr\/articles-religieux\/quest-ce-quest-lior-et-comment-fonctionne-linstitut-pour-les-oeuvres-de-religion\/\" target=\"_self\"><\/a>\r\n\t\t\t<div class=\"wprpsp-post-grid-cnt\">\r\n\t\t\t\t<div class=\"wprpsp-post-overlay\">\r\n\t\t\t\t\t<div class=\"wprpsp-post-image-wrap wprpsp-post-image-bg\" style=\"\">\r\n\t\t\t\t\t\t\t\t\t\t\t\t\t<img decoding=\"async\" src=\"https:\/\/blog.holyart.it\/fr\/wp-content\/uploads\/sites\/14\/2026\/04\/Quest-ce-quest-lIOR.jpg\" alt=\"Qu\u2019est-ce qu\u2019est l\u2019IOR et comment fonctionne l\u2019Institut pour les \u0152uvres de Religion\" class=\"wprpsp-post-img\" \/>\r\n\t\t\t\t\t\t\t\t\t\t\t<\/div>\r\n\t\t\t\t\t<div class=\"wprpsp-post-short-cnt\">\r\n\t\t\t\t\t\t\t\t\t\t\t\t\t<div class=\"wprpsp-post-cats-wrap\"><ul class=\"post-categories wprpsp-post-categories\"><li><a href=\"https:\/\/blog.holyart.it\/fr\/articles-religieux\/\" rel=\"category\"> Religion <\/a><\/li><\/ul><\/div>\r\n\t\t\t\t\t\t\t\t\t\t\t\t<div class=\"wprpsp-bottom-content\">\r\n\t\t\t\t\t\t\t\t\t\t\t\t\t\t\t<h2 class=\"wprpsp-post-title\">\r\n\t\t\t\t\t\t\t\t\t<a href=\"https:\/\/blog.holyart.it\/fr\/articles-religieux\/quest-ce-quest-lior-et-comment-fonctionne-linstitut-pour-les-oeuvres-de-religion\/\" target=\"_self\">Qu\u2019est-ce qu\u2019est l\u2019IOR et comment fonctionne l\u2019Institut pour les \u0152uvres de Religion<\/a>\r\n\t\t\t\t\t\t\t\t<\/h2>\r\n\t\t\t\t\t\t\t\t\t\t\t\t\t\t\t<div class=\"wprpsp-post-date\">\r\n\t\t\t\t\t\t\t\t\t\t\t\t\t\t\t\t\t\t\t\t\t\t\t\t\t\t\t1 avril 2026\t\t\t\t\t\t\t\t<\/div>\r\n\t\t\t\t\t\t\t\t\t\t\t\t\t<\/div>\r\n\t\t\t\t\t<\/div>\r\n\t\t\t\t<\/div>\r\n\t\t\t<\/div>\r\n\t\t<\/div>\r\n\r\n\t\t<div class=\"wprpsp-post-slides wprpsp-clr-4 wprpsp-medium-4 wprpsp-columns\">\r\n\t\t\t<a class=\"wprpsp-link-overlay wprpsp-post-link\" href=\"https:\/\/blog.holyart.it\/fr\/paques\/octave-de-paques-signification-et-traditions\/\" target=\"_self\"><\/a>\r\n\t\t\t<div class=\"wprpsp-post-grid-cnt\">\r\n\t\t\t\t<div class=\"wprpsp-post-overlay\">\r\n\t\t\t\t\t<div class=\"wprpsp-post-image-wrap wprpsp-post-image-bg\" style=\"\">\r\n\t\t\t\t\t\t\t\t\t\t\t\t\t<img decoding=\"async\" src=\"https:\/\/blog.holyart.it\/fr\/wp-content\/uploads\/sites\/14\/2026\/03\/LOctave-de-Paques.jpg\" alt=\"Octave de P\u00e2ques : signification et traditions\" class=\"wprpsp-post-img\" \/>\r\n\t\t\t\t\t\t\t\t\t\t\t<\/div>\r\n\t\t\t\t\t<div class=\"wprpsp-post-short-cnt\">\r\n\t\t\t\t\t\t\t\t\t\t\t\t\t<div class=\"wprpsp-post-cats-wrap\"><ul class=\"post-categories wprpsp-post-categories\"><li><a href=\"https:\/\/blog.holyart.it\/fr\/paques\/\" rel=\"category\"> P\u00e2ques <\/a><\/li><\/ul><\/div>\r\n\t\t\t\t\t\t\t\t\t\t\t\t<div class=\"wprpsp-bottom-content\">\r\n\t\t\t\t\t\t\t\t\t\t\t\t\t\t\t<h2 class=\"wprpsp-post-title\">\r\n\t\t\t\t\t\t\t\t\t<a href=\"https:\/\/blog.holyart.it\/fr\/paques\/octave-de-paques-signification-et-traditions\/\" target=\"_self\">Octave de P\u00e2ques : signification et traditions<\/a>\r\n\t\t\t\t\t\t\t\t<\/h2>\r\n\t\t\t\t\t\t\t\t\t\t\t\t\t\t\t<div class=\"wprpsp-post-date\">\r\n\t\t\t\t\t\t\t\t\t\t\t\t\t\t\t\t\t\t\t\t\t\t\t\t\t\t\t30 mars 2026\t\t\t\t\t\t\t\t<\/div>\r\n\t\t\t\t\t\t\t\t\t\t\t\t\t<\/div>\r\n\t\t\t\t\t<\/div>\r\n\t\t\t\t<\/div>\r\n\t\t\t<\/div>\r\n\t\t<\/div>\r\n\r\n\t\t<div class=\"wprpsp-post-slides wprpsp-clr-5 wprpsp-medium-4 wprpsp-columns\">\r\n\t\t\t<a class=\"wprpsp-link-overlay wprpsp-post-link\" href=\"https:\/\/blog.holyart.it\/fr\/paques\/quelles-differences-y-a-t-il-entre-la-paques-catholique-et-la-paques-orthodoxe\/\" target=\"_self\"><\/a>\r\n\t\t\t<div class=\"wprpsp-post-grid-cnt\">\r\n\t\t\t\t<div class=\"wprpsp-post-overlay\">\r\n\t\t\t\t\t<div class=\"wprpsp-post-image-wrap wprpsp-post-image-bg\" style=\"\">\r\n\t\t\t\t\t\t\t\t\t\t\t\t\t<img decoding=\"async\" src=\"https:\/\/blog.holyart.it\/fr\/wp-content\/uploads\/sites\/14\/2026\/03\/differences-y-a-t-il-entre-la-Paques-catholique-et-la-Paques-orthodoxe.jpg\" alt=\"Quelles diff\u00e9rences y a-t-il entre la P\u00e2ques catholique et la P\u00e2ques orthodoxe\u00a0?\" class=\"wprpsp-post-img\" \/>\r\n\t\t\t\t\t\t\t\t\t\t\t<\/div>\r\n\t\t\t\t\t<div class=\"wprpsp-post-short-cnt\">\r\n\t\t\t\t\t\t\t\t\t\t\t\t\t<div class=\"wprpsp-post-cats-wrap\"><ul class=\"post-categories wprpsp-post-categories\"><li><a href=\"https:\/\/blog.holyart.it\/fr\/paques\/\" rel=\"category\"> P\u00e2ques <\/a><\/li><\/ul><\/div>\r\n\t\t\t\t\t\t\t\t\t\t\t\t<div class=\"wprpsp-bottom-content\">\r\n\t\t\t\t\t\t\t\t\t\t\t\t\t\t\t<h2 class=\"wprpsp-post-title\">\r\n\t\t\t\t\t\t\t\t\t<a href=\"https:\/\/blog.holyart.it\/fr\/paques\/quelles-differences-y-a-t-il-entre-la-paques-catholique-et-la-paques-orthodoxe\/\" target=\"_self\">Quelles diff\u00e9rences y a-t-il entre la P\u00e2ques catholique et la P\u00e2ques orthodoxe\u00a0?<\/a>\r\n\t\t\t\t\t\t\t\t<\/h2>\r\n\t\t\t\t\t\t\t\t\t\t\t\t\t\t\t<div class=\"wprpsp-post-date\">\r\n\t\t\t\t\t\t\t\t\t\t\t\t\t\t\t\t\t\t\t\t\t\t\t\t\t\t\t25 mars 2026\t\t\t\t\t\t\t\t<\/div>\r\n\t\t\t\t\t\t\t\t\t\t\t\t\t<\/div>\r\n\t\t\t\t\t<\/div>\r\n\t\t\t\t<\/div>\r\n\t\t\t<\/div>\r\n\t\t<\/div>\r\n\r\n\t\t<div class=\"wprpsp-post-slides wprpsp-clr-6 wprpsp-medium-4 wprpsp-columns\">\r\n\t\t\t<a class=\"wprpsp-link-overlay wprpsp-post-link\" href=\"https:\/\/blog.holyart.it\/fr\/paques\/velatio-un-rite-ancien-dans-les-jours-de-la-passion-de-christ\/\" target=\"_self\"><\/a>\r\n\t\t\t<div class=\"wprpsp-post-grid-cnt\">\r\n\t\t\t\t<div class=\"wprpsp-post-overlay\">\r\n\t\t\t\t\t<div class=\"wprpsp-post-image-wrap wprpsp-post-image-bg\" style=\"\">\r\n\t\t\t\t\t\t\t\t\t\t\t\t\t<img decoding=\"async\" src=\"https:\/\/blog.holyart.it\/fr\/wp-content\/uploads\/sites\/14\/2026\/03\/velatio.jpg\" alt=\"Velatio, un rite ancien dans les jours de la Passion de Christ\" class=\"wprpsp-post-img\" \/>\r\n\t\t\t\t\t\t\t\t\t\t\t<\/div>\r\n\t\t\t\t\t<div class=\"wprpsp-post-short-cnt\">\r\n\t\t\t\t\t\t\t\t\t\t\t\t\t<div class=\"wprpsp-post-cats-wrap\"><ul class=\"post-categories wprpsp-post-categories\"><li><a href=\"https:\/\/blog.holyart.it\/fr\/paques\/\" rel=\"category\"> P\u00e2ques <\/a><\/li><\/ul><\/div>\r\n\t\t\t\t\t\t\t\t\t\t\t\t<div class=\"wprpsp-bottom-content\">\r\n\t\t\t\t\t\t\t\t\t\t\t\t\t\t\t<h2 class=\"wprpsp-post-title\">\r\n\t\t\t\t\t\t\t\t\t<a href=\"https:\/\/blog.holyart.it\/fr\/paques\/velatio-un-rite-ancien-dans-les-jours-de-la-passion-de-christ\/\" target=\"_self\">Velatio, un rite ancien dans les jours de la Passion de Christ<\/a>\r\n\t\t\t\t\t\t\t\t<\/h2>\r\n\t\t\t\t\t\t\t\t\t\t\t\t\t\t\t<div class=\"wprpsp-post-date\">\r\n\t\t\t\t\t\t\t\t\t\t\t\t\t\t\t\t\t\t\t\t\t\t\t\t\t\t\t23 mars 2026\t\t\t\t\t\t\t\t<\/div>\r\n\t\t\t\t\t\t\t\t\t\t\t\t\t<\/div>\r\n\t\t\t\t\t<\/div>\r\n\t\t\t\t<\/div>\r\n\t\t\t<\/div>\r\n\t\t<\/div>\r\n<\/div>\r\n\t<div class=\"wprpsp-grid-slider-wrp\">\r\n\r\n\t\t<div class=\"wprpsp-post-slides wprpsp-clr-1 wprpsp-medium-3 wprpsp-columns\">\r\n\t\t\t<a class=\"wprpsp-link-overlay wprpsp-post-link\" href=\"https:\/\/blog.holyart.it\/fr\/paques\/la-pessah-quest-ce-que-la-paque-juive-fete\/\" target=\"_self\"><\/a>\r\n\t\t\t<div class=\"wprpsp-post-grid-cnt\">\r\n\t\t\t\t<div class=\"wprpsp-post-overlay\">\r\n\t\t\t\t\t<div class=\"wprpsp-post-image-wrap wprpsp-post-image-bg\" style=\"\">\r\n\t\t\t\t\t\t\t\t\t\t\t\t\t<img decoding=\"async\" src=\"https:\/\/blog.holyart.it\/fr\/wp-content\/uploads\/sites\/14\/2026\/03\/quest-ce-que-la-Paque-juive-fete.jpg\" alt=\"La Pessa\u2019h : qu\u2019est-ce que la P\u00e2que juive f\u00eate\" class=\"wprpsp-post-img\" \/>\r\n\t\t\t\t\t\t\t\t\t\t\t<\/div>\r\n\t\t\t\t\t<div class=\"wprpsp-post-short-cnt\">\r\n\t\t\t\t\t\t\t\t\t\t\t\t\t<div class=\"wprpsp-post-cats-wrap\"><ul class=\"post-categories wprpsp-post-categories\"><li><a href=\"https:\/\/blog.holyart.it\/fr\/paques\/\" rel=\"category\"> P\u00e2ques <\/a><\/li><\/ul><\/div>\r\n\t\t\t\t\t\t\t\t\t\t\t\t<div class=\"wprpsp-bottom-content\">\r\n\t\t\t\t\t\t\t\t\t\t\t\t\t\t\t<h2 class=\"wprpsp-post-title\">\r\n\t\t\t\t\t\t\t\t\t<a href=\"https:\/\/blog.holyart.it\/fr\/paques\/la-pessah-quest-ce-que-la-paque-juive-fete\/\" target=\"_self\">La Pessa\u2019h : qu\u2019est-ce que la P\u00e2que juive f\u00eate<\/a>\r\n\t\t\t\t\t\t\t\t<\/h2>\r\n\t\t\t\t\t\t\t\t\t\t\t\t\t\t\t<div class=\"wprpsp-post-date\">\r\n\t\t\t\t\t\t\t\t\t\t\t\t\t\t\t\t\t\t\t\t\t\t\t\t\t\t\t18 mars 2026\t\t\t\t\t\t\t\t<\/div>\r\n\t\t\t\t\t\t\t\t\t\t\t\t\t<\/div>\r\n\t\t\t\t\t<\/div>\r\n\t\t\t\t<\/div>\r\n\t\t\t<\/div>\r\n\t\t<\/div>\r\n\r\n\t\t<div class=\"wprpsp-post-slides wprpsp-clr-2 wprpsp-medium-6 wprpsp-columns\">\r\n\t\t\t<a class=\"wprpsp-link-overlay wprpsp-post-link\" href=\"https:\/\/blog.holyart.it\/fr\/saints-et-bienheureux\/fete-de-saint-francois-le-800e-anniversaire-et-sa-reconnaissance-comme-fete-nationale-en-italie\/\" target=\"_self\"><\/a>\r\n\t\t\t<div class=\"wprpsp-post-grid-cnt\">\r\n\t\t\t\t<div class=\"wprpsp-post-overlay\">\r\n\t\t\t\t\t<div class=\"wprpsp-post-image-wrap wprpsp-post-image-bg\" style=\"\">\r\n\t\t\t\t\t\t\t\t\t\t\t\t\t<img decoding=\"async\" src=\"https:\/\/blog.holyart.it\/fr\/wp-content\/uploads\/sites\/14\/2026\/03\/Fete-de-Saint-Francois.jpg\" alt=\"F\u00eate de Saint Fran\u00e7ois : le 800e anniversaire et sa reconnaissance comme f\u00eate nationale en Italie\" class=\"wprpsp-post-img\" \/>\r\n\t\t\t\t\t\t\t\t\t\t\t<\/div>\r\n\t\t\t\t\t<div class=\"wprpsp-post-short-cnt\">\r\n\t\t\t\t\t\t\t\t\t\t\t\t\t<div class=\"wprpsp-post-cats-wrap\"><ul class=\"post-categories wprpsp-post-categories\"><li><a href=\"https:\/\/blog.holyart.it\/fr\/saints-et-bienheureux\/\" rel=\"category\"> Saints et Bienheureux <\/a><\/li><\/ul><\/div>\r\n\t\t\t\t\t\t\t\t\t\t\t\t<div class=\"wprpsp-bottom-content\">\r\n\t\t\t\t\t\t\t\t\t\t\t\t\t\t\t<h2 class=\"wprpsp-post-title\">\r\n\t\t\t\t\t\t\t\t\t<a href=\"https:\/\/blog.holyart.it\/fr\/saints-et-bienheureux\/fete-de-saint-francois-le-800e-anniversaire-et-sa-reconnaissance-comme-fete-nationale-en-italie\/\" target=\"_self\">F\u00eate de Saint Fran\u00e7ois : le 800e anniversaire et sa reconnaissance comme f\u00eate nationale en Italie<\/a>\r\n\t\t\t\t\t\t\t\t<\/h2>\r\n\t\t\t\t\t\t\t\t\t\t\t\t\t\t\t<div class=\"wprpsp-post-date\">\r\n\t\t\t\t\t\t\t\t\t\t\t\t\t\t\t\t\t\t\t\t\t\t\t\t\t\t\t16 mars 2026\t\t\t\t\t\t\t\t<\/div>\r\n\t\t\t\t\t\t\t\t\t\t\t\t\t<\/div>\r\n\t\t\t\t\t<\/div>\r\n\t\t\t\t<\/div>\r\n\t\t\t<\/div>\r\n\t\t<\/div>\r\n\r\n\t\t<div class=\"wprpsp-post-slides wprpsp-clr-3 wprpsp-medium-3 wprpsp-columns\">\r\n\t\t\t<a class=\"wprpsp-link-overlay wprpsp-post-link\" href=\"https:\/\/blog.holyart.it\/fr\/saints-et-bienheureux\/labbaye-de-san-galgano-entre-histoire-et-legende\/\" target=\"_self\"><\/a>\r\n\t\t\t<div class=\"wprpsp-post-grid-cnt\">\r\n\t\t\t\t<div class=\"wprpsp-post-overlay\">\r\n\t\t\t\t\t<div class=\"wprpsp-post-image-wrap wprpsp-post-image-bg\" style=\"\">\r\n\t\t\t\t\t\t\t\t\t\t\t\t\t<img decoding=\"async\" src=\"https:\/\/blog.holyart.it\/fr\/wp-content\/uploads\/sites\/14\/2026\/03\/LAbbaye-de-San-Galgano.jpg\" alt=\"L\u2019Abbaye de San Galgano : entre histoire et l\u00e9gende\" class=\"wprpsp-post-img\" \/>\r\n\t\t\t\t\t\t\t\t\t\t\t<\/div>\r\n\t\t\t\t\t<div class=\"wprpsp-post-short-cnt\">\r\n\t\t\t\t\t\t\t\t\t\t\t\t\t<div class=\"wprpsp-post-cats-wrap\"><ul class=\"post-categories wprpsp-post-categories\"><li><a href=\"https:\/\/blog.holyart.it\/fr\/saints-et-bienheureux\/\" rel=\"category\"> Saints et Bienheureux <\/a><\/li><\/ul><\/div>\r\n\t\t\t\t\t\t\t\t\t\t\t\t<div class=\"wprpsp-bottom-content\">\r\n\t\t\t\t\t\t\t\t\t\t\t\t\t\t\t<h2 class=\"wprpsp-post-title\">\r\n\t\t\t\t\t\t\t\t\t<a href=\"https:\/\/blog.holyart.it\/fr\/saints-et-bienheureux\/labbaye-de-san-galgano-entre-histoire-et-legende\/\" target=\"_self\">L\u2019Abbaye de San Galgano : entre histoire et l\u00e9gende<\/a>\r\n\t\t\t\t\t\t\t\t<\/h2>\r\n\t\t\t\t\t\t\t\t\t\t\t\t\t\t\t<div class=\"wprpsp-post-date\">\r\n\t\t\t\t\t\t\t\t\t\t\t\t\t\t\t\t\t\t\t\t\t\t\t\t\t\t\t11 mars 2026\t\t\t\t\t\t\t\t<\/div>\r\n\t\t\t\t\t\t\t\t\t\t\t\t\t<\/div>\r\n\t\t\t\t\t<\/div>\r\n\t\t\t\t<\/div>\r\n\t\t\t<\/div>\r\n\t\t<\/div>\r\n\r\n\t\t<div class=\"wprpsp-post-slides wprpsp-clr-4 wprpsp-medium-4 wprpsp-columns\">\r\n\t\t\t<a class=\"wprpsp-link-overlay wprpsp-post-link\" href=\"https:\/\/blog.holyart.it\/fr\/articles-religieux\/les-catechumenes-recevoir-le-bapteme-a-lage-adulte\/\" target=\"_self\"><\/a>\r\n\t\t\t<div class=\"wprpsp-post-grid-cnt\">\r\n\t\t\t\t<div class=\"wprpsp-post-overlay\">\r\n\t\t\t\t\t<div class=\"wprpsp-post-image-wrap wprpsp-post-image-bg\" style=\"\">\r\n\t\t\t\t\t\t\t\t\t\t\t\t\t<img decoding=\"async\" src=\"https:\/\/blog.holyart.it\/fr\/wp-content\/uploads\/sites\/14\/2026\/03\/catechumenes-.jpg\" alt=\"Les cat\u00e9chum\u00e8nes : recevoir le bapt\u00eame \u00e0 l\u2019\u00e2ge adulte\" class=\"wprpsp-post-img\" \/>\r\n\t\t\t\t\t\t\t\t\t\t\t<\/div>\r\n\t\t\t\t\t<div class=\"wprpsp-post-short-cnt\">\r\n\t\t\t\t\t\t\t\t\t\t\t\t\t<div class=\"wprpsp-post-cats-wrap\"><ul class=\"post-categories wprpsp-post-categories\"><li><a href=\"https:\/\/blog.holyart.it\/fr\/articles-religieux\/\" rel=\"category\"> Religion <\/a><\/li><\/ul><\/div>\r\n\t\t\t\t\t\t\t\t\t\t\t\t<div class=\"wprpsp-bottom-content\">\r\n\t\t\t\t\t\t\t\t\t\t\t\t\t\t\t<h2 class=\"wprpsp-post-title\">\r\n\t\t\t\t\t\t\t\t\t<a href=\"https:\/\/blog.holyart.it\/fr\/articles-religieux\/les-catechumenes-recevoir-le-bapteme-a-lage-adulte\/\" target=\"_self\">Les cat\u00e9chum\u00e8nes : recevoir le bapt\u00eame \u00e0 l\u2019\u00e2ge adulte<\/a>\r\n\t\t\t\t\t\t\t\t<\/h2>\r\n\t\t\t\t\t\t\t\t\t\t\t\t\t\t\t<div class=\"wprpsp-post-date\">\r\n\t\t\t\t\t\t\t\t\t\t\t\t\t\t\t\t\t\t\t\t\t\t\t\t\t\t\t9 mars 2026\t\t\t\t\t\t\t\t<\/div>\r\n\t\t\t\t\t\t\t\t\t\t\t\t\t<\/div>\r\n\t\t\t\t\t<\/div>\r\n\t\t\t\t<\/div>\r\n\t\t\t<\/div>\r\n\t\t<\/div>\r\n\r\n\t\t<div class=\"wprpsp-post-slides wprpsp-clr-5 wprpsp-medium-4 wprpsp-columns\">\r\n\t\t\t<a class=\"wprpsp-link-overlay wprpsp-post-link\" href=\"https:\/\/blog.holyart.it\/fr\/occasions-speciales\/journee-internationale-des-femmes-icones-de-la-paix\/\" target=\"_self\"><\/a>\r\n\t\t\t<div class=\"wprpsp-post-grid-cnt\">\r\n\t\t\t\t<div class=\"wprpsp-post-overlay\">\r\n\t\t\t\t\t<div class=\"wprpsp-post-image-wrap wprpsp-post-image-bg\" style=\"\">\r\n\t\t\t\t\t\t\t\t\t\t\t\t\t<img decoding=\"async\" src=\"https:\/\/blog.holyart.it\/fr\/wp-content\/uploads\/sites\/14\/2026\/02\/Journee-internationale-des-Femmes.jpg\" alt=\"Journ\u00e9e internationale des Femmes, \u00abic\u00f4nes de la paix\u00bb\" class=\"wprpsp-post-img\" \/>\r\n\t\t\t\t\t\t\t\t\t\t\t<\/div>\r\n\t\t\t\t\t<div class=\"wprpsp-post-short-cnt\">\r\n\t\t\t\t\t\t\t\t\t\t\t\t\t<div class=\"wprpsp-post-cats-wrap\"><ul class=\"post-categories wprpsp-post-categories\"><li><a href=\"https:\/\/blog.holyart.it\/fr\/occasions-speciales\/\" rel=\"category\"> Occasions sp\u00e9ciales <\/a><\/li><\/ul><\/div>\r\n\t\t\t\t\t\t\t\t\t\t\t\t<div class=\"wprpsp-bottom-content\">\r\n\t\t\t\t\t\t\t\t\t\t\t\t\t\t\t<h2 class=\"wprpsp-post-title\">\r\n\t\t\t\t\t\t\t\t\t<a href=\"https:\/\/blog.holyart.it\/fr\/occasions-speciales\/journee-internationale-des-femmes-icones-de-la-paix\/\" target=\"_self\">Journ\u00e9e internationale des Femmes, \u00abic\u00f4nes de la paix\u00bb<\/a>\r\n\t\t\t\t\t\t\t\t<\/h2>\r\n\t\t\t\t\t\t\t\t\t\t\t\t\t\t\t<div class=\"wprpsp-post-date\">\r\n\t\t\t\t\t\t\t\t\t\t\t\t\t\t\t\t\t\t\t\t\t\t\t\t\t\t\t4 mars 2026\t\t\t\t\t\t\t\t<\/div>\r\n\t\t\t\t\t\t\t\t\t\t\t\t\t<\/div>\r\n\t\t\t\t\t<\/div>\r\n\t\t\t\t<\/div>\r\n\t\t\t<\/div>\r\n\t\t<\/div>\r\n\r\n\t\t<div class=\"wprpsp-post-slides wprpsp-clr-6 wprpsp-medium-4 wprpsp-columns\">\r\n\t\t\t<a class=\"wprpsp-link-overlay wprpsp-post-link\" href=\"https:\/\/blog.holyart.it\/fr\/monasteres\/quelle-est-la-difference-entre-eau-parfumee-et-parfum\/\" target=\"_self\"><\/a>\r\n\t\t\t<div class=\"wprpsp-post-grid-cnt\">\r\n\t\t\t\t<div class=\"wprpsp-post-overlay\">\r\n\t\t\t\t\t<div class=\"wprpsp-post-image-wrap wprpsp-post-image-bg\" style=\"\">\r\n\t\t\t\t\t\t\t\t\t\t\t\t\t<img decoding=\"async\" src=\"https:\/\/blog.holyart.it\/fr\/wp-content\/uploads\/sites\/14\/2026\/02\/Quelle-est-la-difference-entre-eau-parfumee-et-parfum.jpg\" alt=\"Quelle est la diff\u00e9rence entre eau parfum\u00e9e et parfum\" class=\"wprpsp-post-img\" \/>\r\n\t\t\t\t\t\t\t\t\t\t\t<\/div>\r\n\t\t\t\t\t<div class=\"wprpsp-post-short-cnt\">\r\n\t\t\t\t\t\t\t\t\t\t\t\t\t<div class=\"wprpsp-post-cats-wrap\"><ul class=\"post-categories wprpsp-post-categories\"><li><a href=\"https:\/\/blog.holyart.it\/fr\/monasteres\/\" rel=\"category\"> Monast\u00e8res et confr\u00e9ries <\/a><\/li><\/ul><\/div>\r\n\t\t\t\t\t\t\t\t\t\t\t\t<div class=\"wprpsp-bottom-content\">\r\n\t\t\t\t\t\t\t\t\t\t\t\t\t\t\t<h2 class=\"wprpsp-post-title\">\r\n\t\t\t\t\t\t\t\t\t<a href=\"https:\/\/blog.holyart.it\/fr\/monasteres\/quelle-est-la-difference-entre-eau-parfumee-et-parfum\/\" target=\"_self\">Quelle est la diff\u00e9rence entre eau parfum\u00e9e et parfum<\/a>\r\n\t\t\t\t\t\t\t\t<\/h2>\r\n\t\t\t\t\t\t\t\t\t\t\t\t\t\t\t<div class=\"wprpsp-post-date\">\r\n\t\t\t\t\t\t\t\t\t\t\t\t\t\t\t\t\t\t\t\t\t\t\t\t\t\t\t2 mars 2026\t\t\t\t\t\t\t\t<\/div>\r\n\t\t\t\t\t\t\t\t\t\t\t\t\t<\/div>\r\n\t\t\t\t\t<\/div>\r\n\t\t\t\t<\/div>\r\n\t\t\t<\/div>\r\n\t\t<\/div>\r\n<\/div>\r\n\t<div class=\"wprpsp-grid-slider-wrp\">\r\n\r\n\t\t<div class=\"wprpsp-post-slides wprpsp-clr-1 wprpsp-medium-3 wprpsp-columns\">\r\n\t\t\t<a class=\"wprpsp-link-overlay wprpsp-post-link\" href=\"https:\/\/blog.holyart.it\/fr\/articles-religieux\/les-principales-differences-entre-islam-et-christianisme\/\" target=\"_self\"><\/a>\r\n\t\t\t<div class=\"wprpsp-post-grid-cnt\">\r\n\t\t\t\t<div class=\"wprpsp-post-overlay\">\r\n\t\t\t\t\t<div class=\"wprpsp-post-image-wrap wprpsp-post-image-bg\" style=\"\">\r\n\t\t\t\t\t\t\t\t\t\t\t\t\t<img decoding=\"async\" src=\"https:\/\/blog.holyart.it\/fr\/wp-content\/uploads\/sites\/14\/2026\/02\/Les-principales-differences-entre-Islam-et-Christianisme.jpg\" alt=\"Les principales diff\u00e9rences entre Islam et Christianisme\" class=\"wprpsp-post-img\" \/>\r\n\t\t\t\t\t\t\t\t\t\t\t<\/div>\r\n\t\t\t\t\t<div class=\"wprpsp-post-short-cnt\">\r\n\t\t\t\t\t\t\t\t\t\t\t\t\t<div class=\"wprpsp-post-cats-wrap\"><ul class=\"post-categories wprpsp-post-categories\"><li><a href=\"https:\/\/blog.holyart.it\/fr\/articles-religieux\/\" rel=\"category\"> Religion <\/a><\/li><\/ul><\/div>\r\n\t\t\t\t\t\t\t\t\t\t\t\t<div class=\"wprpsp-bottom-content\">\r\n\t\t\t\t\t\t\t\t\t\t\t\t\t\t\t<h2 class=\"wprpsp-post-title\">\r\n\t\t\t\t\t\t\t\t\t<a href=\"https:\/\/blog.holyart.it\/fr\/articles-religieux\/les-principales-differences-entre-islam-et-christianisme\/\" target=\"_self\">Les principales diff\u00e9rences entre Islam et Christianisme<\/a>\r\n\t\t\t\t\t\t\t\t<\/h2>\r\n\t\t\t\t\t\t\t\t\t\t\t\t\t\t\t<div class=\"wprpsp-post-date\">\r\n\t\t\t\t\t\t\t\t\t\t\t\t\t\t\t\t\t\t\t\t\t\t\t\t\t\t\t25 f\u00e9vrier 2026\t\t\t\t\t\t\t\t<\/div>\r\n\t\t\t\t\t\t\t\t\t\t\t\t\t<\/div>\r\n\t\t\t\t\t<\/div>\r\n\t\t\t\t<\/div>\r\n\t\t\t<\/div>\r\n\t\t<\/div>\r\n\r\n\t\t<div class=\"wprpsp-post-slides wprpsp-clr-2 wprpsp-medium-6 wprpsp-columns\">\r\n\t\t\t<a class=\"wprpsp-link-overlay wprpsp-post-link\" href=\"https:\/\/blog.holyart.it\/fr\/articles-religieux\/tempete-sur-la-mer-de-galilee-un-episode-biblique-raconte-a-travers-lart\/\" target=\"_self\"><\/a>\r\n\t\t\t<div class=\"wprpsp-post-grid-cnt\">\r\n\t\t\t\t<div class=\"wprpsp-post-overlay\">\r\n\t\t\t\t\t<div class=\"wprpsp-post-image-wrap wprpsp-post-image-bg\" style=\"\">\r\n\t\t\t\t\t\t\t\t\t\t\t\t\t<img decoding=\"async\" src=\"https:\/\/blog.holyart.it\/fr\/wp-content\/uploads\/sites\/14\/2026\/02\/Tempete-sur-la-mer-de-Galilee.jpg\" alt=\"Temp\u00eate sur la mer de Galil\u00e9e : un \u00e9pisode biblique racont\u00e9 \u00e0 travers l\u2019art\" class=\"wprpsp-post-img\" \/>\r\n\t\t\t\t\t\t\t\t\t\t\t<\/div>\r\n\t\t\t\t\t<div class=\"wprpsp-post-short-cnt\">\r\n\t\t\t\t\t\t\t\t\t\t\t\t\t<div class=\"wprpsp-post-cats-wrap\"><ul class=\"post-categories wprpsp-post-categories\"><li><a href=\"https:\/\/blog.holyart.it\/fr\/articles-religieux\/\" rel=\"category\"> Religion <\/a><\/li><\/ul><\/div>\r\n\t\t\t\t\t\t\t\t\t\t\t\t<div class=\"wprpsp-bottom-content\">\r\n\t\t\t\t\t\t\t\t\t\t\t\t\t\t\t<h2 class=\"wprpsp-post-title\">\r\n\t\t\t\t\t\t\t\t\t<a href=\"https:\/\/blog.holyart.it\/fr\/articles-religieux\/tempete-sur-la-mer-de-galilee-un-episode-biblique-raconte-a-travers-lart\/\" target=\"_self\">Temp\u00eate sur la mer de Galil\u00e9e : un \u00e9pisode biblique racont\u00e9 \u00e0 travers l\u2019art<\/a>\r\n\t\t\t\t\t\t\t\t<\/h2>\r\n\t\t\t\t\t\t\t\t\t\t\t\t\t\t\t<div class=\"wprpsp-post-date\">\r\n\t\t\t\t\t\t\t\t\t\t\t\t\t\t\t\t\t\t\t\t\t\t\t\t\t\t\t23 f\u00e9vrier 2026\t\t\t\t\t\t\t\t<\/div>\r\n\t\t\t\t\t\t\t\t\t\t\t\t\t<\/div>\r\n\t\t\t\t\t<\/div>\r\n\t\t\t\t<\/div>\r\n\t\t\t<\/div>\r\n\t\t<\/div>\r\n\r\n\t\t<div class=\"wprpsp-post-slides wprpsp-clr-3 wprpsp-medium-3 wprpsp-columns\">\r\n\t\t\t<a class=\"wprpsp-link-overlay wprpsp-post-link\" href=\"https:\/\/blog.holyart.it\/fr\/articles-religieux\/guide-au-sacrement-de-reconciliation\/\" target=\"_self\"><\/a>\r\n\t\t\t<div class=\"wprpsp-post-grid-cnt\">\r\n\t\t\t\t<div class=\"wprpsp-post-overlay\">\r\n\t\t\t\t\t<div class=\"wprpsp-post-image-wrap wprpsp-post-image-bg\" style=\"\">\r\n\t\t\t\t\t\t\t\t\t\t\t\t\t<img decoding=\"async\" src=\"https:\/\/blog.holyart.it\/fr\/wp-content\/uploads\/sites\/14\/2026\/02\/Sacrement-de-Reconciliation.jpeg\" alt=\"Guide au Sacrement de R\u00e9conciliation\" class=\"wprpsp-post-img\" \/>\r\n\t\t\t\t\t\t\t\t\t\t\t<\/div>\r\n\t\t\t\t\t<div class=\"wprpsp-post-short-cnt\">\r\n\t\t\t\t\t\t\t\t\t\t\t\t\t<div class=\"wprpsp-post-cats-wrap\"><ul class=\"post-categories wprpsp-post-categories\"><li><a href=\"https:\/\/blog.holyart.it\/fr\/articles-religieux\/\" rel=\"category\"> Religion <\/a><\/li><\/ul><\/div>\r\n\t\t\t\t\t\t\t\t\t\t\t\t<div class=\"wprpsp-bottom-content\">\r\n\t\t\t\t\t\t\t\t\t\t\t\t\t\t\t<h2 class=\"wprpsp-post-title\">\r\n\t\t\t\t\t\t\t\t\t<a href=\"https:\/\/blog.holyart.it\/fr\/articles-religieux\/guide-au-sacrement-de-reconciliation\/\" target=\"_self\">Guide au Sacrement de R\u00e9conciliation<\/a>\r\n\t\t\t\t\t\t\t\t<\/h2>\r\n\t\t\t\t\t\t\t\t\t\t\t\t\t\t\t<div class=\"wprpsp-post-date\">\r\n\t\t\t\t\t\t\t\t\t\t\t\t\t\t\t\t\t\t\t\t\t\t\t\t\t\t\t18 f\u00e9vrier 2026\t\t\t\t\t\t\t\t<\/div>\r\n\t\t\t\t\t\t\t\t\t\t\t\t\t<\/div>\r\n\t\t\t\t\t<\/div>\r\n\t\t\t\t<\/div>\r\n\t\t\t<\/div>\r\n\t\t<\/div>\r\n\r\n\t\t<div class=\"wprpsp-post-slides wprpsp-clr-4 wprpsp-medium-4 wprpsp-columns\">\r\n\t\t\t<a class=\"wprpsp-link-overlay wprpsp-post-link\" href=\"https:\/\/blog.holyart.it\/fr\/occasions-speciales\/remerciements-pour-la-confirmation-et-idees-cadeaux-nos-conseils\/\" target=\"_self\"><\/a>\r\n\t\t\t<div class=\"wprpsp-post-grid-cnt\">\r\n\t\t\t\t<div class=\"wprpsp-post-overlay\">\r\n\t\t\t\t\t<div class=\"wprpsp-post-image-wrap wprpsp-post-image-bg\" style=\"\">\r\n\t\t\t\t\t\t\t\t\t\t\t\t\t<img decoding=\"async\" src=\"https:\/\/blog.holyart.it\/fr\/wp-content\/uploads\/sites\/14\/2026\/02\/Remerciements-pour-la-Confirmation-et-idees-cadeaux.jpg\" alt=\"Remerciements pour la Confirmation et id\u00e9es cadeaux\u00a0: nos conseils\" class=\"wprpsp-post-img\" \/>\r\n\t\t\t\t\t\t\t\t\t\t\t<\/div>\r\n\t\t\t\t\t<div class=\"wprpsp-post-short-cnt\">\r\n\t\t\t\t\t\t\t\t\t\t\t\t\t<div class=\"wprpsp-post-cats-wrap\"><ul class=\"post-categories wprpsp-post-categories\"><li><a href=\"https:\/\/blog.holyart.it\/fr\/occasions-speciales\/\" rel=\"category\"> Occasions sp\u00e9ciales <\/a><\/li><\/ul><\/div>\r\n\t\t\t\t\t\t\t\t\t\t\t\t<div class=\"wprpsp-bottom-content\">\r\n\t\t\t\t\t\t\t\t\t\t\t\t\t\t\t<h2 class=\"wprpsp-post-title\">\r\n\t\t\t\t\t\t\t\t\t<a href=\"https:\/\/blog.holyart.it\/fr\/occasions-speciales\/remerciements-pour-la-confirmation-et-idees-cadeaux-nos-conseils\/\" target=\"_self\">Remerciements pour la Confirmation et id\u00e9es cadeaux\u00a0: nos conseils<\/a>\r\n\t\t\t\t\t\t\t\t<\/h2>\r\n\t\t\t\t\t\t\t\t\t\t\t\t\t\t\t<div class=\"wprpsp-post-date\">\r\n\t\t\t\t\t\t\t\t\t\t\t\t\t\t\t\t\t\t\t\t\t\t\t\t\t\t\t16 f\u00e9vrier 2026\t\t\t\t\t\t\t\t<\/div>\r\n\t\t\t\t\t\t\t\t\t\t\t\t\t<\/div>\r\n\t\t\t\t\t<\/div>\r\n\t\t\t\t<\/div>\r\n\t\t\t<\/div>\r\n\t\t<\/div>\r\n\r\n\t\t<div class=\"wprpsp-post-slides wprpsp-clr-5 wprpsp-medium-4 wprpsp-columns\">\r\n\t\t\t<a class=\"wprpsp-link-overlay wprpsp-post-link\" href=\"https:\/\/blog.holyart.it\/fr\/articles-religieux\/quest-ce-que-sont-les-manuscrits-enlumines\/\" target=\"_self\"><\/a>\r\n\t\t\t<div class=\"wprpsp-post-grid-cnt\">\r\n\t\t\t\t<div class=\"wprpsp-post-overlay\">\r\n\t\t\t\t\t<div class=\"wprpsp-post-image-wrap wprpsp-post-image-bg\" style=\"\">\r\n\t\t\t\t\t\t\t\t\t\t\t\t\t<img decoding=\"async\" src=\"https:\/\/blog.holyart.it\/fr\/wp-content\/uploads\/sites\/14\/2026\/02\/Quest-ce-que-sont-les-manuscrits-enlumines.jpeg\" alt=\"Qu\u2019est-ce que sont les manuscrits enlumin\u00e9s ?\" class=\"wprpsp-post-img\" \/>\r\n\t\t\t\t\t\t\t\t\t\t\t<\/div>\r\n\t\t\t\t\t<div class=\"wprpsp-post-short-cnt\">\r\n\t\t\t\t\t\t\t\t\t\t\t\t\t<div class=\"wprpsp-post-cats-wrap\"><ul class=\"post-categories wprpsp-post-categories\"><li><a href=\"https:\/\/blog.holyart.it\/fr\/articles-religieux\/\" rel=\"category\"> Religion <\/a><\/li><\/ul><\/div>\r\n\t\t\t\t\t\t\t\t\t\t\t\t<div class=\"wprpsp-bottom-content\">\r\n\t\t\t\t\t\t\t\t\t\t\t\t\t\t\t<h2 class=\"wprpsp-post-title\">\r\n\t\t\t\t\t\t\t\t\t<a href=\"https:\/\/blog.holyart.it\/fr\/articles-religieux\/quest-ce-que-sont-les-manuscrits-enlumines\/\" target=\"_self\">Qu\u2019est-ce que sont les manuscrits enlumin\u00e9s ?<\/a>\r\n\t\t\t\t\t\t\t\t<\/h2>\r\n\t\t\t\t\t\t\t\t\t\t\t\t\t\t\t<div class=\"wprpsp-post-date\">\r\n\t\t\t\t\t\t\t\t\t\t\t\t\t\t\t\t\t\t\t\t\t\t\t\t\t\t\t11 f\u00e9vrier 2026\t\t\t\t\t\t\t\t<\/div>\r\n\t\t\t\t\t\t\t\t\t\t\t\t\t<\/div>\r\n\t\t\t\t\t<\/div>\r\n\t\t\t\t<\/div>\r\n\t\t\t<\/div>\r\n\t\t<\/div>\r\n\r\n\t\t<div class=\"wprpsp-post-slides wprpsp-clr-6 wprpsp-medium-4 wprpsp-columns\">\r\n\t\t\t<a class=\"wprpsp-link-overlay wprpsp-post-link\" href=\"https:\/\/blog.holyart.it\/fr\/saints-et-bienheureux\/5-saints-qui-ont-souffert-par-amour\/\" target=\"_self\"><\/a>\r\n\t\t\t<div class=\"wprpsp-post-grid-cnt\">\r\n\t\t\t\t<div class=\"wprpsp-post-overlay\">\r\n\t\t\t\t\t<div class=\"wprpsp-post-image-wrap wprpsp-post-image-bg\" style=\"\">\r\n\t\t\t\t\t\t\t\t\t\t\t\t\t<img decoding=\"async\" src=\"https:\/\/blog.holyart.it\/fr\/wp-content\/uploads\/sites\/14\/2026\/02\/5-saints-qui-ont-souffert-par-amour.jpg\" alt=\"5 saints qui ont souffert par amour\" class=\"wprpsp-post-img\" \/>\r\n\t\t\t\t\t\t\t\t\t\t\t<\/div>\r\n\t\t\t\t\t<div class=\"wprpsp-post-short-cnt\">\r\n\t\t\t\t\t\t\t\t\t\t\t\t\t<div class=\"wprpsp-post-cats-wrap\"><ul class=\"post-categories wprpsp-post-categories\"><li><a href=\"https:\/\/blog.holyart.it\/fr\/saints-et-bienheureux\/\" rel=\"category\"> Saints et Bienheureux <\/a><\/li><\/ul><\/div>\r\n\t\t\t\t\t\t\t\t\t\t\t\t<div class=\"wprpsp-bottom-content\">\r\n\t\t\t\t\t\t\t\t\t\t\t\t\t\t\t<h2 class=\"wprpsp-post-title\">\r\n\t\t\t\t\t\t\t\t\t<a href=\"https:\/\/blog.holyart.it\/fr\/saints-et-bienheureux\/5-saints-qui-ont-souffert-par-amour\/\" target=\"_self\">5 saints qui ont souffert par amour<\/a>\r\n\t\t\t\t\t\t\t\t<\/h2>\r\n\t\t\t\t\t\t\t\t\t\t\t\t\t\t\t<div class=\"wprpsp-post-date\">\r\n\t\t\t\t\t\t\t\t\t\t\t\t\t\t\t\t\t\t\t\t\t\t\t\t\t\t\t9 f\u00e9vrier 2026\t\t\t\t\t\t\t\t<\/div>\r\n\t\t\t\t\t\t\t\t\t\t\t\t\t<\/div>\r\n\t\t\t\t\t<\/div>\r\n\t\t\t\t<\/div>\r\n\t\t\t<\/div>\r\n\t\t<\/div>\r\n<\/div>\r\n\t\n<\/div>\n\t<div class=\"wprpsp-slider-conf\" data-conf=\"{&quot;dots&quot;:&quot;true&quot;,&quot;arrows&quot;:&quot;true&quot;,&quot;fade&quot;:&quot;false&quot;,&quot;autoplay&quot;:&quot;false&quot;,&quot;autoplay_interval&quot;:3000,&quot;speed&quot;:600,&quot;design&quot;:&quot;design-6&quot;,&quot;rtl&quot;:&quot;false&quot;,&quot;infinite&quot;:&quot;true&quot;}\"><\/div>\n<\/div>\n<div id=\"homepage-body\"><center><a href=\"https:\/\/www.holyart.fr?utm_source=blog\"><img decoding=\"async\" class=\"banner-homepage\" style=\"margin-top: 45px;\" src=\"https:\/\/blog.holyart.it\/fr\/wp-content\/uploads\/sites\/14\/2019\/10\/banner10-fr.png\" alt=\"Coupon Holyart.fr\" \/><\/a><\/center><center><a href=\"https:\/\/www.holyart.fr?utm_source=blog\"><img decoding=\"async\" class=\"banner-homepage-mobile\" style=\"margin-top: 45px;\" src=\"https:\/\/blog.holyart.it\/fr\/wp-content\/uploads\/sites\/14\/2020\/01\/banner10-fr-mobile.png\" alt=\"Coupon Holyart.fr\" \/><\/a><\/center><\/p>\n<h2>Religion<\/h2>\n<hr \/>\n\r\n<div class=\"wpspw-gridbox-main wpspw-design-1 wpspw-image-fit wpspw-clearfix \">\r\n\t\r\n\t<div class=\"wpspw-medium-6 wpspw-columns wpspw-left-block\">\r\n\t\t\t\t\t<div class=\"wpspw-post-image-bg\" style=\"\">\r\n\t\t\t\t<a href=\"https:\/\/blog.holyart.it\/fr\/articles-religieux\/quelle-est-la-difference-entre-atheisme-et-agnosticisme\/\" target=\"_self\">\r\n\t\t\t\t\t<img decoding=\"async\" src=\"https:\/\/blog.holyart.it\/fr\/wp-content\/uploads\/sites\/14\/2026\/04\/difference-entre-atheisme-et-agnosticisme.jpg\" alt=\"Quelle est la diff\u00e9rence entre ath\u00e9isme et agnosticisme ?\" \/>\r\n\t\t\t\t<\/a>\r\n\t\t\t<\/div>\r\n\t\t\t\t\t\t\t<h2 class=\"wpspw-post-title\">\r\n\t\t\t\t<a href=\"https:\/\/blog.holyart.it\/fr\/articles-religieux\/quelle-est-la-difference-entre-atheisme-et-agnosticisme\/\" target=\"_self\">Quelle est la diff\u00e9rence entre ath\u00e9isme et agnosticisme ?<\/a>\r\n\t\t\t<\/h2>\r\n\t\t\t\t\t<div class=\"wpspw-post-date\">\r\n\t\t\t\t\t\t\t\t\t\t\t\t\t\t\t\t\t<span class=\"wpspw-time\"> <img decoding=\"async\" src=\"https:\/\/blog.holyart.it\/fr\/wp-content\/plugins\/blog-designer-for-post-and-widget-pro\/assets\/images\/calendar.svg\" alt=\"\" \/> 27 avril 2026 <\/span>\r\n\t\t\t\t\t\t\t\t\t\t\t\t\t\t\t<\/div>\r\n\t\t\t\t\t\t\t<div class=\"wpspw-post-content\">\r\n\t\t\t\t\t\t\t\t\t<div class=\"wpspw-post-short-content\">La diff\u00e9rence entre un ath\u00e9e et un agnostique se base...<\/div>\r\n\t\t\t\t\t\t\t\t\t\t\t<a href=\"https:\/\/blog.holyart.it\/fr\/articles-religieux\/quelle-est-la-difference-entre-atheisme-et-agnosticisme\/\" target=\"_self\" class=\"readmorebtn\">Lire la suite<\/a>\r\n\t\t\t\t\t\t\t\t\t\t\t\t<\/div>\r\n\t\t\t<\/div>\r\n\r\n\r\n\t<div class=\"wpspw-medium-6 wpspw-columns flotRight\">\r\n\t\t<div class=\"wpspw-post-right-block wpspw-medium-12 wpspw-columns\">\r\n\t\t\t\t\t\t\t<div class=\"wpspw-s-medium-3 wpspw-columns\">\r\n\t\t\t\t\t<div class=\"wpspw-post-image-bg\">\r\n\t\t\t\t\t\t<a href=\"https:\/\/blog.holyart.it\/fr\/articles-religieux\/confession-et-secret-le-role-du-sceau-sacramentel\/\" target=\"_self\">\r\n\t\t\t\t\t\t\t<img decoding=\"async\" src=\"https:\/\/blog.holyart.it\/fr\/wp-content\/uploads\/sites\/14\/2026\/04\/Secret-Confessionnel-300x200.jpg\" alt=\"Confession et secret : le r\u00f4le du Sceau Sacramentel\" \/>\r\n\t\t\t\t\t\t<\/a>\r\n\t\t\t\t\t<\/div>\r\n\t\t\t\t<\/div>\r\n\t\t\t\t\t\t<div class=\"wpspw-s-medium-9 wpspw-columns \">\r\n\t\t\t\t\t\t\t\t\t<h3 class=\"wpspw-post-title\">\r\n\t\t\t\t\t\t<a href=\"https:\/\/blog.holyart.it\/fr\/articles-religieux\/confession-et-secret-le-role-du-sceau-sacramentel\/\" target=\"_self\">Confession et secret : le r\u00f4le du Sceau Sacramentel<\/a>\r\n\t\t\t\t\t<\/h3>\r\n\t\t\t\t\t\t\t\t\t<div class=\"wpspw-post-date\">\r\n\t\t\t\t\t\t\t\t\t\t\t\t\t\t\t\t\t\t\t\t\t\t\t\t\t<span class=\"wpspw-time\"> <img decoding=\"async\" src=\"https:\/\/blog.holyart.it\/fr\/wp-content\/plugins\/blog-designer-for-post-and-widget-pro\/assets\/images\/calendar.svg\" alt=\"\" \/> 20 avril 2026 <\/span>\r\n\t\t\t\t\t\t\t\t\t\t\t\t\t\t\t\t\t\t\t\t\t\t\t<\/div>\r\n\t\t\t\t\t\t\t\t\t\t\t\t\t<div class=\"wpspw-post-content\">\r\n\t\t\t\t\t\t\t\t\t\t\t\t\t<div class=\"wpspw-post-short-content\">Les pr\u00eatres qui recueillent les confessions des fid\u00e8les sont tenus...<\/div>\r\n\t\t\t\t\t\t\t\t\t\t\t\t\t\t\t<a href=\"https:\/\/blog.holyart.it\/fr\/articles-religieux\/confession-et-secret-le-role-du-sceau-sacramentel\/\" target=\"_self\" class=\"readmorebtn\">Lire la suite<\/a>\r\n\t\t\t\t\t\t\t\t\t\t\t\t\t\t\t\t\t\t<\/div>\r\n\t\t\t\t\t\t\t<\/div>\r\n\t\t<\/div>\r\n\t<\/div>\r\n\r\n\t<div class=\"wpspw-medium-6 wpspw-columns flotRight\">\r\n\t\t<div class=\"wpspw-post-right-block wpspw-medium-12 wpspw-columns\">\r\n\t\t\t\t\t\t\t<div class=\"wpspw-s-medium-3 wpspw-columns\">\r\n\t\t\t\t\t<div class=\"wpspw-post-image-bg\">\r\n\t\t\t\t\t\t<a href=\"https:\/\/blog.holyart.it\/fr\/articles-religieux\/saint-marc-evangeliste-le-disciple-des-saints-pierre-et-paul\/\" target=\"_self\">\r\n\t\t\t\t\t\t\t<img decoding=\"async\" src=\"https:\/\/blog.holyart.it\/fr\/wp-content\/uploads\/sites\/14\/2026\/04\/Saint-Marc-Evangeliste-300x200.jpg\" alt=\"Saint Marc \u00c9vang\u00e9liste : le disciple des saints Pierre et Paul\" \/>\r\n\t\t\t\t\t\t<\/a>\r\n\t\t\t\t\t<\/div>\r\n\t\t\t\t<\/div>\r\n\t\t\t\t\t\t<div class=\"wpspw-s-medium-9 wpspw-columns \">\r\n\t\t\t\t\t\t\t\t\t<h3 class=\"wpspw-post-title\">\r\n\t\t\t\t\t\t<a href=\"https:\/\/blog.holyart.it\/fr\/articles-religieux\/saint-marc-evangeliste-le-disciple-des-saints-pierre-et-paul\/\" target=\"_self\">Saint Marc \u00c9vang\u00e9liste : le disciple des saints Pierre et Paul<\/a>\r\n\t\t\t\t\t<\/h3>\r\n\t\t\t\t\t\t\t\t\t<div class=\"wpspw-post-date\">\r\n\t\t\t\t\t\t\t\t\t\t\t\t\t\t\t\t\t\t\t\t\t\t\t\t\t<span class=\"wpspw-time\"> <img decoding=\"async\" src=\"https:\/\/blog.holyart.it\/fr\/wp-content\/plugins\/blog-designer-for-post-and-widget-pro\/assets\/images\/calendar.svg\" alt=\"\" \/> 15 avril 2026 <\/span>\r\n\t\t\t\t\t\t\t\t\t\t\t\t\t\t\t\t\t\t\t\t\t\t\t<\/div>\r\n\t\t\t\t\t\t\t\t\t\t\t\t\t<div class=\"wpspw-post-content\">\r\n\t\t\t\t\t\t\t\t\t\t\t\t\t<div class=\"wpspw-post-short-content\">Saint Marc \u00c9vang\u00e9liste, saint patron de Venise, fut missionnaire avec...<\/div>\r\n\t\t\t\t\t\t\t\t\t\t\t\t\t\t\t<a href=\"https:\/\/blog.holyart.it\/fr\/articles-religieux\/saint-marc-evangeliste-le-disciple-des-saints-pierre-et-paul\/\" target=\"_self\" class=\"readmorebtn\">Lire la suite<\/a>\r\n\t\t\t\t\t\t\t\t\t\t\t\t\t\t\t\t\t\t<\/div>\r\n\t\t\t\t\t\t\t<\/div>\r\n\t\t<\/div>\r\n\t<\/div>\r\n\r\n\t<div class=\"wpspw-medium-6 wpspw-columns flotRight\">\r\n\t\t<div class=\"wpspw-post-right-block wpspw-medium-12 wpspw-columns\">\r\n\t\t\t\t\t\t\t<div class=\"wpspw-s-medium-3 wpspw-columns\">\r\n\t\t\t\t\t<div class=\"wpspw-post-image-bg\">\r\n\t\t\t\t\t\t<a href=\"https:\/\/blog.holyart.it\/fr\/articles-religieux\/eglises-deconsacrees-pourquoi-et-comment-perdent-elles-leur-sacralite\/\" target=\"_self\">\r\n\t\t\t\t\t\t\t<img decoding=\"async\" src=\"https:\/\/blog.holyart.it\/fr\/wp-content\/uploads\/sites\/14\/2026\/04\/Eglises-deconsacrees-300x200.jpg\" alt=\"\u00c9glises d\u00e9consacr\u00e9es : pourquoi et comment perdent-elles leur sacralit\u00e9\" \/>\r\n\t\t\t\t\t\t<\/a>\r\n\t\t\t\t\t<\/div>\r\n\t\t\t\t<\/div>\r\n\t\t\t\t\t\t<div class=\"wpspw-s-medium-9 wpspw-columns \">\r\n\t\t\t\t\t\t\t\t\t<h3 class=\"wpspw-post-title\">\r\n\t\t\t\t\t\t<a href=\"https:\/\/blog.holyart.it\/fr\/articles-religieux\/eglises-deconsacrees-pourquoi-et-comment-perdent-elles-leur-sacralite\/\" target=\"_self\">\u00c9glises d\u00e9consacr\u00e9es : pourquoi et comment perdent-elles leur sacralit\u00e9<\/a>\r\n\t\t\t\t\t<\/h3>\r\n\t\t\t\t\t\t\t\t\t<div class=\"wpspw-post-date\">\r\n\t\t\t\t\t\t\t\t\t\t\t\t\t\t\t\t\t\t\t\t\t\t\t\t\t<span class=\"wpspw-time\"> <img decoding=\"async\" src=\"https:\/\/blog.holyart.it\/fr\/wp-content\/plugins\/blog-designer-for-post-and-widget-pro\/assets\/images\/calendar.svg\" alt=\"\" \/> 8 avril 2026 <\/span>\r\n\t\t\t\t\t\t\t\t\t\t\t\t\t\t\t\t\t\t\t\t\t\t\t<\/div>\r\n\t\t\t\t\t\t\t\t\t\t\t\t\t<div class=\"wpspw-post-content\">\r\n\t\t\t\t\t\t\t\t\t\t\t\t\t<div class=\"wpspw-post-short-content\">Abandonn\u00e9es et laiss\u00e9es en ruine, converties pour des raisons historiques...<\/div>\r\n\t\t\t\t\t\t\t\t\t\t\t\t\t\t\t<a href=\"https:\/\/blog.holyart.it\/fr\/articles-religieux\/eglises-deconsacrees-pourquoi-et-comment-perdent-elles-leur-sacralite\/\" target=\"_self\" class=\"readmorebtn\">Lire la suite<\/a>\r\n\t\t\t\t\t\t\t\t\t\t\t\t\t\t\t\t\t\t<\/div>\r\n\t\t\t\t\t\t\t<\/div>\r\n\t\t<\/div>\r\n\t<\/div>\r\n\r\n<\/div>\r\n\r\n\n<p><center><a href=\"https:\/\/www.holyart.fr\/articles-religieux?utm_source=blog\"><img decoding=\"async\" class=\"banner-homepage\" src=\"https:\/\/blog.holyart.it\/fr\/wp-content\/uploads\/sites\/14\/2019\/10\/Banner-Holyart-ARTICLES-RELIGIEUX.png\" alt=\"Holyart.fr - Articles Religieux\" \/><\/a><\/center><center><a href=\"https:\/\/www.holyart.fr\/articles-religieux?utm_source=blog\"><img decoding=\"async\" class=\"banner-homepage-mobile\" src=\"https:\/\/blog.holyart.it\/fr\/wp-content\/uploads\/sites\/14\/2020\/01\/Banner-Holyart-ARTICLES-RELIGIEUX-mobile.png\" alt=\"Holyart.fr - Articles Religieux\" \/><\/a><\/center><\/p>\n<h2>Liturgie<\/h2>\n<hr \/>\n\r\n<div class=\"wpspw-gridbox-main wpspw-design-1 wpspw-image-fit wpspw-clearfix \">\r\n\t\r\n\t<div class=\"wpspw-medium-6 wpspw-columns wpspw-left-block\">\r\n\t\t\t\t\t<div class=\"wpspw-post-image-bg\" style=\"\">\r\n\t\t\t\t<a href=\"https:\/\/blog.holyart.it\/fr\/accessoires-pour-la-liturgie\/chemise-sans-repassage-la-voici-pour-les-pretes-aussi\/\" target=\"_self\">\r\n\t\t\t\t\t<img decoding=\"async\" src=\"https:\/\/blog.holyart.it\/fr\/wp-content\/uploads\/sites\/14\/2025\/06\/Holyart_Blog_Cococler_fr.jpg\" alt=\"Chemise sans repassage : la voici pour les pr\u00eates aussi\" \/>\r\n\t\t\t\t<\/a>\r\n\t\t\t<\/div>\r\n\t\t\t\t\t\t\t<h2 class=\"wpspw-post-title\">\r\n\t\t\t\t<a href=\"https:\/\/blog.holyart.it\/fr\/accessoires-pour-la-liturgie\/chemise-sans-repassage-la-voici-pour-les-pretes-aussi\/\" target=\"_self\">Chemise sans repassage : la voici pour les pr\u00eates aussi<\/a>\r\n\t\t\t<\/h2>\r\n\t\t\t\t\t<div class=\"wpspw-post-date\">\r\n\t\t\t\t\t\t\t\t\t\t\t\t\t\t\t\t\t<span class=\"wpspw-time\"> <img decoding=\"async\" src=\"https:\/\/blog.holyart.it\/fr\/wp-content\/plugins\/blog-designer-for-post-and-widget-pro\/assets\/images\/calendar.svg\" alt=\"\" \/> 30 juillet 2025 <\/span>\r\n\t\t\t\t\t\t\t\t\t\t\t\t\t\t\t<\/div>\r\n\t\t\t\t\t\t\t<div class=\"wpspw-post-content\">\r\n\t\t\t\t\t\t\t\t\t<div class=\"wpspw-post-short-content\">Chemises sans repassage ou repassage facile pour les pr\u00eatres. La...<\/div>\r\n\t\t\t\t\t\t\t\t\t\t\t<a href=\"https:\/\/blog.holyart.it\/fr\/accessoires-pour-la-liturgie\/chemise-sans-repassage-la-voici-pour-les-pretes-aussi\/\" target=\"_self\" class=\"readmorebtn\">Lire la suite<\/a>\r\n\t\t\t\t\t\t\t\t\t\t\t\t<\/div>\r\n\t\t\t<\/div>\r\n\r\n\r\n\t<div class=\"wpspw-medium-6 wpspw-columns flotRight\">\r\n\t\t<div class=\"wpspw-post-right-block wpspw-medium-12 wpspw-columns\">\r\n\t\t\t\t\t\t\t<div class=\"wpspw-s-medium-3 wpspw-columns\">\r\n\t\t\t\t\t<div class=\"wpspw-post-image-bg\">\r\n\t\t\t\t\t\t<a href=\"https:\/\/blog.holyart.it\/fr\/accessoires-pour-la-liturgie\/calices-ciboires-et-patenes-comment-nettoyer-les-accessoires-liturgiques\/\" target=\"_self\">\r\n\t\t\t\t\t\t\t<img decoding=\"async\" src=\"https:\/\/blog.holyart.it\/fr\/wp-content\/uploads\/sites\/14\/2024\/07\/Calices-et-ciboires-300x200.jpeg\" alt=\"Calices, ciboires et pat\u00e8nes: comment nettoyer les accessoires liturgiques\" \/>\r\n\t\t\t\t\t\t<\/a>\r\n\t\t\t\t\t<\/div>\r\n\t\t\t\t<\/div>\r\n\t\t\t\t\t\t<div class=\"wpspw-s-medium-9 wpspw-columns \">\r\n\t\t\t\t\t\t\t\t\t<h3 class=\"wpspw-post-title\">\r\n\t\t\t\t\t\t<a href=\"https:\/\/blog.holyart.it\/fr\/accessoires-pour-la-liturgie\/calices-ciboires-et-patenes-comment-nettoyer-les-accessoires-liturgiques\/\" target=\"_self\">Calices, ciboires et pat\u00e8nes: comment nettoyer les accessoires liturgiques<\/a>\r\n\t\t\t\t\t<\/h3>\r\n\t\t\t\t\t\t\t\t\t<div class=\"wpspw-post-date\">\r\n\t\t\t\t\t\t\t\t\t\t\t\t\t\t\t\t\t\t\t\t\t\t\t\t\t<span class=\"wpspw-time\"> <img decoding=\"async\" src=\"https:\/\/blog.holyart.it\/fr\/wp-content\/plugins\/blog-designer-for-post-and-widget-pro\/assets\/images\/calendar.svg\" alt=\"\" \/> 22 juillet 2024 <\/span>\r\n\t\t\t\t\t\t\t\t\t\t\t\t\t\t\t\t\t\t\t\t\t\t\t<\/div>\r\n\t\t\t\t\t\t\t\t\t\t\t\t\t<div class=\"wpspw-post-content\">\r\n\t\t\t\t\t\t\t\t\t\t\t\t\t<div class=\"wpspw-post-short-content\">Les accessoires liturgiques sont une partie fondamentale de la c\u00e9l\u00e9bration...<\/div>\r\n\t\t\t\t\t\t\t\t\t\t\t\t\t\t\t<a href=\"https:\/\/blog.holyart.it\/fr\/accessoires-pour-la-liturgie\/calices-ciboires-et-patenes-comment-nettoyer-les-accessoires-liturgiques\/\" target=\"_self\" class=\"readmorebtn\">Lire la suite<\/a>\r\n\t\t\t\t\t\t\t\t\t\t\t\t\t\t\t\t\t\t<\/div>\r\n\t\t\t\t\t\t\t<\/div>\r\n\t\t<\/div>\r\n\t<\/div>\r\n\r\n\t<div class=\"wpspw-medium-6 wpspw-columns flotRight\">\r\n\t\t<div class=\"wpspw-post-right-block wpspw-medium-12 wpspw-columns\">\r\n\t\t\t\t\t\t\t<div class=\"wpspw-s-medium-3 wpspw-columns\">\r\n\t\t\t\t\t<div class=\"wpspw-post-image-bg\">\r\n\t\t\t\t\t\t<a href=\"https:\/\/blog.holyart.it\/fr\/articles-religieux\/eau-benite-un-renouvellement-sans-fin-du-bapteme\/\" target=\"_self\">\r\n\t\t\t\t\t\t\t<img decoding=\"async\" src=\"https:\/\/blog.holyart.it\/fr\/wp-content\/uploads\/sites\/14\/2023\/02\/Eau-benite-300x200.jpg\" alt=\"Eau b\u00e9nite : un renouvellement sans fin du Bapt\u00eame\" \/>\r\n\t\t\t\t\t\t<\/a>\r\n\t\t\t\t\t<\/div>\r\n\t\t\t\t<\/div>\r\n\t\t\t\t\t\t<div class=\"wpspw-s-medium-9 wpspw-columns \">\r\n\t\t\t\t\t\t\t\t\t<h3 class=\"wpspw-post-title\">\r\n\t\t\t\t\t\t<a href=\"https:\/\/blog.holyart.it\/fr\/articles-religieux\/eau-benite-un-renouvellement-sans-fin-du-bapteme\/\" target=\"_self\">Eau b\u00e9nite : un renouvellement sans fin du Bapt\u00eame<\/a>\r\n\t\t\t\t\t<\/h3>\r\n\t\t\t\t\t\t\t\t\t<div class=\"wpspw-post-date\">\r\n\t\t\t\t\t\t\t\t\t\t\t\t\t\t\t\t\t\t\t\t\t\t\t\t\t<span class=\"wpspw-time\"> <img decoding=\"async\" src=\"https:\/\/blog.holyart.it\/fr\/wp-content\/plugins\/blog-designer-for-post-and-widget-pro\/assets\/images\/calendar.svg\" alt=\"\" \/> 15 mars 2023 <\/span>\r\n\t\t\t\t\t\t\t\t\t\t\t\t\t\t\t\t\t\t\t\t\t\t\t<\/div>\r\n\t\t\t\t\t\t\t\t\t\t\t\t\t<div class=\"wpspw-post-content\">\r\n\t\t\t\t\t\t\t\t\t\t\t\t\t<div class=\"wpspw-post-short-content\">\u00c0 chaque fois que nous sommes asperg\u00e9s d\u2019eau b\u00e9nite, que...<\/div>\r\n\t\t\t\t\t\t\t\t\t\t\t\t\t\t\t<a href=\"https:\/\/blog.holyart.it\/fr\/articles-religieux\/eau-benite-un-renouvellement-sans-fin-du-bapteme\/\" target=\"_self\" class=\"readmorebtn\">Lire la suite<\/a>\r\n\t\t\t\t\t\t\t\t\t\t\t\t\t\t\t\t\t\t<\/div>\r\n\t\t\t\t\t\t\t<\/div>\r\n\t\t<\/div>\r\n\t<\/div>\r\n\r\n\t<div class=\"wpspw-medium-6 wpspw-columns flotRight\">\r\n\t\t<div class=\"wpspw-post-right-block wpspw-medium-12 wpspw-columns\">\r\n\t\t\t\t\t\t\t<div class=\"wpspw-s-medium-3 wpspw-columns\">\r\n\t\t\t\t\t<div class=\"wpspw-post-image-bg\">\r\n\t\t\t\t\t\t<a href=\"https:\/\/blog.holyart.it\/fr\/accessoires-pour-la-liturgie\/journee-missionnaire-mondiale-donner-soi-meme-aux-autres\/\" target=\"_self\">\r\n\t\t\t\t\t\t\t<img decoding=\"async\" src=\"https:\/\/blog.holyart.it\/fr\/wp-content\/uploads\/sites\/14\/2022\/10\/Journ\u00e9e-missionnaire-mondiale-300x200.jpg\" alt=\"Journ\u00e9e missionnaire mondiale : donner soi-m\u00eame aux autres\" \/>\r\n\t\t\t\t\t\t<\/a>\r\n\t\t\t\t\t<\/div>\r\n\t\t\t\t<\/div>\r\n\t\t\t\t\t\t<div class=\"wpspw-s-medium-9 wpspw-columns \">\r\n\t\t\t\t\t\t\t\t\t<h3 class=\"wpspw-post-title\">\r\n\t\t\t\t\t\t<a href=\"https:\/\/blog.holyart.it\/fr\/accessoires-pour-la-liturgie\/journee-missionnaire-mondiale-donner-soi-meme-aux-autres\/\" target=\"_self\">Journ\u00e9e missionnaire mondiale : donner soi-m\u00eame aux autres<\/a>\r\n\t\t\t\t\t<\/h3>\r\n\t\t\t\t\t\t\t\t\t<div class=\"wpspw-post-date\">\r\n\t\t\t\t\t\t\t\t\t\t\t\t\t\t\t\t\t\t\t\t\t\t\t\t\t<span class=\"wpspw-time\"> <img decoding=\"async\" src=\"https:\/\/blog.holyart.it\/fr\/wp-content\/plugins\/blog-designer-for-post-and-widget-pro\/assets\/images\/calendar.svg\" alt=\"\" \/> 19 octobre 2022 <\/span>\r\n\t\t\t\t\t\t\t\t\t\t\t\t\t\t\t\t\t\t\t\t\t\t\t<\/div>\r\n\t\t\t\t\t\t\t\t\t\t\t\t\t<div class=\"wpspw-post-content\">\r\n\t\t\t\t\t\t\t\t\t\t\t\t\t<div class=\"wpspw-post-short-content\">Le 24 octobre on c\u00e9l\u00e8bre la Journ\u00e9e Missionnaire Mondiale, ce...<\/div>\r\n\t\t\t\t\t\t\t\t\t\t\t\t\t\t\t<a href=\"https:\/\/blog.holyart.it\/fr\/accessoires-pour-la-liturgie\/journee-missionnaire-mondiale-donner-soi-meme-aux-autres\/\" target=\"_self\" class=\"readmorebtn\">Lire la suite<\/a>\r\n\t\t\t\t\t\t\t\t\t\t\t\t\t\t\t\t\t\t<\/div>\r\n\t\t\t\t\t\t\t<\/div>\r\n\t\t<\/div>\r\n\t<\/div>\r\n\r\n<\/div>\r\n\r\n\n<p><center><a href=\"https:\/\/www.holyart.fr\/accessoires-pour-la-liturgie?utm_source=blog\"><img decoding=\"async\" class=\"banner-homepage\" src=\"https:\/\/blog.holyart.it\/fr\/wp-content\/uploads\/sites\/14\/2019\/10\/Banner-Holyart-LITURGIE.png\" alt=\"Accessoires pour la liturgie - Holyart.FR\" \/><\/a><\/center><center><a href=\"https:\/\/www.holyart.fr\/accessoires-pour-la-liturgie?utm_source=blog\"><img decoding=\"async\" class=\"banner-homepage-mobile\" src=\"https:\/\/blog.holyart.it\/fr\/wp-content\/uploads\/sites\/14\/2020\/01\/Banner-Holyart-LITURGIE-mobile.png\" alt=\"Accessoires pour la liturgie - Holyart.FR\" \/><\/a><\/center><\/p>\n<h2>Saints et Bienheureux<\/h2>\n<hr \/>\n\r\n<div class=\"wpspw-post-grid-main wpspw-design-4 wpspw-image-fit wpspw-grid-4 wpspw-clearfix \">\r\n\t\r\n<div class=\"wpspw-post-grid  wpspw-medium-3 wpspw-columns  wpspw-first\">\r\n\t<div class=\"wpspw-post-grid-content \">\r\n\t\t\t\t\t<div class=\"wpspw-post-image-bg\" style=\"\">\r\n\t\t\t\t<a href=\"https:\/\/blog.holyart.it\/fr\/saints-et-bienheureux\/saints-incorruptibles-miracle-de-la-foi-ou-enigme-scientifique\/\" target=\"_self\">\r\n\t\t\t\t\t<img decoding=\"async\" src=\"https:\/\/blog.holyart.it\/fr\/wp-content\/uploads\/sites\/14\/2026\/04\/saints-incorruptibles.jpg\" alt=\"Saints Incorruptibles : miracle de la foi ou \u00e9nigme scientifique ?\" \/>\r\n\t\t\t\t<\/a>\r\n\t\t\t<\/div>\r\n\t\t\t\t<div class=\"wpspw-post-content-bacground\">\r\n\t\t\t\t\t\t\t<h2 class=\"wpspw-post-title\">\r\n\t\t\t\t\t<a href=\"https:\/\/blog.holyart.it\/fr\/saints-et-bienheureux\/saints-incorruptibles-miracle-de-la-foi-ou-enigme-scientifique\/\" target=\"_self\">Saints Incorruptibles : miracle de la foi ou \u00e9nigme scientifique ?<\/a>\r\n\t\t\t\t<\/h2>\r\n\t\t\t\t\t\t\t<div class=\"wpspw-post-date\">\r\n\t\t\t\t\t\t\t\t\t\t\t\t\t\t\t\t\t\t\t\t\t<span class=\"wpspw-time\"> <img decoding=\"async\" src=\"https:\/\/blog.holyart.it\/fr\/wp-content\/plugins\/blog-designer-for-post-and-widget-pro\/assets\/images\/calendar.svg\" alt=\"\" \/> 22 avril 2026 <\/span>\r\n\t\t\t\t\t\t\t\t\t\t\t\t\t\t\t\t\t\t\t<\/div>\r\n\t\t\t\t\t\t\t<div class=\"wpspw-post-content\">\r\n\t\t\t\t\t\t\t\t\t\t\t<div class=\"wpspw-post-short-content\">Le ph\u00e9nom\u00e8ne des saints incorruptibles alimente depuis des si\u00e8cles la d\u00e9votion populaire. Entre foi, superstition et science, les corps de...<\/div>\r\n\t\t\t\t\t\t\t\t\t\t\t\t\t<a href=\"https:\/\/blog.holyart.it\/fr\/saints-et-bienheureux\/saints-incorruptibles-miracle-de-la-foi-ou-enigme-scientifique\/\" target=\"_self\" class=\"readmorebtn\">Lire la suite<\/a>\r\n\t\t\t\t\t\t\t\t\t\t\t\t\t\t\t<\/div>\r\n\t\t\t\t\t<\/div>\r\n\t<\/div>\r\n<\/div>\r\n<div class=\"wpspw-post-grid  wpspw-medium-3 wpspw-columns \">\r\n\t<div class=\"wpspw-post-grid-content \">\r\n\t\t\t\t\t<div class=\"wpspw-post-image-bg\" style=\"\">\r\n\t\t\t\t<a href=\"https:\/\/blog.holyart.it\/fr\/saints-et-bienheureux\/sainte-kateri-tekakwitha-le-lys-des-mohawks-et-son-extraordinaire-temoignage-de-foi\/\" target=\"_self\">\r\n\t\t\t\t\t<img decoding=\"async\" src=\"https:\/\/blog.holyart.it\/fr\/wp-content\/uploads\/sites\/14\/2026\/04\/Sainte-Kateri-Tekakwitha.jpg\" alt=\"Sainte Kateri Tekakwitha : le lys des Mohawks et son extraordinaire t\u00e9moignage de foi\" \/>\r\n\t\t\t\t<\/a>\r\n\t\t\t<\/div>\r\n\t\t\t\t<div class=\"wpspw-post-content-bacground\">\r\n\t\t\t\t\t\t\t<h2 class=\"wpspw-post-title\">\r\n\t\t\t\t\t<a href=\"https:\/\/blog.holyart.it\/fr\/saints-et-bienheureux\/sainte-kateri-tekakwitha-le-lys-des-mohawks-et-son-extraordinaire-temoignage-de-foi\/\" target=\"_self\">Sainte Kateri Tekakwitha : le lys des Mohawks et son extraordinaire t\u00e9moignage de foi<\/a>\r\n\t\t\t\t<\/h2>\r\n\t\t\t\t\t\t\t<div class=\"wpspw-post-date\">\r\n\t\t\t\t\t\t\t\t\t\t\t\t\t\t\t\t\t\t\t\t\t<span class=\"wpspw-time\"> <img decoding=\"async\" src=\"https:\/\/blog.holyart.it\/fr\/wp-content\/plugins\/blog-designer-for-post-and-widget-pro\/assets\/images\/calendar.svg\" alt=\"\" \/> 13 avril 2026 <\/span>\r\n\t\t\t\t\t\t\t\t\t\t\t\t\t\t\t\t\t\t\t<\/div>\r\n\t\t\t\t\t\t\t<div class=\"wpspw-post-content\">\r\n\t\t\t\t\t\t\t\t\t\t\t<div class=\"wpspw-post-short-content\">Sainte Kateri Tekakwitha, premi\u00e8re sainte native am\u00e9ricaine. Son mod\u00e8le de patience et de foi est le symbole d\u2019une saintet\u00e9 auquel...<\/div>\r\n\t\t\t\t\t\t\t\t\t\t\t\t\t<a href=\"https:\/\/blog.holyart.it\/fr\/saints-et-bienheureux\/sainte-kateri-tekakwitha-le-lys-des-mohawks-et-son-extraordinaire-temoignage-de-foi\/\" target=\"_self\" class=\"readmorebtn\">Lire la suite<\/a>\r\n\t\t\t\t\t\t\t\t\t\t\t\t\t\t\t<\/div>\r\n\t\t\t\t\t<\/div>\r\n\t<\/div>\r\n<\/div>\r\n<div class=\"wpspw-post-grid  wpspw-medium-3 wpspw-columns \">\r\n\t<div class=\"wpspw-post-grid-content \">\r\n\t\t\t\t\t<div class=\"wpspw-post-image-bg\" style=\"\">\r\n\t\t\t\t<a href=\"https:\/\/blog.holyart.it\/fr\/saints-et-bienheureux\/fete-de-saint-francois-le-800e-anniversaire-et-sa-reconnaissance-comme-fete-nationale-en-italie\/\" target=\"_self\">\r\n\t\t\t\t\t<img decoding=\"async\" src=\"https:\/\/blog.holyart.it\/fr\/wp-content\/uploads\/sites\/14\/2026\/03\/Fete-de-Saint-Francois.jpg\" alt=\"F\u00eate de Saint Fran\u00e7ois : le 800e anniversaire et sa reconnaissance comme f\u00eate nationale en Italie\" \/>\r\n\t\t\t\t<\/a>\r\n\t\t\t<\/div>\r\n\t\t\t\t<div class=\"wpspw-post-content-bacground\">\r\n\t\t\t\t\t\t\t<h2 class=\"wpspw-post-title\">\r\n\t\t\t\t\t<a href=\"https:\/\/blog.holyart.it\/fr\/saints-et-bienheureux\/fete-de-saint-francois-le-800e-anniversaire-et-sa-reconnaissance-comme-fete-nationale-en-italie\/\" target=\"_self\">F\u00eate de Saint Fran\u00e7ois : le 800e anniversaire et sa reconnaissance comme f\u00eate nationale en Italie<\/a>\r\n\t\t\t\t<\/h2>\r\n\t\t\t\t\t\t\t<div class=\"wpspw-post-date\">\r\n\t\t\t\t\t\t\t\t\t\t\t\t\t\t\t\t\t\t\t\t\t<span class=\"wpspw-time\"> <img decoding=\"async\" src=\"https:\/\/blog.holyart.it\/fr\/wp-content\/plugins\/blog-designer-for-post-and-widget-pro\/assets\/images\/calendar.svg\" alt=\"\" \/> 16 mars 2026 <\/span>\r\n\t\t\t\t\t\t\t\t\t\t\t\t\t\t\t\t\t\t\t<\/div>\r\n\t\t\t\t\t\t\t<div class=\"wpspw-post-content\">\r\n\t\t\t\t\t\t\t\t\t\t\t<div class=\"wpspw-post-short-content\">En 2026, la f\u00eate de Saint Fran\u00e7ois co\u00efncidera avec le 800e anniversaire du Saint d\u2019Assise. \u00c0 cette occasion, elle sera...<\/div>\r\n\t\t\t\t\t\t\t\t\t\t\t\t\t<a href=\"https:\/\/blog.holyart.it\/fr\/saints-et-bienheureux\/fete-de-saint-francois-le-800e-anniversaire-et-sa-reconnaissance-comme-fete-nationale-en-italie\/\" target=\"_self\" class=\"readmorebtn\">Lire la suite<\/a>\r\n\t\t\t\t\t\t\t\t\t\t\t\t\t\t\t<\/div>\r\n\t\t\t\t\t<\/div>\r\n\t<\/div>\r\n<\/div>\r\n<div class=\"wpspw-post-grid  wpspw-medium-3 wpspw-columns  wpspw-last\">\r\n\t<div class=\"wpspw-post-grid-content \">\r\n\t\t\t\t\t<div class=\"wpspw-post-image-bg\" style=\"\">\r\n\t\t\t\t<a href=\"https:\/\/blog.holyart.it\/fr\/saints-et-bienheureux\/labbaye-de-san-galgano-entre-histoire-et-legende\/\" target=\"_self\">\r\n\t\t\t\t\t<img decoding=\"async\" src=\"https:\/\/blog.holyart.it\/fr\/wp-content\/uploads\/sites\/14\/2026\/03\/LAbbaye-de-San-Galgano.jpg\" alt=\"L\u2019Abbaye de San Galgano : entre histoire et l\u00e9gende\" \/>\r\n\t\t\t\t<\/a>\r\n\t\t\t<\/div>\r\n\t\t\t\t<div class=\"wpspw-post-content-bacground\">\r\n\t\t\t\t\t\t\t<h2 class=\"wpspw-post-title\">\r\n\t\t\t\t\t<a href=\"https:\/\/blog.holyart.it\/fr\/saints-et-bienheureux\/labbaye-de-san-galgano-entre-histoire-et-legende\/\" target=\"_self\">L\u2019Abbaye de San Galgano : entre histoire et l\u00e9gende<\/a>\r\n\t\t\t\t<\/h2>\r\n\t\t\t\t\t\t\t<div class=\"wpspw-post-date\">\r\n\t\t\t\t\t\t\t\t\t\t\t\t\t\t\t\t\t\t\t\t\t<span class=\"wpspw-time\"> <img decoding=\"async\" src=\"https:\/\/blog.holyart.it\/fr\/wp-content\/plugins\/blog-designer-for-post-and-widget-pro\/assets\/images\/calendar.svg\" alt=\"\" \/> 11 mars 2026 <\/span>\r\n\t\t\t\t\t\t\t\t\t\t\t\t\t\t\t\t\t\t\t<\/div>\r\n\t\t\t\t\t\t\t<div class=\"wpspw-post-content\">\r\n\t\t\t\t\t\t\t\t\t\t\t<div class=\"wpspw-post-short-content\">Immerg\u00e9 dans les merveilleuses collines siennoises, se trouve un endroit qui semble sorti d\u2019une l\u00e9gende ancienne : l\u2019Abbaye de San...<\/div>\r\n\t\t\t\t\t\t\t\t\t\t\t\t\t<a href=\"https:\/\/blog.holyart.it\/fr\/saints-et-bienheureux\/labbaye-de-san-galgano-entre-histoire-et-legende\/\" target=\"_self\" class=\"readmorebtn\">Lire la suite<\/a>\r\n\t\t\t\t\t\t\t\t\t\t\t\t\t\t\t<\/div>\r\n\t\t\t\t\t<\/div>\r\n\t<\/div>\r\n<\/div>\r\n<\/div>\n<p><center><a href=\"https:\/\/www.holyart.fr\/articles-religieux\/statues?utm_source=blog\"><img decoding=\"async\" class=\"banner-homepage\" src=\"https:\/\/blog.holyart.it\/fr\/wp-content\/uploads\/sites\/14\/2019\/10\/Banner-Holyart-STATUES-RELIGIEUSES.png\" alt=\"STATUES RELIGIEUSES - Holyart.fr\" \/><\/a><\/center><center><a href=\"https:\/\/www.holyart.fr\/articles-religieux\/statues?utm_source=blog\"><img decoding=\"async\" class=\"banner-homepage-mobile\" src=\"https:\/\/blog.holyart.it\/fr\/wp-content\/uploads\/sites\/14\/2020\/01\/Banner-Holyart-STATUES-RELIGIEUSES-mobile.png\" alt=\"STATUES RELIGIEUSES - Holyart.fr\" \/><\/a><\/center><\/p>\n<h2>No\u00ebl<\/h2>\n<hr \/>\n\r\n<div class=\"wpspw-gridbox-main wpspw-design-1 wpspw-image-fit wpspw-clearfix \">\r\n\t\r\n\t<div class=\"wpspw-medium-6 wpspw-columns wpspw-left-block\">\r\n\t\t\t\t\t<div class=\"wpspw-post-image-bg\" style=\"\">\r\n\t\t\t\t<a href=\"https:\/\/blog.holyart.it\/fr\/noel\/guide-sur-comment-conserver-les-boules-et-les-decorations-de-noel\/\" target=\"_self\">\r\n\t\t\t\t\t<img decoding=\"async\" src=\"https:\/\/blog.holyart.it\/fr\/wp-content\/uploads\/sites\/14\/2025\/12\/comment-conserver-les-boules-de-Noel.jpg\" alt=\"Guide sur comment conserver les boules et les d\u00e9corations de No\u00ebl\" \/>\r\n\t\t\t\t<\/a>\r\n\t\t\t<\/div>\r\n\t\t\t\t\t\t\t<h2 class=\"wpspw-post-title\">\r\n\t\t\t\t<a href=\"https:\/\/blog.holyart.it\/fr\/noel\/guide-sur-comment-conserver-les-boules-et-les-decorations-de-noel\/\" target=\"_self\">Guide sur comment conserver les boules et les d\u00e9corations de No\u00ebl<\/a>\r\n\t\t\t<\/h2>\r\n\t\t\t\t\t<div class=\"wpspw-post-date\">\r\n\t\t\t\t\t\t\t\t\t\t\t\t\t\t\t\t\t<span class=\"wpspw-time\"> <img decoding=\"async\" src=\"https:\/\/blog.holyart.it\/fr\/wp-content\/plugins\/blog-designer-for-post-and-widget-pro\/assets\/images\/calendar.svg\" alt=\"\" \/> 31 d\u00e9cembre 2025 <\/span>\r\n\t\t\t\t\t\t\t\t\t\t\t\t\t\t\t<\/div>\r\n\t\t\t\t\t\t\t<div class=\"wpspw-post-content\">\r\n\t\t\t\t\t\t\t\t\t<div class=\"wpspw-post-short-content\">Quelques conseils sur comment conserver les boules de No\u00ebl d\u2019ann\u00e9e...<\/div>\r\n\t\t\t\t\t\t\t\t\t\t\t<a href=\"https:\/\/blog.holyart.it\/fr\/noel\/guide-sur-comment-conserver-les-boules-et-les-decorations-de-noel\/\" target=\"_self\" class=\"readmorebtn\">Lire la suite<\/a>\r\n\t\t\t\t\t\t\t\t\t\t\t\t<\/div>\r\n\t\t\t<\/div>\r\n\r\n\r\n\t<div class=\"wpspw-medium-6 wpspw-columns flotRight\">\r\n\t\t<div class=\"wpspw-post-right-block wpspw-medium-12 wpspw-columns\">\r\n\t\t\t\t\t\t\t<div class=\"wpspw-s-medium-3 wpspw-columns\">\r\n\t\t\t\t\t<div class=\"wpspw-post-image-bg\">\r\n\t\t\t\t\t\t<a href=\"https:\/\/blog.holyart.it\/fr\/noel\/le-sapin-de-noel-le-plus-beau-au-monde-la-liste-des-10-candidats\/\" target=\"_self\">\r\n\t\t\t\t\t\t\t<img decoding=\"async\" src=\"https:\/\/blog.holyart.it\/fr\/wp-content\/uploads\/sites\/14\/2025\/12\/Le-sapin-de-Noel-le-plus-beau-au-monde-300x200.jpg\" alt=\"Le sapin de No\u00ebl le plus beau au monde : la liste des 10 candidats\" \/>\r\n\t\t\t\t\t\t<\/a>\r\n\t\t\t\t\t<\/div>\r\n\t\t\t\t<\/div>\r\n\t\t\t\t\t\t<div class=\"wpspw-s-medium-9 wpspw-columns \">\r\n\t\t\t\t\t\t\t\t\t<h3 class=\"wpspw-post-title\">\r\n\t\t\t\t\t\t<a href=\"https:\/\/blog.holyart.it\/fr\/noel\/le-sapin-de-noel-le-plus-beau-au-monde-la-liste-des-10-candidats\/\" target=\"_self\">Le sapin de No\u00ebl le plus beau au monde : la liste des 10 candidats<\/a>\r\n\t\t\t\t\t<\/h3>\r\n\t\t\t\t\t\t\t\t\t<div class=\"wpspw-post-date\">\r\n\t\t\t\t\t\t\t\t\t\t\t\t\t\t\t\t\t\t\t\t\t\t\t\t\t<span class=\"wpspw-time\"> <img decoding=\"async\" src=\"https:\/\/blog.holyart.it\/fr\/wp-content\/plugins\/blog-designer-for-post-and-widget-pro\/assets\/images\/calendar.svg\" alt=\"\" \/> 22 d\u00e9cembre 2025 <\/span>\r\n\t\t\t\t\t\t\t\t\t\t\t\t\t\t\t\t\t\t\t\t\t\t\t<\/div>\r\n\t\t\t\t\t\t\t\t\t\t\t\t\t<div class=\"wpspw-post-content\">\r\n\t\t\t\t\t\t\t\t\t\t\t\t\t<div class=\"wpspw-post-short-content\">De Gubbio \u00e0 Taipei, en passant par Prague, Mexico et...<\/div>\r\n\t\t\t\t\t\t\t\t\t\t\t\t\t\t\t<a href=\"https:\/\/blog.holyart.it\/fr\/noel\/le-sapin-de-noel-le-plus-beau-au-monde-la-liste-des-10-candidats\/\" target=\"_self\" class=\"readmorebtn\">Lire la suite<\/a>\r\n\t\t\t\t\t\t\t\t\t\t\t\t\t\t\t\t\t\t<\/div>\r\n\t\t\t\t\t\t\t<\/div>\r\n\t\t<\/div>\r\n\t<\/div>\r\n\r\n\t<div class=\"wpspw-medium-6 wpspw-columns flotRight\">\r\n\t\t<div class=\"wpspw-post-right-block wpspw-medium-12 wpspw-columns\">\r\n\t\t\t\t\t\t\t<div class=\"wpspw-s-medium-3 wpspw-columns\">\r\n\t\t\t\t\t<div class=\"wpspw-post-image-bg\">\r\n\t\t\t\t\t\t<a href=\"https:\/\/blog.holyart.it\/fr\/noel\/boules-de-noel-en-papier-mache-decorations-au-design-unique\/\" target=\"_self\">\r\n\t\t\t\t\t\t\t<img decoding=\"async\" src=\"https:\/\/blog.holyart.it\/fr\/wp-content\/uploads\/sites\/14\/2025\/11\/Boules-de-Noel-en-papier-mache-300x200.jpg\" alt=\"Boules de No\u00ebl en papier m\u00e2ch\u00e9 : d\u00e9corations au design unique\" \/>\r\n\t\t\t\t\t\t<\/a>\r\n\t\t\t\t\t<\/div>\r\n\t\t\t\t<\/div>\r\n\t\t\t\t\t\t<div class=\"wpspw-s-medium-9 wpspw-columns \">\r\n\t\t\t\t\t\t\t\t\t<h3 class=\"wpspw-post-title\">\r\n\t\t\t\t\t\t<a href=\"https:\/\/blog.holyart.it\/fr\/noel\/boules-de-noel-en-papier-mache-decorations-au-design-unique\/\" target=\"_self\">Boules de No\u00ebl en papier m\u00e2ch\u00e9 : d\u00e9corations au design unique<\/a>\r\n\t\t\t\t\t<\/h3>\r\n\t\t\t\t\t\t\t\t\t<div class=\"wpspw-post-date\">\r\n\t\t\t\t\t\t\t\t\t\t\t\t\t\t\t\t\t\t\t\t\t\t\t\t\t<span class=\"wpspw-time\"> <img decoding=\"async\" src=\"https:\/\/blog.holyart.it\/fr\/wp-content\/plugins\/blog-designer-for-post-and-widget-pro\/assets\/images\/calendar.svg\" alt=\"\" \/> 15 d\u00e9cembre 2025 <\/span>\r\n\t\t\t\t\t\t\t\t\t\t\t\t\t\t\t\t\t\t\t\t\t\t\t<\/div>\r\n\t\t\t\t\t\t\t\t\t\t\t\t\t<div class=\"wpspw-post-content\">\r\n\t\t\t\t\t\t\t\t\t\t\t\t\t<div class=\"wpspw-post-short-content\">D\u00e9corer le Sapin avec des boules de No\u00ebl en papier...<\/div>\r\n\t\t\t\t\t\t\t\t\t\t\t\t\t\t\t<a href=\"https:\/\/blog.holyart.it\/fr\/noel\/boules-de-noel-en-papier-mache-decorations-au-design-unique\/\" target=\"_self\" class=\"readmorebtn\">Lire la suite<\/a>\r\n\t\t\t\t\t\t\t\t\t\t\t\t\t\t\t\t\t\t<\/div>\r\n\t\t\t\t\t\t\t<\/div>\r\n\t\t<\/div>\r\n\t<\/div>\r\n\r\n\t<div class=\"wpspw-medium-6 wpspw-columns flotRight\">\r\n\t\t<div class=\"wpspw-post-right-block wpspw-medium-12 wpspw-columns\">\r\n\t\t\t\t\t\t\t<div class=\"wpspw-s-medium-3 wpspw-columns\">\r\n\t\t\t\t\t<div class=\"wpspw-post-image-bg\">\r\n\t\t\t\t\t\t<a href=\"https:\/\/blog.holyart.it\/fr\/noel\/decorations-en-papier-pour-un-sapin-de-noel-ecologique\/\" target=\"_self\">\r\n\t\t\t\t\t\t\t<img decoding=\"async\" src=\"https:\/\/blog.holyart.it\/fr\/wp-content\/uploads\/sites\/14\/2025\/11\/Decorations-en-papier-300x200.jpg\" alt=\"D\u00e9corations en papier pour un sapin de No\u00ebl \u00e9cologique\" \/>\r\n\t\t\t\t\t\t<\/a>\r\n\t\t\t\t\t<\/div>\r\n\t\t\t\t<\/div>\r\n\t\t\t\t\t\t<div class=\"wpspw-s-medium-9 wpspw-columns \">\r\n\t\t\t\t\t\t\t\t\t<h3 class=\"wpspw-post-title\">\r\n\t\t\t\t\t\t<a href=\"https:\/\/blog.holyart.it\/fr\/noel\/decorations-en-papier-pour-un-sapin-de-noel-ecologique\/\" target=\"_self\">D\u00e9corations en papier pour un sapin de No\u00ebl \u00e9cologique<\/a>\r\n\t\t\t\t\t<\/h3>\r\n\t\t\t\t\t\t\t\t\t<div class=\"wpspw-post-date\">\r\n\t\t\t\t\t\t\t\t\t\t\t\t\t\t\t\t\t\t\t\t\t\t\t\t\t<span class=\"wpspw-time\"> <img decoding=\"async\" src=\"https:\/\/blog.holyart.it\/fr\/wp-content\/plugins\/blog-designer-for-post-and-widget-pro\/assets\/images\/calendar.svg\" alt=\"\" \/> 10 d\u00e9cembre 2025 <\/span>\r\n\t\t\t\t\t\t\t\t\t\t\t\t\t\t\t\t\t\t\t\t\t\t\t<\/div>\r\n\t\t\t\t\t\t\t\t\t\t\t\t\t<div class=\"wpspw-post-content\">\r\n\t\t\t\t\t\t\t\t\t\t\t\t\t<div class=\"wpspw-post-short-content\">En choisissant les d\u00e9corations en papier, vous offrez un No\u00ebl...<\/div>\r\n\t\t\t\t\t\t\t\t\t\t\t\t\t\t\t<a href=\"https:\/\/blog.holyart.it\/fr\/noel\/decorations-en-papier-pour-un-sapin-de-noel-ecologique\/\" target=\"_self\" class=\"readmorebtn\">Lire la suite<\/a>\r\n\t\t\t\t\t\t\t\t\t\t\t\t\t\t\t\t\t\t<\/div>\r\n\t\t\t\t\t\t\t<\/div>\r\n\t\t<\/div>\r\n\t<\/div>\r\n\r\n<\/div>\r\n\r\n\n<p><center><a href=\"https:\/\/www.holyart.fr\/noel\/creches-noel?utm_source=blog\"><img decoding=\"async\" class=\"banner-homepage\" src=\"https:\/\/blog.holyart.it\/fr\/wp-content\/uploads\/sites\/14\/2019\/10\/Banner-Holyart-NOEL.png\" alt=\"Noel - Holyart.fr\" \/><\/a><\/center><center><a href=\"https:\/\/www.holyart.fr\/noel\/creches-noel?utm_source=blog\"><img decoding=\"async\" class=\"banner-homepage-mobile\" src=\"https:\/\/blog.holyart.it\/fr\/wp-content\/uploads\/sites\/14\/2020\/01\/Banner-Holyart-NOEL-mobile.png\" alt=\"Noel - Holyart.fr\" \/><\/a><\/center><br \/>\n<div class=\"wp-vgp-video-grid-wrp wp-vgp-video-row wp-vgp-design-19 wp-vgp-cols-3 wp-vgp-clearfix \" id=\"video-grid-1\">\n<div class=\"wp-vgp-video-wrap wp-vgp-medium-3 wp-vgp-columns wp-vgp-first\">\n\t<div class=\"wp-vgp-video-frame-wrap\">\n\t\t<div class=\"wp-vgp-video-image-frame-wrap\">\n\t\t\t<div class=\"wp-vgp-video-image-frame\">\n\t\t\t\t<a href=\"javascript:void(0);\" data-mfp-src=\"#video-modal-2\" class=\"wp-vgp-popup-modal\">\n\t\t\t\t\t\t\t\t\t\t\t<img decoding=\"async\" src=\"https:\/\/blog.holyart.it\/fr\/wp-content\/uploads\/sites\/14\/2019\/10\/Village-de-No\u00ebl.png\" alt=\"Village de No\u00ebl\" \/>\n\t\t\t\t\t\t\t\t\t\t<span class=\"wp-vgp-video-icon\"><\/span>\n\t\t\t\t<\/a>\n\t\t\t<\/div>\n\n\t\t\t\t\t\t\t<div class=\"wp-vgp-video-title\"><div class=\"video-title-text\">Village de No\u00ebl<\/div><\/div>\n\t\t\t\t\t<\/div>\n\n\t\t\t<\/div>\n<\/div>\n<div class=\"wp-vgp-video-wrap wp-vgp-medium-3 wp-vgp-columns\">\n\t<div class=\"wp-vgp-video-frame-wrap\">\n\t\t<div class=\"wp-vgp-video-image-frame-wrap\">\n\t\t\t<div class=\"wp-vgp-video-image-frame\">\n\t\t\t\t<a href=\"javascript:void(0);\" data-mfp-src=\"#video-modal-3\" class=\"wp-vgp-popup-modal\">\n\t\t\t\t\t\t\t\t\t\t\t<img decoding=\"async\" src=\"https:\/\/blog.holyart.it\/fr\/wp-content\/uploads\/sites\/14\/2019\/10\/Cr\u00e8che-avec-chutes.png\" alt=\"Cr\u00e8che avec chutes\" \/>\n\t\t\t\t\t\t\t\t\t\t<span class=\"wp-vgp-video-icon\"><\/span>\n\t\t\t\t<\/a>\n\t\t\t<\/div>\n\n\t\t\t\t\t\t\t<div class=\"wp-vgp-video-title\"><div class=\"video-title-text\">Cr\u00e8che avec chutes<\/div><\/div>\n\t\t\t\t\t<\/div>\n\n\t\t\t<\/div>\n<\/div>\n<div class=\"wp-vgp-video-wrap wp-vgp-medium-3 wp-vgp-columns\">\n\t<div class=\"wp-vgp-video-frame-wrap\">\n\t\t<div class=\"wp-vgp-video-image-frame-wrap\">\n\t\t\t<div class=\"wp-vgp-video-image-frame\">\n\t\t\t\t<a href=\"javascript:void(0);\" data-mfp-src=\"#video-modal-4\" class=\"wp-vgp-popup-modal\">\n\t\t\t\t\t\t\t\t\t\t\t<img decoding=\"async\" src=\"https:\/\/blog.holyart.it\/fr\/wp-content\/uploads\/sites\/14\/2019\/10\/Cr\u00e8che-Napolitaine.png\" alt=\"Cr\u00e8che Napolitaine\" \/>\n\t\t\t\t\t\t\t\t\t\t<span class=\"wp-vgp-video-icon\"><\/span>\n\t\t\t\t<\/a>\n\t\t\t<\/div>\n\n\t\t\t\t\t\t\t<div class=\"wp-vgp-video-title\"><div class=\"video-title-text\">Cr\u00e8che Napolitaine<\/div><\/div>\n\t\t\t\t\t<\/div>\n\n\t\t\t<\/div>\n<\/div>\n<div class=\"wp-vgp-video-wrap wp-vgp-medium-3 wp-vgp-columns\">\n\t<div class=\"wp-vgp-video-frame-wrap\">\n\t\t<div class=\"wp-vgp-video-image-frame-wrap\">\n\t\t\t<div class=\"wp-vgp-video-image-frame\">\n\t\t\t\t<a href=\"javascript:void(0);\" data-mfp-src=\"#video-modal-5\" class=\"wp-vgp-popup-modal\">\n\t\t\t\t\t\t\t\t\t\t\t<img decoding=\"async\" src=\"https:\/\/blog.holyart.it\/fr\/wp-content\/uploads\/sites\/14\/2019\/10\/D\u00e9corations-verre-souffl\u00e9.png\" alt=\"D\u00e9cors de verre souffl\u00e9\" \/>\n\t\t\t\t\t\t\t\t\t\t<span class=\"wp-vgp-video-icon\"><\/span>\n\t\t\t\t<\/a>\n\t\t\t<\/div>\n\n\t\t\t\t\t\t\t<div class=\"wp-vgp-video-title\"><div class=\"video-title-text\">D\u00e9cors de verre souffl\u00e9<\/div><\/div>\n\t\t\t\t\t<\/div>\n\n\t\t\t<\/div>\n<\/div>\t<div class=\"wp-vgp-popup-conf\" data-conf=\"{&quot;gallery_enable&quot;:&quot;true&quot;,&quot;popup_fix&quot;:&quot;true&quot;}\"><\/div>\n<\/div>\n<div id=\"video-modal-2\" class=\"wp-vgp-popup-wrp mfp-hide wp-vgp-zoom-dialog wp-vgp-white-popup-block\">\n\t\t\t<iframe src=\"about:blank\" data_src=\"https:\/\/www.youtube.com\/embed\/ZODkRLmjgeQ\" class=\"wpos-iframe-video\" frameborder=\"0\" allowfullscreen><\/iframe>\n\t\t<div class=\"mfp-bottom-bar wp-vgp-mfp-bottom-bar\">\n\t\t<div class=\"mfp-title\">Village de No\u00ebl<\/div>\n\t\t<div class=\"mfp-counter\">1 of 4<\/div>\n\t<\/div>\n<\/div>\n<div id=\"video-modal-3\" class=\"wp-vgp-popup-wrp mfp-hide wp-vgp-zoom-dialog wp-vgp-white-popup-block\">\n\t\t\t<iframe src=\"about:blank\" data_src=\"https:\/\/www.youtube.com\/embed\/idn6AwrF8h4\" class=\"wpos-iframe-video\" frameborder=\"0\" allowfullscreen><\/iframe>\n\t\t<div class=\"mfp-bottom-bar wp-vgp-mfp-bottom-bar\">\n\t\t<div class=\"mfp-title\">Cr\u00e8che avec chutes<\/div>\n\t\t<div class=\"mfp-counter\">2 of 4<\/div>\n\t<\/div>\n<\/div>\n<div id=\"video-modal-4\" class=\"wp-vgp-popup-wrp mfp-hide wp-vgp-zoom-dialog wp-vgp-white-popup-block\">\n\t\t\t<iframe src=\"about:blank\" data_src=\"https:\/\/www.youtube.com\/embed\/E_RyxR8VrDU\" class=\"wpos-iframe-video\" frameborder=\"0\" allowfullscreen><\/iframe>\n\t\t<div class=\"mfp-bottom-bar wp-vgp-mfp-bottom-bar\">\n\t\t<div class=\"mfp-title\">Cr\u00e8che Napolitaine<\/div>\n\t\t<div class=\"mfp-counter\">3 of 4<\/div>\n\t<\/div>\n<\/div>\n<div id=\"video-modal-5\" class=\"wp-vgp-popup-wrp mfp-hide wp-vgp-zoom-dialog wp-vgp-white-popup-block\">\n\t\t\t<iframe src=\"about:blank\" data_src=\"https:\/\/www.youtube.com\/embed\/hj-tdsHtYfU\" class=\"wpos-iframe-video\" frameborder=\"0\" allowfullscreen><\/iframe>\n\t\t<div class=\"mfp-bottom-bar wp-vgp-mfp-bottom-bar\">\n\t\t<div class=\"mfp-title\">D\u00e9cors de verre souffl\u00e9<\/div>\n\t\t<div class=\"mfp-counter\">4 of 4<\/div>\n\t<\/div>\n<\/div><\/p>\n<\/div>\n","protected":false},"excerpt":{"rendered":"<p>Religion Liturgie Saints et Bienheureux No\u00ebl<\/p>\n","protected":false},"author":1,"featured_media":0,"parent":0,"menu_order":0,"comment_status":"closed","ping_status":"closed","template":"template-full.php","meta":{"_acf_changed":false,"footnotes":""},"class_list":["post-1818","page","type-page","status-publish","hentry"],"acf":[],"yoast_head":"<!-- This site is optimized with the Yoast SEO plugin v26.6 - https:\/\/yoast.com\/wordpress\/plugins\/seo\/ -->\n<title>Holyblog - Le Blog Catholique de Holyart.fr<\/title>\n<meta name=\"robots\" content=\"index, follow, max-snippet:-1, max-image-preview:large, max-video-preview:-1\" \/>\n<link rel=\"canonical\" href=\"https:\/\/blog.holyart.it\/fr\/\" \/>\n<meta property=\"og:locale\" content=\"fr_FR\" \/>\n<meta property=\"og:type\" content=\"article\" \/>\n<meta property=\"og:title\" content=\"Holyblog - Le Blog Catholique de Holyart.fr\" \/>\n<meta property=\"og:description\" content=\"Religion Liturgie Saints et Bienheureux No\u00ebl\" \/>\n<meta property=\"og:url\" content=\"https:\/\/blog.holyart.it\/fr\/\" \/>\n<meta property=\"og:site_name\" content=\"Holyart.fr Blog\" \/>\n<meta property=\"article:modified_time\" content=\"2020-06-17T14:51:44+00:00\" \/>\n<meta property=\"og:image\" content=\"https:\/\/blog.holyart.it\/fr\/wp-content\/uploads\/sites\/14\/2019\/10\/banner10-fr.png\" \/>\n<meta name=\"twitter:card\" content=\"summary_large_image\" \/>\n<meta name=\"twitter:label1\" content=\"Dur\u00e9e de lecture estim\u00e9e\" \/>\n\t<meta name=\"twitter:data1\" content=\"1 minute\" \/>\n<script type=\"application\/ld+json\" class=\"yoast-schema-graph\">{\"@context\":\"https:\/\/schema.org\",\"@graph\":[{\"@type\":\"WebPage\",\"@id\":\"https:\/\/blog.holyart.it\/fr\/\",\"url\":\"https:\/\/blog.holyart.it\/fr\/\",\"name\":\"Holyblog - Le Blog Catholique de Holyart.fr\",\"isPartOf\":{\"@id\":\"https:\/\/blog.holyart.it\/fr\/#website\"},\"primaryImageOfPage\":{\"@id\":\"https:\/\/blog.holyart.it\/fr\/#primaryimage\"},\"image\":{\"@id\":\"https:\/\/blog.holyart.it\/fr\/#primaryimage\"},\"thumbnailUrl\":\"https:\/\/blog.holyart.it\/fr\/wp-content\/uploads\/sites\/14\/2019\/10\/banner10-fr.png\",\"datePublished\":\"2019-10-30T09:39:49+00:00\",\"dateModified\":\"2020-06-17T14:51:44+00:00\",\"breadcrumb\":{\"@id\":\"https:\/\/blog.holyart.it\/fr\/#breadcrumb\"},\"inLanguage\":\"fr-FR\",\"potentialAction\":[{\"@type\":\"ReadAction\",\"target\":[\"https:\/\/blog.holyart.it\/fr\/\"]}]},{\"@type\":\"ImageObject\",\"inLanguage\":\"fr-FR\",\"@id\":\"https:\/\/blog.holyart.it\/fr\/#primaryimage\",\"url\":\"https:\/\/blog.holyart.it\/fr\/wp-content\/uploads\/sites\/14\/2019\/10\/banner10-fr.png\",\"contentUrl\":\"https:\/\/blog.holyart.it\/fr\/wp-content\/uploads\/sites\/14\/2019\/10\/banner10-fr.png\",\"width\":1200,\"height\":100},{\"@type\":\"BreadcrumbList\",\"@id\":\"https:\/\/blog.holyart.it\/fr\/#breadcrumb\",\"itemListElement\":[{\"@type\":\"ListItem\",\"position\":1,\"name\":\"Homepage\",\"item\":\"https:\/\/blog.holyart.it\/fr\/\"},{\"@type\":\"ListItem\",\"position\":2,\"name\":\"Holyblog &#8211; Le Blog Catholique de Holyart.fr\"}]},{\"@type\":\"WebSite\",\"@id\":\"https:\/\/blog.holyart.it\/fr\/#website\",\"url\":\"https:\/\/blog.holyart.it\/fr\/\",\"name\":\"Holyart.fr Blog\",\"description\":\"Holyblog\",\"publisher\":{\"@id\":\"https:\/\/blog.holyart.it\/fr\/#organization\"},\"potentialAction\":[{\"@type\":\"SearchAction\",\"target\":{\"@type\":\"EntryPoint\",\"urlTemplate\":\"https:\/\/blog.holyart.it\/fr\/?s={search_term_string}\"},\"query-input\":{\"@type\":\"PropertyValueSpecification\",\"valueRequired\":true,\"valueName\":\"search_term_string\"}}],\"inLanguage\":\"fr-FR\"},{\"@type\":\"Organization\",\"@id\":\"https:\/\/blog.holyart.it\/fr\/#organization\",\"name\":\"Holyart.fr Blog\",\"url\":\"https:\/\/blog.holyart.it\/fr\/\",\"logo\":{\"@type\":\"ImageObject\",\"inLanguage\":\"fr-FR\",\"@id\":\"https:\/\/blog.holyart.it\/fr\/#\/schema\/logo\/image\/\",\"url\":\"https:\/\/blog.holyart.it\/fr\/wp-content\/uploads\/sites\/14\/2022\/12\/Holyart_Blog_Logo.jpg\",\"contentUrl\":\"https:\/\/blog.holyart.it\/fr\/wp-content\/uploads\/sites\/14\/2022\/12\/Holyart_Blog_Logo.jpg\",\"width\":300,\"height\":50,\"caption\":\"Holyart.fr Blog\"},\"image\":{\"@id\":\"https:\/\/blog.holyart.it\/fr\/#\/schema\/logo\/image\/\"}}]}<\/script>\n<!-- \/ Yoast SEO plugin. -->","yoast_head_json":{"title":"Holyblog - Le Blog Catholique de Holyart.fr","robots":{"index":"index","follow":"follow","max-snippet":"max-snippet:-1","max-image-preview":"max-image-preview:large","max-video-preview":"max-video-preview:-1"},"canonical":"https:\/\/blog.holyart.it\/fr\/","og_locale":"fr_FR","og_type":"article","og_title":"Holyblog - Le Blog Catholique de Holyart.fr","og_description":"Religion Liturgie Saints et Bienheureux No\u00ebl","og_url":"https:\/\/blog.holyart.it\/fr\/","og_site_name":"Holyart.fr Blog","article_modified_time":"2020-06-17T14:51:44+00:00","og_image":[{"url":"https:\/\/blog.holyart.it\/fr\/wp-content\/uploads\/sites\/14\/2019\/10\/banner10-fr.png","type":"","width":"","height":""}],"twitter_card":"summary_large_image","twitter_misc":{"Dur\u00e9e de lecture estim\u00e9e":"1 minute"},"schema":{"@context":"https:\/\/schema.org","@graph":[{"@type":"WebPage","@id":"https:\/\/blog.holyart.it\/fr\/","url":"https:\/\/blog.holyart.it\/fr\/","name":"Holyblog - Le Blog Catholique de Holyart.fr","isPartOf":{"@id":"https:\/\/blog.holyart.it\/fr\/#website"},"primaryImageOfPage":{"@id":"https:\/\/blog.holyart.it\/fr\/#primaryimage"},"image":{"@id":"https:\/\/blog.holyart.it\/fr\/#primaryimage"},"thumbnailUrl":"https:\/\/blog.holyart.it\/fr\/wp-content\/uploads\/sites\/14\/2019\/10\/banner10-fr.png","datePublished":"2019-10-30T09:39:49+00:00","dateModified":"2020-06-17T14:51:44+00:00","breadcrumb":{"@id":"https:\/\/blog.holyart.it\/fr\/#breadcrumb"},"inLanguage":"fr-FR","potentialAction":[{"@type":"ReadAction","target":["https:\/\/blog.holyart.it\/fr\/"]}]},{"@type":"ImageObject","inLanguage":"fr-FR","@id":"https:\/\/blog.holyart.it\/fr\/#primaryimage","url":"https:\/\/blog.holyart.it\/fr\/wp-content\/uploads\/sites\/14\/2019\/10\/banner10-fr.png","contentUrl":"https:\/\/blog.holyart.it\/fr\/wp-content\/uploads\/sites\/14\/2019\/10\/banner10-fr.png","width":1200,"height":100},{"@type":"BreadcrumbList","@id":"https:\/\/blog.holyart.it\/fr\/#breadcrumb","itemListElement":[{"@type":"ListItem","position":1,"name":"Homepage","item":"https:\/\/blog.holyart.it\/fr\/"},{"@type":"ListItem","position":2,"name":"Holyblog &#8211; Le Blog Catholique de Holyart.fr"}]},{"@type":"WebSite","@id":"https:\/\/blog.holyart.it\/fr\/#website","url":"https:\/\/blog.holyart.it\/fr\/","name":"Holyart.fr Blog","description":"Holyblog","publisher":{"@id":"https:\/\/blog.holyart.it\/fr\/#organization"},"potentialAction":[{"@type":"SearchAction","target":{"@type":"EntryPoint","urlTemplate":"https:\/\/blog.holyart.it\/fr\/?s={search_term_string}"},"query-input":{"@type":"PropertyValueSpecification","valueRequired":true,"valueName":"search_term_string"}}],"inLanguage":"fr-FR"},{"@type":"Organization","@id":"https:\/\/blog.holyart.it\/fr\/#organization","name":"Holyart.fr Blog","url":"https:\/\/blog.holyart.it\/fr\/","logo":{"@type":"ImageObject","inLanguage":"fr-FR","@id":"https:\/\/blog.holyart.it\/fr\/#\/schema\/logo\/image\/","url":"https:\/\/blog.holyart.it\/fr\/wp-content\/uploads\/sites\/14\/2022\/12\/Holyart_Blog_Logo.jpg","contentUrl":"https:\/\/blog.holyart.it\/fr\/wp-content\/uploads\/sites\/14\/2022\/12\/Holyart_Blog_Logo.jpg","width":300,"height":50,"caption":"Holyart.fr Blog"},"image":{"@id":"https:\/\/blog.holyart.it\/fr\/#\/schema\/logo\/image\/"}}]}},"_links":{"self":[{"href":"https:\/\/blog.holyart.it\/fr\/wp-json\/wp\/v2\/pages\/1818","targetHints":{"allow":["GET"]}}],"collection":[{"href":"https:\/\/blog.holyart.it\/fr\/wp-json\/wp\/v2\/pages"}],"about":[{"href":"https:\/\/blog.holyart.it\/fr\/wp-json\/wp\/v2\/types\/page"}],"author":[{"embeddable":true,"href":"https:\/\/blog.holyart.it\/fr\/wp-json\/wp\/v2\/users\/1"}],"replies":[{"embeddable":true,"href":"https:\/\/blog.holyart.it\/fr\/wp-json\/wp\/v2\/comments?post=1818"}],"version-history":[{"count":0,"href":"https:\/\/blog.holyart.it\/fr\/wp-json\/wp\/v2\/pages\/1818\/revisions"}],"wp:attachment":[{"href":"https:\/\/blog.holyart.it\/fr\/wp-json\/wp\/v2\/media?parent=1818"}],"curies":[{"name":"wp","href":"https:\/\/api.w.org\/{rel}","templated":true}]}}