{"version":"1.0","provider_name":"Holyart.fr Blog","provider_url":"https:\/\/blog.holyart.it\/fr","author_name":"Redazione","author_url":"https:\/\/blog.holyart.it\/fr\/author\/admin\/","title":"L'importance d\u2019un bon fond pour l\u2019arri\u00e8re-plan de votre cr\u00e8che","type":"rich","width":600,"height":338,"html":"<blockquote class=\"wp-embedded-content\" data-secret=\"BA5OEU21Yh\"><a href=\"https:\/\/blog.holyart.it\/fr\/noel\/limportance-dun-fond-larriere-plan-de-creche\/\">L&rsquo;importance d\u2019un bon fond pour l\u2019arri\u00e8re-plan de votre cr\u00e8che<\/a><\/blockquote><iframe sandbox=\"allow-scripts\" security=\"restricted\" src=\"https:\/\/blog.holyart.it\/fr\/noel\/limportance-dun-fond-larriere-plan-de-creche\/embed\/#?secret=BA5OEU21Yh\" width=\"600\" height=\"338\" title=\"\u00ab\u00a0L&rsquo;importance d\u2019un bon fond pour l\u2019arri\u00e8re-plan de votre cr\u00e8che\u00a0\u00bb &#8212; Holyart.fr Blog\" data-secret=\"BA5OEU21Yh\" frameborder=\"0\" marginwidth=\"0\" marginheight=\"0\" scrolling=\"no\" class=\"wp-embedded-content\"><\/iframe><script type=\"text\/javascript\">\n\/* <![CDATA[ *\/\n\/*! This file is auto-generated *\/\n!function(d,l){\"use strict\";l.querySelector&&d.addEventListener&&\"undefined\"!=typeof URL&&(d.wp=d.wp||{},d.wp.receiveEmbedMessage||(d.wp.receiveEmbedMessage=function(e){var t=e.data;if((t||t.secret||t.message||t.value)&&!\/[^a-zA-Z0-9]\/.test(t.secret)){for(var s,r,n,a=l.querySelectorAll('iframe[data-secret=\"'+t.secret+'\"]'),o=l.querySelectorAll('blockquote[data-secret=\"'+t.secret+'\"]'),c=new RegExp(\"^https?:$\",\"i\"),i=0;i<o.length;i++)o[i].style.display=\"none\";for(i=0;i<a.length;i++)s=a[i],e.source===s.contentWindow&&(s.removeAttribute(\"style\"),\"height\"===t.message?(1e3<(r=parseInt(t.value,10))?r=1e3:~~r<200&&(r=200),s.height=r):\"link\"===t.message&&(r=new URL(s.getAttribute(\"src\")),n=new URL(t.value),c.test(n.protocol))&&n.host===r.host&&l.activeElement===s&&(d.top.location.href=t.value))}},d.addEventListener(\"message\",d.wp.receiveEmbedMessage,!1),l.addEventListener(\"DOMContentLoaded\",function(){for(var e,t,s=l.querySelectorAll(\"iframe.wp-embedded-content\"),r=0;r<s.length;r++)(t=(e=s[r]).getAttribute(\"data-secret\"))||(t=Math.random().toString(36).substring(2,12),e.src+=\"#?secret=\"+t,e.setAttribute(\"data-secret\",t)),e.contentWindow.postMessage({message:\"ready\",secret:t},\"*\")},!1)))}(window,document);\n\/\/# sourceURL=https:\/\/blog.holyart.it\/fr\/wp-includes\/js\/wp-embed.min.js\n\/* ]]> *\/\n<\/script>\n","thumbnail_url":"https:\/\/blog.holyart.it\/fr\/wp-content\/uploads\/sites\/14\/2019\/01\/Fond-de-la-cr\u00e8che.jpg","thumbnail_width":1000,"thumbnail_height":667,"description":"La cr\u00e9ation de la cr\u00e8che est un moment de grande cr\u00e9ativit\u00e9 qui met \u00e0 l\u2019\u00e9preuve l\u2019imagination et la capacit\u00e9 de projection de celui qui la r\u00e9alise. Surtout si l\u2019on choisit une cr\u00e8che \u00e0 r\u00e9aliser soi-m\u00eame, dans laquelle chaque aspect du d\u00e9cor est le fruit d\u2019une&hellip;"}