{"id":989,"date":"2019-10-25T16:48:24","date_gmt":"2019-10-25T14:48:24","guid":{"rendered":"https:\/\/blog.holyart.it\/de\/?page_id=989"},"modified":"2020-06-17T16:46:36","modified_gmt":"2020-06-17T14:46:36","slug":"holyblog-holyart-de","status":"publish","type":"page","link":"https:\/\/blog.holyart.it\/de\/","title":{"rendered":"Der christliche Blog von Holyart.de"},"content":{"rendered":"\n<div class=\"wprpsp-gridbox-slider-wrp wprpsp-clearfix \">\n\t<div id=\"wprpsp-gridbox-slider-1\" class=\"wprpsp-gridbox-slider wprpsp-design-6 wprpsp-image-fit\">\t<div class=\"wprpsp-grid-slider-wrp\">\r\n\r\n\t\t<div class=\"wprpsp-post-slides wprpsp-clr-1 wprpsp-medium-3 wprpsp-columns\">\r\n\t\t\t<a class=\"wprpsp-link-overlay wprpsp-post-link\" href=\"https:\/\/blog.holyart.it\/de\/devotionalien\/die-aeltesten-bruderschaften-geschichte-und-kuriositaeten\/\" target=\"_self\"><\/a>\r\n\t\t\t<div class=\"wprpsp-post-grid-cnt\">\r\n\t\t\t\t<div class=\"wprpsp-post-overlay\">\r\n\t\t\t\t\t<div class=\"wprpsp-post-image-wrap wprpsp-post-image-bg\" style=\"\">\r\n\t\t\t\t\t\t\t\t\t\t\t\t\t<img decoding=\"async\" src=\"https:\/\/blog.holyart.it\/de\/wp-content\/uploads\/sites\/12\/2026\/04\/Die-aeltesten-Bruderschaften.jpg\" alt=\"Die \u00e4ltesten Bruderschaften: Geschichte und Kuriosit\u00e4ten\" class=\"wprpsp-post-img\" \/>\r\n\t\t\t\t\t\t\t\t\t\t\t<\/div>\r\n\t\t\t\t\t<div class=\"wprpsp-post-short-cnt\">\r\n\t\t\t\t\t\t\t\t\t\t\t\t\t<div class=\"wprpsp-post-cats-wrap\"><ul class=\"post-categories wprpsp-post-categories\"><li><a href=\"https:\/\/blog.holyart.it\/de\/devotionalien\/\" rel=\"category\"> Religion <\/a><\/li><\/ul><\/div>\r\n\t\t\t\t\t\t\t\t\t\t\t\t<div class=\"wprpsp-bottom-content\">\r\n\t\t\t\t\t\t\t\t\t\t\t\t\t\t\t<h2 class=\"wprpsp-post-title\">\r\n\t\t\t\t\t\t\t\t\t<a href=\"https:\/\/blog.holyart.it\/de\/devotionalien\/die-aeltesten-bruderschaften-geschichte-und-kuriositaeten\/\" target=\"_self\">Die \u00e4ltesten Bruderschaften: Geschichte und Kuriosit\u00e4ten<\/a>\r\n\t\t\t\t\t\t\t\t<\/h2>\r\n\t\t\t\t\t\t\t\t\t\t\t\t\t\t\t<div class=\"wprpsp-post-date\">\r\n\t\t\t\t\t\t\t\t\t\t\t\t\t\t\t\t\t\t\t\t\t\t\t\t\t\t\t27 April 2026\t\t\t\t\t\t\t\t<\/div>\r\n\t\t\t\t\t\t\t\t\t\t\t\t\t<\/div>\r\n\t\t\t\t\t<\/div>\r\n\t\t\t\t<\/div>\r\n\t\t\t<\/div>\r\n\t\t<\/div>\r\n\r\n\t\t<div class=\"wprpsp-post-slides wprpsp-clr-2 wprpsp-medium-6 wprpsp-columns\">\r\n\t\t\t<a class=\"wprpsp-link-overlay wprpsp-post-link\" href=\"https:\/\/blog.holyart.it\/de\/devotionalien\/die-aufgaben-des-dikasteriums-fuer-die-selig-und-heiligsprechungsprozesse\/\" target=\"_self\"><\/a>\r\n\t\t\t<div class=\"wprpsp-post-grid-cnt\">\r\n\t\t\t\t<div class=\"wprpsp-post-overlay\">\r\n\t\t\t\t\t<div class=\"wprpsp-post-image-wrap wprpsp-post-image-bg\" style=\"\">\r\n\t\t\t\t\t\t\t\t\t\t\t\t\t<img decoding=\"async\" src=\"https:\/\/blog.holyart.it\/de\/wp-content\/uploads\/sites\/12\/2026\/04\/Dikasteriums.jpg\" alt=\"Die Aufgaben des Dikasteriums f\u00fcr die Selig- und Heiligsprechungsprozesse\" class=\"wprpsp-post-img\" \/>\r\n\t\t\t\t\t\t\t\t\t\t\t<\/div>\r\n\t\t\t\t\t<div class=\"wprpsp-post-short-cnt\">\r\n\t\t\t\t\t\t\t\t\t\t\t\t\t<div class=\"wprpsp-post-cats-wrap\"><ul class=\"post-categories wprpsp-post-categories\"><li><a href=\"https:\/\/blog.holyart.it\/de\/devotionalien\/\" rel=\"category\"> Religion <\/a><\/li><\/ul><\/div>\r\n\t\t\t\t\t\t\t\t\t\t\t\t<div class=\"wprpsp-bottom-content\">\r\n\t\t\t\t\t\t\t\t\t\t\t\t\t\t\t<h2 class=\"wprpsp-post-title\">\r\n\t\t\t\t\t\t\t\t\t<a href=\"https:\/\/blog.holyart.it\/de\/devotionalien\/die-aufgaben-des-dikasteriums-fuer-die-selig-und-heiligsprechungsprozesse\/\" target=\"_self\">Die Aufgaben des Dikasteriums f\u00fcr die Selig- und Heiligsprechungsprozesse<\/a>\r\n\t\t\t\t\t\t\t\t<\/h2>\r\n\t\t\t\t\t\t\t\t\t\t\t\t\t\t\t<div class=\"wprpsp-post-date\">\r\n\t\t\t\t\t\t\t\t\t\t\t\t\t\t\t\t\t\t\t\t\t\t\t\t\t\t\t22 April 2026\t\t\t\t\t\t\t\t<\/div>\r\n\t\t\t\t\t\t\t\t\t\t\t\t\t<\/div>\r\n\t\t\t\t\t<\/div>\r\n\t\t\t\t<\/div>\r\n\t\t\t<\/div>\r\n\t\t<\/div>\r\n\r\n\t\t<div class=\"wprpsp-post-slides wprpsp-clr-3 wprpsp-medium-3 wprpsp-columns\">\r\n\t\t\t<a class=\"wprpsp-link-overlay wprpsp-post-link\" href=\"https:\/\/blog.holyart.it\/de\/devotionalien\/der-evangelist-markus-juenger-der-heiligen-petrus-und-paulus\/\" target=\"_self\"><\/a>\r\n\t\t\t<div class=\"wprpsp-post-grid-cnt\">\r\n\t\t\t\t<div class=\"wprpsp-post-overlay\">\r\n\t\t\t\t\t<div class=\"wprpsp-post-image-wrap wprpsp-post-image-bg\" style=\"\">\r\n\t\t\t\t\t\t\t\t\t\t\t\t\t<img decoding=\"async\" src=\"https:\/\/blog.holyart.it\/de\/wp-content\/uploads\/sites\/12\/2026\/04\/Der-Evangelist-Markus.jpg\" alt=\"Der Evangelist Markus: J\u00fcnger der Heiligen Petrus und Paulus\" class=\"wprpsp-post-img\" \/>\r\n\t\t\t\t\t\t\t\t\t\t\t<\/div>\r\n\t\t\t\t\t<div class=\"wprpsp-post-short-cnt\">\r\n\t\t\t\t\t\t\t\t\t\t\t\t\t<div class=\"wprpsp-post-cats-wrap\"><ul class=\"post-categories wprpsp-post-categories\"><li><a href=\"https:\/\/blog.holyart.it\/de\/devotionalien\/\" rel=\"category\"> Religion <\/a><\/li><\/ul><\/div>\r\n\t\t\t\t\t\t\t\t\t\t\t\t<div class=\"wprpsp-bottom-content\">\r\n\t\t\t\t\t\t\t\t\t\t\t\t\t\t\t<h2 class=\"wprpsp-post-title\">\r\n\t\t\t\t\t\t\t\t\t<a href=\"https:\/\/blog.holyart.it\/de\/devotionalien\/der-evangelist-markus-juenger-der-heiligen-petrus-und-paulus\/\" target=\"_self\">Der Evangelist Markus: J\u00fcnger der Heiligen Petrus und Paulus<\/a>\r\n\t\t\t\t\t\t\t\t<\/h2>\r\n\t\t\t\t\t\t\t\t\t\t\t\t\t\t\t<div class=\"wprpsp-post-date\">\r\n\t\t\t\t\t\t\t\t\t\t\t\t\t\t\t\t\t\t\t\t\t\t\t\t\t\t\t20 April 2026\t\t\t\t\t\t\t\t<\/div>\r\n\t\t\t\t\t\t\t\t\t\t\t\t\t<\/div>\r\n\t\t\t\t\t<\/div>\r\n\t\t\t\t<\/div>\r\n\t\t\t<\/div>\r\n\t\t<\/div>\r\n\r\n\t\t<div class=\"wprpsp-post-slides wprpsp-clr-4 wprpsp-medium-4 wprpsp-columns\">\r\n\t\t\t<a class=\"wprpsp-link-overlay wprpsp-post-link\" href=\"https:\/\/blog.holyart.it\/de\/devotionalien\/wende-dich-fuer-ein-dringendes-anliegen-mit-deinen-gebeten-an-den-heiligen-expeditus\/\" target=\"_self\"><\/a>\r\n\t\t\t<div class=\"wprpsp-post-grid-cnt\">\r\n\t\t\t\t<div class=\"wprpsp-post-overlay\">\r\n\t\t\t\t\t<div class=\"wprpsp-post-image-wrap wprpsp-post-image-bg\" style=\"\">\r\n\t\t\t\t\t\t\t\t\t\t\t\t\t<img decoding=\"async\" src=\"https:\/\/blog.holyart.it\/de\/wp-content\/uploads\/sites\/12\/2026\/04\/Heiligen-Expeditus-2.jpg\" alt=\"Wende dich f\u00fcr ein dringendes Anliegen mit deinen Gebeten an den Heiligen Expeditus\" class=\"wprpsp-post-img\" \/>\r\n\t\t\t\t\t\t\t\t\t\t\t<\/div>\r\n\t\t\t\t\t<div class=\"wprpsp-post-short-cnt\">\r\n\t\t\t\t\t\t\t\t\t\t\t\t\t<div class=\"wprpsp-post-cats-wrap\"><ul class=\"post-categories wprpsp-post-categories\"><li><a href=\"https:\/\/blog.holyart.it\/de\/devotionalien\/\" rel=\"category\"> Religion <\/a><\/li><\/ul><\/div>\r\n\t\t\t\t\t\t\t\t\t\t\t\t<div class=\"wprpsp-bottom-content\">\r\n\t\t\t\t\t\t\t\t\t\t\t\t\t\t\t<h2 class=\"wprpsp-post-title\">\r\n\t\t\t\t\t\t\t\t\t<a href=\"https:\/\/blog.holyart.it\/de\/devotionalien\/wende-dich-fuer-ein-dringendes-anliegen-mit-deinen-gebeten-an-den-heiligen-expeditus\/\" target=\"_self\">Wende dich f\u00fcr ein dringendes Anliegen mit deinen Gebeten an den Heiligen Expeditus<\/a>\r\n\t\t\t\t\t\t\t\t<\/h2>\r\n\t\t\t\t\t\t\t\t\t\t\t\t\t\t\t<div class=\"wprpsp-post-date\">\r\n\t\t\t\t\t\t\t\t\t\t\t\t\t\t\t\t\t\t\t\t\t\t\t\t\t\t\t15 April 2026\t\t\t\t\t\t\t\t<\/div>\r\n\t\t\t\t\t\t\t\t\t\t\t\t\t<\/div>\r\n\t\t\t\t\t<\/div>\r\n\t\t\t\t<\/div>\r\n\t\t\t<\/div>\r\n\t\t<\/div>\r\n\r\n\t\t<div class=\"wprpsp-post-slides wprpsp-clr-5 wprpsp-medium-4 wprpsp-columns\">\r\n\t\t\t<a class=\"wprpsp-link-overlay wprpsp-post-link\" href=\"https:\/\/blog.holyart.it\/de\/heilige-und-selige\/der-heilige-efisio-und-das-beruehmteste-fest-sardiniens\/\" target=\"_self\"><\/a>\r\n\t\t\t<div class=\"wprpsp-post-grid-cnt\">\r\n\t\t\t\t<div class=\"wprpsp-post-overlay\">\r\n\t\t\t\t\t<div class=\"wprpsp-post-image-wrap wprpsp-post-image-bg\" style=\"\">\r\n\t\t\t\t\t\t\t\t\t\t\t\t\t<img decoding=\"async\" src=\"https:\/\/blog.holyart.it\/de\/wp-content\/uploads\/sites\/12\/2026\/04\/Heilige-Efisio.jpg\" alt=\"Der Heilige Efisio und das ber\u00fchmteste Fest Sardiniens\" class=\"wprpsp-post-img\" \/>\r\n\t\t\t\t\t\t\t\t\t\t\t<\/div>\r\n\t\t\t\t\t<div class=\"wprpsp-post-short-cnt\">\r\n\t\t\t\t\t\t\t\t\t\t\t\t\t<div class=\"wprpsp-post-cats-wrap\"><ul class=\"post-categories wprpsp-post-categories\"><li><a href=\"https:\/\/blog.holyart.it\/de\/heilige-und-selige\/\" rel=\"category\"> Heilige und Selige <\/a><\/li><\/ul><\/div>\r\n\t\t\t\t\t\t\t\t\t\t\t\t<div class=\"wprpsp-bottom-content\">\r\n\t\t\t\t\t\t\t\t\t\t\t\t\t\t\t<h2 class=\"wprpsp-post-title\">\r\n\t\t\t\t\t\t\t\t\t<a href=\"https:\/\/blog.holyart.it\/de\/heilige-und-selige\/der-heilige-efisio-und-das-beruehmteste-fest-sardiniens\/\" target=\"_self\">Der Heilige Efisio und das ber\u00fchmteste Fest Sardiniens<\/a>\r\n\t\t\t\t\t\t\t\t<\/h2>\r\n\t\t\t\t\t\t\t\t\t\t\t\t\t\t\t<div class=\"wprpsp-post-date\">\r\n\t\t\t\t\t\t\t\t\t\t\t\t\t\t\t\t\t\t\t\t\t\t\t\t\t\t\t13 April 2026\t\t\t\t\t\t\t\t<\/div>\r\n\t\t\t\t\t\t\t\t\t\t\t\t\t<\/div>\r\n\t\t\t\t\t<\/div>\r\n\t\t\t\t<\/div>\r\n\t\t\t<\/div>\r\n\t\t<\/div>\r\n\r\n\t\t<div class=\"wprpsp-post-slides wprpsp-clr-6 wprpsp-medium-4 wprpsp-columns\">\r\n\t\t\t<a class=\"wprpsp-link-overlay wprpsp-post-link\" href=\"https:\/\/blog.holyart.it\/de\/devotionalien\/die-7-gaben-des-heiligen-geistes-welche-es-sind-und-ihre-bedeutung\/\" target=\"_self\"><\/a>\r\n\t\t\t<div class=\"wprpsp-post-grid-cnt\">\r\n\t\t\t\t<div class=\"wprpsp-post-overlay\">\r\n\t\t\t\t\t<div class=\"wprpsp-post-image-wrap wprpsp-post-image-bg\" style=\"\">\r\n\t\t\t\t\t\t\t\t\t\t\t\t\t<img decoding=\"async\" src=\"https:\/\/blog.holyart.it\/de\/wp-content\/uploads\/sites\/12\/2026\/04\/Die-7-Gaben-des-Heiligen-Geistes.jpg\" alt=\"Die 7 Gaben des Heiligen Geistes: welche es sind und ihre Bedeutung\" class=\"wprpsp-post-img\" \/>\r\n\t\t\t\t\t\t\t\t\t\t\t<\/div>\r\n\t\t\t\t\t<div class=\"wprpsp-post-short-cnt\">\r\n\t\t\t\t\t\t\t\t\t\t\t\t\t<div class=\"wprpsp-post-cats-wrap\"><ul class=\"post-categories wprpsp-post-categories\"><li><a href=\"https:\/\/blog.holyart.it\/de\/devotionalien\/\" rel=\"category\"> Religion <\/a><\/li><\/ul><\/div>\r\n\t\t\t\t\t\t\t\t\t\t\t\t<div class=\"wprpsp-bottom-content\">\r\n\t\t\t\t\t\t\t\t\t\t\t\t\t\t\t<h2 class=\"wprpsp-post-title\">\r\n\t\t\t\t\t\t\t\t\t<a href=\"https:\/\/blog.holyart.it\/de\/devotionalien\/die-7-gaben-des-heiligen-geistes-welche-es-sind-und-ihre-bedeutung\/\" target=\"_self\">Die 7 Gaben des Heiligen Geistes: welche es sind und ihre Bedeutung<\/a>\r\n\t\t\t\t\t\t\t\t<\/h2>\r\n\t\t\t\t\t\t\t\t\t\t\t\t\t\t\t<div class=\"wprpsp-post-date\">\r\n\t\t\t\t\t\t\t\t\t\t\t\t\t\t\t\t\t\t\t\t\t\t\t\t\t\t\t8 April 2026\t\t\t\t\t\t\t\t<\/div>\r\n\t\t\t\t\t\t\t\t\t\t\t\t\t<\/div>\r\n\t\t\t\t\t<\/div>\r\n\t\t\t\t<\/div>\r\n\t\t\t<\/div>\r\n\t\t<\/div>\r\n<\/div>\r\n\t<div class=\"wprpsp-grid-slider-wrp\">\r\n\r\n\t\t<div class=\"wprpsp-post-slides wprpsp-clr-1 wprpsp-medium-3 wprpsp-columns\">\r\n\t\t\t<a class=\"wprpsp-link-overlay wprpsp-post-link\" href=\"https:\/\/blog.holyart.it\/de\/devotionalien\/wie-wird-man-heilig-wir-erklaeren-den-prozess-der-heiligsprechung\/\" target=\"_self\"><\/a>\r\n\t\t\t<div class=\"wprpsp-post-grid-cnt\">\r\n\t\t\t\t<div class=\"wprpsp-post-overlay\">\r\n\t\t\t\t\t<div class=\"wprpsp-post-image-wrap wprpsp-post-image-bg\" style=\"\">\r\n\t\t\t\t\t\t\t\t\t\t\t\t\t<img decoding=\"async\" src=\"https:\/\/blog.holyart.it\/de\/wp-content\/uploads\/sites\/12\/2026\/04\/Prozess-der-Heiligsprechung.jpg\" alt=\"Wie wird man heilig? Wir erkl\u00e4ren den Prozess der Heiligsprechung\" class=\"wprpsp-post-img\" \/>\r\n\t\t\t\t\t\t\t\t\t\t\t<\/div>\r\n\t\t\t\t\t<div class=\"wprpsp-post-short-cnt\">\r\n\t\t\t\t\t\t\t\t\t\t\t\t\t<div class=\"wprpsp-post-cats-wrap\"><ul class=\"post-categories wprpsp-post-categories\"><li><a href=\"https:\/\/blog.holyart.it\/de\/devotionalien\/\" rel=\"category\"> Religion <\/a><\/li><\/ul><\/div>\r\n\t\t\t\t\t\t\t\t\t\t\t\t<div class=\"wprpsp-bottom-content\">\r\n\t\t\t\t\t\t\t\t\t\t\t\t\t\t\t<h2 class=\"wprpsp-post-title\">\r\n\t\t\t\t\t\t\t\t\t<a href=\"https:\/\/blog.holyart.it\/de\/devotionalien\/wie-wird-man-heilig-wir-erklaeren-den-prozess-der-heiligsprechung\/\" target=\"_self\">Wie wird man heilig? Wir erkl\u00e4ren den Prozess der Heiligsprechung<\/a>\r\n\t\t\t\t\t\t\t\t<\/h2>\r\n\t\t\t\t\t\t\t\t\t\t\t\t\t\t\t<div class=\"wprpsp-post-date\">\r\n\t\t\t\t\t\t\t\t\t\t\t\t\t\t\t\t\t\t\t\t\t\t\t\t\t\t\t6 April 2026\t\t\t\t\t\t\t\t<\/div>\r\n\t\t\t\t\t\t\t\t\t\t\t\t\t<\/div>\r\n\t\t\t\t\t<\/div>\r\n\t\t\t\t<\/div>\r\n\t\t\t<\/div>\r\n\t\t<\/div>\r\n\r\n\t\t<div class=\"wprpsp-post-slides wprpsp-clr-2 wprpsp-medium-6 wprpsp-columns\">\r\n\t\t\t<a class=\"wprpsp-link-overlay wprpsp-post-link\" href=\"https:\/\/blog.holyart.it\/de\/heilige-und-selige\/festtag-des-heiligen-franziskus-800-jaehriges-jubilaeum-und-anerkennung-als-nationalfeiertag-in-italien\/\" target=\"_self\"><\/a>\r\n\t\t\t<div class=\"wprpsp-post-grid-cnt\">\r\n\t\t\t\t<div class=\"wprpsp-post-overlay\">\r\n\t\t\t\t\t<div class=\"wprpsp-post-image-wrap wprpsp-post-image-bg\" style=\"\">\r\n\t\t\t\t\t\t\t\t\t\t\t\t\t<img decoding=\"async\" src=\"https:\/\/blog.holyart.it\/de\/wp-content\/uploads\/sites\/12\/2026\/03\/Festtag-des-Heiligen-Franziskus.jpg\" alt=\"Festtag des Heiligen Franziskus: 800-j\u00e4hriges Jubil\u00e4um und Anerkennung als Nationalfeiertag in Italien\" class=\"wprpsp-post-img\" \/>\r\n\t\t\t\t\t\t\t\t\t\t\t<\/div>\r\n\t\t\t\t\t<div class=\"wprpsp-post-short-cnt\">\r\n\t\t\t\t\t\t\t\t\t\t\t\t\t<div class=\"wprpsp-post-cats-wrap\"><ul class=\"post-categories wprpsp-post-categories\"><li><a href=\"https:\/\/blog.holyart.it\/de\/heilige-und-selige\/\" rel=\"category\"> Heilige und Selige <\/a><\/li><\/ul><\/div>\r\n\t\t\t\t\t\t\t\t\t\t\t\t<div class=\"wprpsp-bottom-content\">\r\n\t\t\t\t\t\t\t\t\t\t\t\t\t\t\t<h2 class=\"wprpsp-post-title\">\r\n\t\t\t\t\t\t\t\t\t<a href=\"https:\/\/blog.holyart.it\/de\/heilige-und-selige\/festtag-des-heiligen-franziskus-800-jaehriges-jubilaeum-und-anerkennung-als-nationalfeiertag-in-italien\/\" target=\"_self\">Festtag des Heiligen Franziskus: 800-j\u00e4hriges Jubil\u00e4um und Anerkennung als Nationalfeiertag in Italien<\/a>\r\n\t\t\t\t\t\t\t\t<\/h2>\r\n\t\t\t\t\t\t\t\t\t\t\t\t\t\t\t<div class=\"wprpsp-post-date\">\r\n\t\t\t\t\t\t\t\t\t\t\t\t\t\t\t\t\t\t\t\t\t\t\t\t\t\t\t1 April 2026\t\t\t\t\t\t\t\t<\/div>\r\n\t\t\t\t\t\t\t\t\t\t\t\t\t<\/div>\r\n\t\t\t\t\t<\/div>\r\n\t\t\t\t<\/div>\r\n\t\t\t<\/div>\r\n\t\t<\/div>\r\n\r\n\t\t<div class=\"wprpsp-post-slides wprpsp-clr-3 wprpsp-medium-3 wprpsp-columns\">\r\n\t\t\t<a class=\"wprpsp-link-overlay wprpsp-post-link\" href=\"https:\/\/blog.holyart.it\/de\/devotionalien\/jesus-der-gute-hirte-warum-der-vergleich\/\" target=\"_self\"><\/a>\r\n\t\t\t<div class=\"wprpsp-post-grid-cnt\">\r\n\t\t\t\t<div class=\"wprpsp-post-overlay\">\r\n\t\t\t\t\t<div class=\"wprpsp-post-image-wrap wprpsp-post-image-bg\" style=\"\">\r\n\t\t\t\t\t\t\t\t\t\t\t\t\t<img decoding=\"async\" src=\"https:\/\/blog.holyart.it\/de\/wp-content\/uploads\/sites\/12\/2026\/03\/Jesus-der-gute-Hirte.jpg\" alt=\"Jesus, der gute Hirte: Warum der Vergleich?\" class=\"wprpsp-post-img\" \/>\r\n\t\t\t\t\t\t\t\t\t\t\t<\/div>\r\n\t\t\t\t\t<div class=\"wprpsp-post-short-cnt\">\r\n\t\t\t\t\t\t\t\t\t\t\t\t\t<div class=\"wprpsp-post-cats-wrap\"><ul class=\"post-categories wprpsp-post-categories\"><li><a href=\"https:\/\/blog.holyart.it\/de\/devotionalien\/\" rel=\"category\"> Religion <\/a><\/li><\/ul><\/div>\r\n\t\t\t\t\t\t\t\t\t\t\t\t<div class=\"wprpsp-bottom-content\">\r\n\t\t\t\t\t\t\t\t\t\t\t\t\t\t\t<h2 class=\"wprpsp-post-title\">\r\n\t\t\t\t\t\t\t\t\t<a href=\"https:\/\/blog.holyart.it\/de\/devotionalien\/jesus-der-gute-hirte-warum-der-vergleich\/\" target=\"_self\">Jesus, der gute Hirte: Warum der Vergleich?<\/a>\r\n\t\t\t\t\t\t\t\t<\/h2>\r\n\t\t\t\t\t\t\t\t\t\t\t\t\t\t\t<div class=\"wprpsp-post-date\">\r\n\t\t\t\t\t\t\t\t\t\t\t\t\t\t\t\t\t\t\t\t\t\t\t\t\t\t\t30 M\u00e4rz 2026\t\t\t\t\t\t\t\t<\/div>\r\n\t\t\t\t\t\t\t\t\t\t\t\t\t<\/div>\r\n\t\t\t\t\t<\/div>\r\n\t\t\t\t<\/div>\r\n\t\t\t<\/div>\r\n\t\t<\/div>\r\n\r\n\t\t<div class=\"wprpsp-post-slides wprpsp-clr-4 wprpsp-medium-4 wprpsp-columns\">\r\n\t\t\t<a class=\"wprpsp-link-overlay wprpsp-post-link\" href=\"https:\/\/blog.holyart.it\/de\/ostern\/die-zeremonien-der-karwoche\/\" target=\"_self\"><\/a>\r\n\t\t\t<div class=\"wprpsp-post-grid-cnt\">\r\n\t\t\t\t<div class=\"wprpsp-post-overlay\">\r\n\t\t\t\t\t<div class=\"wprpsp-post-image-wrap wprpsp-post-image-bg\" style=\"\">\r\n\t\t\t\t\t\t\t\t\t\t\t\t\t<img decoding=\"async\" src=\"https:\/\/blog.holyart.it\/de\/wp-content\/uploads\/sites\/12\/2026\/03\/Die-Zeremonien-der-Karwoche.jpg\" alt=\"Die Zeremonien der Karwoche\" class=\"wprpsp-post-img\" \/>\r\n\t\t\t\t\t\t\t\t\t\t\t<\/div>\r\n\t\t\t\t\t<div class=\"wprpsp-post-short-cnt\">\r\n\t\t\t\t\t\t\t\t\t\t\t\t\t<div class=\"wprpsp-post-cats-wrap\"><ul class=\"post-categories wprpsp-post-categories\"><li><a href=\"https:\/\/blog.holyart.it\/de\/ostern\/\" rel=\"category\"> Ostern <\/a><\/li><\/ul><\/div>\r\n\t\t\t\t\t\t\t\t\t\t\t\t<div class=\"wprpsp-bottom-content\">\r\n\t\t\t\t\t\t\t\t\t\t\t\t\t\t\t<h2 class=\"wprpsp-post-title\">\r\n\t\t\t\t\t\t\t\t\t<a href=\"https:\/\/blog.holyart.it\/de\/ostern\/die-zeremonien-der-karwoche\/\" target=\"_self\">Die Zeremonien der Karwoche<\/a>\r\n\t\t\t\t\t\t\t\t<\/h2>\r\n\t\t\t\t\t\t\t\t\t\t\t\t\t\t\t<div class=\"wprpsp-post-date\">\r\n\t\t\t\t\t\t\t\t\t\t\t\t\t\t\t\t\t\t\t\t\t\t\t\t\t\t\t25 M\u00e4rz 2026\t\t\t\t\t\t\t\t<\/div>\r\n\t\t\t\t\t\t\t\t\t\t\t\t\t<\/div>\r\n\t\t\t\t\t<\/div>\r\n\t\t\t\t<\/div>\r\n\t\t\t<\/div>\r\n\t\t<\/div>\r\n\r\n\t\t<div class=\"wprpsp-post-slides wprpsp-clr-5 wprpsp-medium-4 wprpsp-columns\">\r\n\t\t\t<a class=\"wprpsp-link-overlay wprpsp-post-link\" href=\"https:\/\/blog.holyart.it\/de\/devotionalien\/um-ein-wunder-bitten-ein-weg-des-glaubens-und-des-gebets\/\" target=\"_self\"><\/a>\r\n\t\t\t<div class=\"wprpsp-post-grid-cnt\">\r\n\t\t\t\t<div class=\"wprpsp-post-overlay\">\r\n\t\t\t\t\t<div class=\"wprpsp-post-image-wrap wprpsp-post-image-bg\" style=\"\">\r\n\t\t\t\t\t\t\t\t\t\t\t\t\t<img decoding=\"async\" src=\"https:\/\/blog.holyart.it\/de\/wp-content\/uploads\/sites\/12\/2026\/03\/Um-ein-Wunder-bitten.jpg\" alt=\"Um ein Wunder bitten: ein Weg des Glaubens und des Gebets\" class=\"wprpsp-post-img\" \/>\r\n\t\t\t\t\t\t\t\t\t\t\t<\/div>\r\n\t\t\t\t\t<div class=\"wprpsp-post-short-cnt\">\r\n\t\t\t\t\t\t\t\t\t\t\t\t\t<div class=\"wprpsp-post-cats-wrap\"><ul class=\"post-categories wprpsp-post-categories\"><li><a href=\"https:\/\/blog.holyart.it\/de\/devotionalien\/\" rel=\"category\"> Religion <\/a><\/li><\/ul><\/div>\r\n\t\t\t\t\t\t\t\t\t\t\t\t<div class=\"wprpsp-bottom-content\">\r\n\t\t\t\t\t\t\t\t\t\t\t\t\t\t\t<h2 class=\"wprpsp-post-title\">\r\n\t\t\t\t\t\t\t\t\t<a href=\"https:\/\/blog.holyart.it\/de\/devotionalien\/um-ein-wunder-bitten-ein-weg-des-glaubens-und-des-gebets\/\" target=\"_self\">Um ein Wunder bitten: ein Weg des Glaubens und des Gebets<\/a>\r\n\t\t\t\t\t\t\t\t<\/h2>\r\n\t\t\t\t\t\t\t\t\t\t\t\t\t\t\t<div class=\"wprpsp-post-date\">\r\n\t\t\t\t\t\t\t\t\t\t\t\t\t\t\t\t\t\t\t\t\t\t\t\t\t\t\t23 M\u00e4rz 2026\t\t\t\t\t\t\t\t<\/div>\r\n\t\t\t\t\t\t\t\t\t\t\t\t\t<\/div>\r\n\t\t\t\t\t<\/div>\r\n\t\t\t\t<\/div>\r\n\t\t\t<\/div>\r\n\t\t<\/div>\r\n\r\n\t\t<div class=\"wprpsp-post-slides wprpsp-clr-6 wprpsp-medium-4 wprpsp-columns\">\r\n\t\t\t<a class=\"wprpsp-link-overlay wprpsp-post-link\" href=\"https:\/\/blog.holyart.it\/de\/devotionalien\/verkuendigung-des-herrn-warum-wir-den-25-maerz-feiern\/\" target=\"_self\"><\/a>\r\n\t\t\t<div class=\"wprpsp-post-grid-cnt\">\r\n\t\t\t\t<div class=\"wprpsp-post-overlay\">\r\n\t\t\t\t\t<div class=\"wprpsp-post-image-wrap wprpsp-post-image-bg\" style=\"\">\r\n\t\t\t\t\t\t\t\t\t\t\t\t\t<img decoding=\"async\" src=\"https:\/\/blog.holyart.it\/de\/wp-content\/uploads\/sites\/12\/2026\/03\/Verkuendigung-des-Herrn-2.jpg\" alt=\"Verk\u00fcndigung des Herrn: warum wir den 25. M\u00e4rz feiern\" class=\"wprpsp-post-img\" \/>\r\n\t\t\t\t\t\t\t\t\t\t\t<\/div>\r\n\t\t\t\t\t<div class=\"wprpsp-post-short-cnt\">\r\n\t\t\t\t\t\t\t\t\t\t\t\t\t<div class=\"wprpsp-post-cats-wrap\"><ul class=\"post-categories wprpsp-post-categories\"><li><a href=\"https:\/\/blog.holyart.it\/de\/devotionalien\/\" rel=\"category\"> Religion <\/a><\/li><\/ul><\/div>\r\n\t\t\t\t\t\t\t\t\t\t\t\t<div class=\"wprpsp-bottom-content\">\r\n\t\t\t\t\t\t\t\t\t\t\t\t\t\t\t<h2 class=\"wprpsp-post-title\">\r\n\t\t\t\t\t\t\t\t\t<a href=\"https:\/\/blog.holyart.it\/de\/devotionalien\/verkuendigung-des-herrn-warum-wir-den-25-maerz-feiern\/\" target=\"_self\">Verk\u00fcndigung des Herrn: warum wir den 25. M\u00e4rz feiern<\/a>\r\n\t\t\t\t\t\t\t\t<\/h2>\r\n\t\t\t\t\t\t\t\t\t\t\t\t\t\t\t<div class=\"wprpsp-post-date\">\r\n\t\t\t\t\t\t\t\t\t\t\t\t\t\t\t\t\t\t\t\t\t\t\t\t\t\t\t18 M\u00e4rz 2026\t\t\t\t\t\t\t\t<\/div>\r\n\t\t\t\t\t\t\t\t\t\t\t\t\t<\/div>\r\n\t\t\t\t\t<\/div>\r\n\t\t\t\t<\/div>\r\n\t\t\t<\/div>\r\n\t\t<\/div>\r\n<\/div>\r\n\t<div class=\"wprpsp-grid-slider-wrp\">\r\n\r\n\t\t<div class=\"wprpsp-post-slides wprpsp-clr-1 wprpsp-medium-3 wprpsp-columns\">\r\n\t\t\t<a class=\"wprpsp-link-overlay wprpsp-post-link\" href=\"https:\/\/blog.holyart.it\/de\/devotionalien\/die-marianischen-dogmen-und-ihre-bedeutung-fuer-den-glauben\/\" target=\"_self\"><\/a>\r\n\t\t\t<div class=\"wprpsp-post-grid-cnt\">\r\n\t\t\t\t<div class=\"wprpsp-post-overlay\">\r\n\t\t\t\t\t<div class=\"wprpsp-post-image-wrap wprpsp-post-image-bg\" style=\"\">\r\n\t\t\t\t\t\t\t\t\t\t\t\t\t<img decoding=\"async\" src=\"https:\/\/blog.holyart.it\/de\/wp-content\/uploads\/sites\/12\/2026\/03\/Die-marianischen-Dogmen.jpg\" alt=\"Die marianischen Dogmen und ihre Bedeutung f\u00fcr den Glauben\" class=\"wprpsp-post-img\" \/>\r\n\t\t\t\t\t\t\t\t\t\t\t<\/div>\r\n\t\t\t\t\t<div class=\"wprpsp-post-short-cnt\">\r\n\t\t\t\t\t\t\t\t\t\t\t\t\t<div class=\"wprpsp-post-cats-wrap\"><ul class=\"post-categories wprpsp-post-categories\"><li><a href=\"https:\/\/blog.holyart.it\/de\/devotionalien\/\" rel=\"category\"> Religion <\/a><\/li><\/ul><\/div>\r\n\t\t\t\t\t\t\t\t\t\t\t\t<div class=\"wprpsp-bottom-content\">\r\n\t\t\t\t\t\t\t\t\t\t\t\t\t\t\t<h2 class=\"wprpsp-post-title\">\r\n\t\t\t\t\t\t\t\t\t<a href=\"https:\/\/blog.holyart.it\/de\/devotionalien\/die-marianischen-dogmen-und-ihre-bedeutung-fuer-den-glauben\/\" target=\"_self\">Die marianischen Dogmen und ihre Bedeutung f\u00fcr den Glauben<\/a>\r\n\t\t\t\t\t\t\t\t<\/h2>\r\n\t\t\t\t\t\t\t\t\t\t\t\t\t\t\t<div class=\"wprpsp-post-date\">\r\n\t\t\t\t\t\t\t\t\t\t\t\t\t\t\t\t\t\t\t\t\t\t\t\t\t\t\t16 M\u00e4rz 2026\t\t\t\t\t\t\t\t<\/div>\r\n\t\t\t\t\t\t\t\t\t\t\t\t\t<\/div>\r\n\t\t\t\t\t<\/div>\r\n\t\t\t\t<\/div>\r\n\t\t\t<\/div>\r\n\t\t<\/div>\r\n\r\n\t\t<div class=\"wprpsp-post-slides wprpsp-clr-2 wprpsp-medium-6 wprpsp-columns\">\r\n\t\t\t<a class=\"wprpsp-link-overlay wprpsp-post-link\" href=\"https:\/\/blog.holyart.it\/de\/devotionalien\/von-der-kirche-anerkannte-wunder-alle-heilungen-und-wundersamen-ereignisse\/\" target=\"_self\"><\/a>\r\n\t\t\t<div class=\"wprpsp-post-grid-cnt\">\r\n\t\t\t\t<div class=\"wprpsp-post-overlay\">\r\n\t\t\t\t\t<div class=\"wprpsp-post-image-wrap wprpsp-post-image-bg\" style=\"\">\r\n\t\t\t\t\t\t\t\t\t\t\t\t\t<img decoding=\"async\" src=\"https:\/\/blog.holyart.it\/de\/wp-content\/uploads\/sites\/12\/2026\/03\/Von-der-Kirche-anerkannte-Wunder.jpg\" alt=\"Von der Kirche anerkannte Wunder: alle Heilungen und wundersamen Ereignisse\" class=\"wprpsp-post-img\" \/>\r\n\t\t\t\t\t\t\t\t\t\t\t<\/div>\r\n\t\t\t\t\t<div class=\"wprpsp-post-short-cnt\">\r\n\t\t\t\t\t\t\t\t\t\t\t\t\t<div class=\"wprpsp-post-cats-wrap\"><ul class=\"post-categories wprpsp-post-categories\"><li><a href=\"https:\/\/blog.holyart.it\/de\/devotionalien\/\" rel=\"category\"> Religion <\/a><\/li><\/ul><\/div>\r\n\t\t\t\t\t\t\t\t\t\t\t\t<div class=\"wprpsp-bottom-content\">\r\n\t\t\t\t\t\t\t\t\t\t\t\t\t\t\t<h2 class=\"wprpsp-post-title\">\r\n\t\t\t\t\t\t\t\t\t<a href=\"https:\/\/blog.holyart.it\/de\/devotionalien\/von-der-kirche-anerkannte-wunder-alle-heilungen-und-wundersamen-ereignisse\/\" target=\"_self\">Von der Kirche anerkannte Wunder: alle Heilungen und wundersamen Ereignisse<\/a>\r\n\t\t\t\t\t\t\t\t<\/h2>\r\n\t\t\t\t\t\t\t\t\t\t\t\t\t\t\t<div class=\"wprpsp-post-date\">\r\n\t\t\t\t\t\t\t\t\t\t\t\t\t\t\t\t\t\t\t\t\t\t\t\t\t\t\t11 M\u00e4rz 2026\t\t\t\t\t\t\t\t<\/div>\r\n\t\t\t\t\t\t\t\t\t\t\t\t\t<\/div>\r\n\t\t\t\t\t<\/div>\r\n\t\t\t\t<\/div>\r\n\t\t\t<\/div>\r\n\t\t<\/div>\r\n\r\n\t\t<div class=\"wprpsp-post-slides wprpsp-clr-3 wprpsp-medium-3 wprpsp-columns\">\r\n\t\t\t<a class=\"wprpsp-link-overlay wprpsp-post-link\" href=\"https:\/\/blog.holyart.it\/de\/devotionalien\/annullierung-der-ehe-wann-sie-von-der-katholischen-kirche-zugelassen-wird\/\" target=\"_self\"><\/a>\r\n\t\t\t<div class=\"wprpsp-post-grid-cnt\">\r\n\t\t\t\t<div class=\"wprpsp-post-overlay\">\r\n\t\t\t\t\t<div class=\"wprpsp-post-image-wrap wprpsp-post-image-bg\" style=\"\">\r\n\t\t\t\t\t\t\t\t\t\t\t\t\t<img decoding=\"async\" src=\"https:\/\/blog.holyart.it\/de\/wp-content\/uploads\/sites\/12\/2026\/03\/Annullierung-der-Ehe.jpg\" alt=\"Annullierung der Ehe: wann sie von der katholischen Kirche zugelassen wird\" class=\"wprpsp-post-img\" \/>\r\n\t\t\t\t\t\t\t\t\t\t\t<\/div>\r\n\t\t\t\t\t<div class=\"wprpsp-post-short-cnt\">\r\n\t\t\t\t\t\t\t\t\t\t\t\t\t<div class=\"wprpsp-post-cats-wrap\"><ul class=\"post-categories wprpsp-post-categories\"><li><a href=\"https:\/\/blog.holyart.it\/de\/devotionalien\/\" rel=\"category\"> Religion <\/a><\/li><\/ul><\/div>\r\n\t\t\t\t\t\t\t\t\t\t\t\t<div class=\"wprpsp-bottom-content\">\r\n\t\t\t\t\t\t\t\t\t\t\t\t\t\t\t<h2 class=\"wprpsp-post-title\">\r\n\t\t\t\t\t\t\t\t\t<a href=\"https:\/\/blog.holyart.it\/de\/devotionalien\/annullierung-der-ehe-wann-sie-von-der-katholischen-kirche-zugelassen-wird\/\" target=\"_self\">Annullierung der Ehe: wann sie von der katholischen Kirche zugelassen wird<\/a>\r\n\t\t\t\t\t\t\t\t<\/h2>\r\n\t\t\t\t\t\t\t\t\t\t\t\t\t\t\t<div class=\"wprpsp-post-date\">\r\n\t\t\t\t\t\t\t\t\t\t\t\t\t\t\t\t\t\t\t\t\t\t\t\t\t\t\t9 M\u00e4rz 2026\t\t\t\t\t\t\t\t<\/div>\r\n\t\t\t\t\t\t\t\t\t\t\t\t\t<\/div>\r\n\t\t\t\t\t<\/div>\r\n\t\t\t\t<\/div>\r\n\t\t\t<\/div>\r\n\t\t<\/div>\r\n\r\n\t\t<div class=\"wprpsp-post-slides wprpsp-clr-4 wprpsp-medium-4 wprpsp-columns\">\r\n\t\t\t<a class=\"wprpsp-link-overlay wprpsp-post-link\" href=\"https:\/\/blog.holyart.it\/de\/heilige-und-selige\/heilige-suender-die-beruehmtesten-bekehrungen\/\" target=\"_self\"><\/a>\r\n\t\t\t<div class=\"wprpsp-post-grid-cnt\">\r\n\t\t\t\t<div class=\"wprpsp-post-overlay\">\r\n\t\t\t\t\t<div class=\"wprpsp-post-image-wrap wprpsp-post-image-bg\" style=\"\">\r\n\t\t\t\t\t\t\t\t\t\t\t\t\t<img decoding=\"async\" src=\"https:\/\/blog.holyart.it\/de\/wp-content\/uploads\/sites\/12\/2026\/02\/Heilige-Suender.jpg\" alt=\"Heilige S\u00fcnder: Die ber\u00fchmtesten Bekehrungen\" class=\"wprpsp-post-img\" \/>\r\n\t\t\t\t\t\t\t\t\t\t\t<\/div>\r\n\t\t\t\t\t<div class=\"wprpsp-post-short-cnt\">\r\n\t\t\t\t\t\t\t\t\t\t\t\t\t<div class=\"wprpsp-post-cats-wrap\"><ul class=\"post-categories wprpsp-post-categories\"><li><a href=\"https:\/\/blog.holyart.it\/de\/heilige-und-selige\/\" rel=\"category\"> Heilige und Selige <\/a><\/li><\/ul><\/div>\r\n\t\t\t\t\t\t\t\t\t\t\t\t<div class=\"wprpsp-bottom-content\">\r\n\t\t\t\t\t\t\t\t\t\t\t\t\t\t\t<h2 class=\"wprpsp-post-title\">\r\n\t\t\t\t\t\t\t\t\t<a href=\"https:\/\/blog.holyart.it\/de\/heilige-und-selige\/heilige-suender-die-beruehmtesten-bekehrungen\/\" target=\"_self\">Heilige S\u00fcnder: Die ber\u00fchmtesten Bekehrungen<\/a>\r\n\t\t\t\t\t\t\t\t<\/h2>\r\n\t\t\t\t\t\t\t\t\t\t\t\t\t\t\t<div class=\"wprpsp-post-date\">\r\n\t\t\t\t\t\t\t\t\t\t\t\t\t\t\t\t\t\t\t\t\t\t\t\t\t\t\t4 M\u00e4rz 2026\t\t\t\t\t\t\t\t<\/div>\r\n\t\t\t\t\t\t\t\t\t\t\t\t\t<\/div>\r\n\t\t\t\t\t<\/div>\r\n\t\t\t\t<\/div>\r\n\t\t\t<\/div>\r\n\t\t<\/div>\r\n\r\n\t\t<div class=\"wprpsp-post-slides wprpsp-clr-5 wprpsp-medium-4 wprpsp-columns\">\r\n\t\t\t<a class=\"wprpsp-link-overlay wprpsp-post-link\" href=\"https:\/\/blog.holyart.it\/de\/devotionalien\/holzpflege-wie-man-holz-ueber-jahre-hinweg-pflegt\/\" target=\"_self\"><\/a>\r\n\t\t\t<div class=\"wprpsp-post-grid-cnt\">\r\n\t\t\t\t<div class=\"wprpsp-post-overlay\">\r\n\t\t\t\t\t<div class=\"wprpsp-post-image-wrap wprpsp-post-image-bg\" style=\"\">\r\n\t\t\t\t\t\t\t\t\t\t\t\t\t<img decoding=\"async\" src=\"https:\/\/blog.holyart.it\/de\/wp-content\/uploads\/sites\/12\/2026\/02\/Holzpflege.jpg\" alt=\"Holzpflege: Wie man Holz \u00fcber Jahre hinweg pflegt\" class=\"wprpsp-post-img\" \/>\r\n\t\t\t\t\t\t\t\t\t\t\t<\/div>\r\n\t\t\t\t\t<div class=\"wprpsp-post-short-cnt\">\r\n\t\t\t\t\t\t\t\t\t\t\t\t\t<div class=\"wprpsp-post-cats-wrap\"><ul class=\"post-categories wprpsp-post-categories\"><li><a href=\"https:\/\/blog.holyart.it\/de\/devotionalien\/\" rel=\"category\"> Religion <\/a><\/li><\/ul><\/div>\r\n\t\t\t\t\t\t\t\t\t\t\t\t<div class=\"wprpsp-bottom-content\">\r\n\t\t\t\t\t\t\t\t\t\t\t\t\t\t\t<h2 class=\"wprpsp-post-title\">\r\n\t\t\t\t\t\t\t\t\t<a href=\"https:\/\/blog.holyart.it\/de\/devotionalien\/holzpflege-wie-man-holz-ueber-jahre-hinweg-pflegt\/\" target=\"_self\">Holzpflege: Wie man Holz \u00fcber Jahre hinweg pflegt<\/a>\r\n\t\t\t\t\t\t\t\t<\/h2>\r\n\t\t\t\t\t\t\t\t\t\t\t\t\t\t\t<div class=\"wprpsp-post-date\">\r\n\t\t\t\t\t\t\t\t\t\t\t\t\t\t\t\t\t\t\t\t\t\t\t\t\t\t\t2 M\u00e4rz 2026\t\t\t\t\t\t\t\t<\/div>\r\n\t\t\t\t\t\t\t\t\t\t\t\t\t<\/div>\r\n\t\t\t\t\t<\/div>\r\n\t\t\t\t<\/div>\r\n\t\t\t<\/div>\r\n\t\t<\/div>\r\n\r\n\t\t<div class=\"wprpsp-post-slides wprpsp-clr-6 wprpsp-medium-4 wprpsp-columns\">\r\n\t\t\t<a class=\"wprpsp-link-overlay wprpsp-post-link\" href=\"https:\/\/blog.holyart.it\/de\/devotionalien\/der-heilige-guertel-eine-der-wertvollsten-reliquien-der-madonna-in-italien\/\" target=\"_self\"><\/a>\r\n\t\t\t<div class=\"wprpsp-post-grid-cnt\">\r\n\t\t\t\t<div class=\"wprpsp-post-overlay\">\r\n\t\t\t\t\t<div class=\"wprpsp-post-image-wrap wprpsp-post-image-bg\" style=\"\">\r\n\t\t\t\t\t\t\t\t\t\t\t\t\t<img decoding=\"async\" src=\"https:\/\/blog.holyart.it\/de\/wp-content\/uploads\/sites\/12\/2026\/02\/Der-Heilige-Guertel.jpg\" alt=\"Der Heilige G\u00fcrtel: eine der wertvollsten Reliquien der Madonna in Italien\" class=\"wprpsp-post-img\" \/>\r\n\t\t\t\t\t\t\t\t\t\t\t<\/div>\r\n\t\t\t\t\t<div class=\"wprpsp-post-short-cnt\">\r\n\t\t\t\t\t\t\t\t\t\t\t\t\t<div class=\"wprpsp-post-cats-wrap\"><ul class=\"post-categories wprpsp-post-categories\"><li><a href=\"https:\/\/blog.holyart.it\/de\/devotionalien\/\" rel=\"category\"> Religion <\/a><\/li><\/ul><\/div>\r\n\t\t\t\t\t\t\t\t\t\t\t\t<div class=\"wprpsp-bottom-content\">\r\n\t\t\t\t\t\t\t\t\t\t\t\t\t\t\t<h2 class=\"wprpsp-post-title\">\r\n\t\t\t\t\t\t\t\t\t<a href=\"https:\/\/blog.holyart.it\/de\/devotionalien\/der-heilige-guertel-eine-der-wertvollsten-reliquien-der-madonna-in-italien\/\" target=\"_self\">Der Heilige G\u00fcrtel: eine der wertvollsten Reliquien der Madonna in Italien<\/a>\r\n\t\t\t\t\t\t\t\t<\/h2>\r\n\t\t\t\t\t\t\t\t\t\t\t\t\t\t\t<div class=\"wprpsp-post-date\">\r\n\t\t\t\t\t\t\t\t\t\t\t\t\t\t\t\t\t\t\t\t\t\t\t\t\t\t\t25 Februar 2026\t\t\t\t\t\t\t\t<\/div>\r\n\t\t\t\t\t\t\t\t\t\t\t\t\t<\/div>\r\n\t\t\t\t\t<\/div>\r\n\t\t\t\t<\/div>\r\n\t\t\t<\/div>\r\n\t\t<\/div>\r\n<\/div>\r\n\t<div class=\"wprpsp-grid-slider-wrp\">\r\n\r\n\t\t<div class=\"wprpsp-post-slides wprpsp-clr-1 wprpsp-medium-3 wprpsp-columns\">\r\n\t\t\t<a class=\"wprpsp-link-overlay wprpsp-post-link\" href=\"https:\/\/blog.holyart.it\/de\/klostern\/nonnentrachten-fuer-jeden-orden-eine-farbe\/\" target=\"_self\"><\/a>\r\n\t\t\t<div class=\"wprpsp-post-grid-cnt\">\r\n\t\t\t\t<div class=\"wprpsp-post-overlay\">\r\n\t\t\t\t\t<div class=\"wprpsp-post-image-wrap wprpsp-post-image-bg\" style=\"\">\r\n\t\t\t\t\t\t\t\t\t\t\t\t\t<img decoding=\"async\" src=\"https:\/\/blog.holyart.it\/de\/wp-content\/uploads\/sites\/12\/2026\/02\/Nonnentrachten.jpg\" alt=\"Nonnentrachten: F\u00fcr jeden Orden eine Farbe\" class=\"wprpsp-post-img\" \/>\r\n\t\t\t\t\t\t\t\t\t\t\t<\/div>\r\n\t\t\t\t\t<div class=\"wprpsp-post-short-cnt\">\r\n\t\t\t\t\t\t\t\t\t\t\t\t\t<div class=\"wprpsp-post-cats-wrap\"><ul class=\"post-categories wprpsp-post-categories\"><li><a href=\"https:\/\/blog.holyart.it\/de\/klostern\/\" rel=\"category\"> Kl\u00f6stern <\/a><\/li><\/ul><\/div>\r\n\t\t\t\t\t\t\t\t\t\t\t\t<div class=\"wprpsp-bottom-content\">\r\n\t\t\t\t\t\t\t\t\t\t\t\t\t\t\t<h2 class=\"wprpsp-post-title\">\r\n\t\t\t\t\t\t\t\t\t<a href=\"https:\/\/blog.holyart.it\/de\/klostern\/nonnentrachten-fuer-jeden-orden-eine-farbe\/\" target=\"_self\">Nonnentrachten: F\u00fcr jeden Orden eine Farbe<\/a>\r\n\t\t\t\t\t\t\t\t<\/h2>\r\n\t\t\t\t\t\t\t\t\t\t\t\t\t\t\t<div class=\"wprpsp-post-date\">\r\n\t\t\t\t\t\t\t\t\t\t\t\t\t\t\t\t\t\t\t\t\t\t\t\t\t\t\t23 Februar 2026\t\t\t\t\t\t\t\t<\/div>\r\n\t\t\t\t\t\t\t\t\t\t\t\t\t<\/div>\r\n\t\t\t\t\t<\/div>\r\n\t\t\t\t<\/div>\r\n\t\t\t<\/div>\r\n\t\t<\/div>\r\n\r\n\t\t<div class=\"wprpsp-post-slides wprpsp-clr-2 wprpsp-medium-6 wprpsp-columns\">\r\n\t\t\t<a class=\"wprpsp-link-overlay wprpsp-post-link\" href=\"https:\/\/blog.holyart.it\/de\/devotionalien\/palo-santo-eigenschaften-und-vorteile-seines-wertvollen-holzes\/\" target=\"_self\"><\/a>\r\n\t\t\t<div class=\"wprpsp-post-grid-cnt\">\r\n\t\t\t\t<div class=\"wprpsp-post-overlay\">\r\n\t\t\t\t\t<div class=\"wprpsp-post-image-wrap wprpsp-post-image-bg\" style=\"\">\r\n\t\t\t\t\t\t\t\t\t\t\t\t\t<img decoding=\"async\" src=\"https:\/\/blog.holyart.it\/de\/wp-content\/uploads\/sites\/12\/2026\/02\/Palo-Santo-Eigenschaften-und-Vorteile-seines-wertvollen-Holzes.jpeg\" alt=\"Palo Santo: Eigenschaften und Vorteile seines wertvollen Holzes\" class=\"wprpsp-post-img\" \/>\r\n\t\t\t\t\t\t\t\t\t\t\t<\/div>\r\n\t\t\t\t\t<div class=\"wprpsp-post-short-cnt\">\r\n\t\t\t\t\t\t\t\t\t\t\t\t\t<div class=\"wprpsp-post-cats-wrap\"><ul class=\"post-categories wprpsp-post-categories\"><li><a href=\"https:\/\/blog.holyart.it\/de\/devotionalien\/\" rel=\"category\"> Religion <\/a><\/li><\/ul><\/div>\r\n\t\t\t\t\t\t\t\t\t\t\t\t<div class=\"wprpsp-bottom-content\">\r\n\t\t\t\t\t\t\t\t\t\t\t\t\t\t\t<h2 class=\"wprpsp-post-title\">\r\n\t\t\t\t\t\t\t\t\t<a href=\"https:\/\/blog.holyart.it\/de\/devotionalien\/palo-santo-eigenschaften-und-vorteile-seines-wertvollen-holzes\/\" target=\"_self\">Palo Santo: Eigenschaften und Vorteile seines wertvollen Holzes<\/a>\r\n\t\t\t\t\t\t\t\t<\/h2>\r\n\t\t\t\t\t\t\t\t\t\t\t\t\t\t\t<div class=\"wprpsp-post-date\">\r\n\t\t\t\t\t\t\t\t\t\t\t\t\t\t\t\t\t\t\t\t\t\t\t\t\t\t\t18 Februar 2026\t\t\t\t\t\t\t\t<\/div>\r\n\t\t\t\t\t\t\t\t\t\t\t\t\t<\/div>\r\n\t\t\t\t\t<\/div>\r\n\t\t\t\t<\/div>\r\n\t\t\t<\/div>\r\n\t\t<\/div>\r\n\r\n\t\t<div class=\"wprpsp-post-slides wprpsp-clr-3 wprpsp-medium-3 wprpsp-columns\">\r\n\t\t\t<a class=\"wprpsp-link-overlay wprpsp-post-link\" href=\"https:\/\/blog.holyart.it\/de\/devotionalien\/lampe-fuer-das-allerheiligste-anleitung-zur-verwendung\/\" target=\"_self\"><\/a>\r\n\t\t\t<div class=\"wprpsp-post-grid-cnt\">\r\n\t\t\t\t<div class=\"wprpsp-post-overlay\">\r\n\t\t\t\t\t<div class=\"wprpsp-post-image-wrap wprpsp-post-image-bg\" style=\"\">\r\n\t\t\t\t\t\t\t\t\t\t\t\t\t<img decoding=\"async\" src=\"https:\/\/blog.holyart.it\/de\/wp-content\/uploads\/sites\/12\/2026\/02\/Lampe-fuer-das-Allerheiligste.jpeg\" alt=\"Lampe f\u00fcr das Allerheiligste: Anleitung zur Verwendung\" class=\"wprpsp-post-img\" \/>\r\n\t\t\t\t\t\t\t\t\t\t\t<\/div>\r\n\t\t\t\t\t<div class=\"wprpsp-post-short-cnt\">\r\n\t\t\t\t\t\t\t\t\t\t\t\t\t<div class=\"wprpsp-post-cats-wrap\"><ul class=\"post-categories wprpsp-post-categories\"><li><a href=\"https:\/\/blog.holyart.it\/de\/devotionalien\/\" rel=\"category\"> Religion <\/a><\/li><\/ul><\/div>\r\n\t\t\t\t\t\t\t\t\t\t\t\t<div class=\"wprpsp-bottom-content\">\r\n\t\t\t\t\t\t\t\t\t\t\t\t\t\t\t<h2 class=\"wprpsp-post-title\">\r\n\t\t\t\t\t\t\t\t\t<a href=\"https:\/\/blog.holyart.it\/de\/devotionalien\/lampe-fuer-das-allerheiligste-anleitung-zur-verwendung\/\" target=\"_self\">Lampe f\u00fcr das Allerheiligste: Anleitung zur Verwendung<\/a>\r\n\t\t\t\t\t\t\t\t<\/h2>\r\n\t\t\t\t\t\t\t\t\t\t\t\t\t\t\t<div class=\"wprpsp-post-date\">\r\n\t\t\t\t\t\t\t\t\t\t\t\t\t\t\t\t\t\t\t\t\t\t\t\t\t\t\t16 Februar 2026\t\t\t\t\t\t\t\t<\/div>\r\n\t\t\t\t\t\t\t\t\t\t\t\t\t<\/div>\r\n\t\t\t\t\t<\/div>\r\n\t\t\t\t<\/div>\r\n\t\t\t<\/div>\r\n\t\t<\/div>\r\n\r\n\t\t<div class=\"wprpsp-post-slides wprpsp-clr-4 wprpsp-medium-4 wprpsp-columns\">\r\n\t\t\t<a class=\"wprpsp-link-overlay wprpsp-post-link\" href=\"https:\/\/blog.holyart.it\/de\/devotionalien\/der-stuhl-des-heiligen-petrus-die-bedeutung-des-kunstwerks-und-die-urspruenge-des-festes\/\" target=\"_self\"><\/a>\r\n\t\t\t<div class=\"wprpsp-post-grid-cnt\">\r\n\t\t\t\t<div class=\"wprpsp-post-overlay\">\r\n\t\t\t\t\t<div class=\"wprpsp-post-image-wrap wprpsp-post-image-bg\" style=\"\">\r\n\t\t\t\t\t\t\t\t\t\t\t\t\t<img decoding=\"async\" src=\"https:\/\/blog.holyart.it\/de\/wp-content\/uploads\/sites\/12\/2026\/02\/Der-Stuhl-des-Heiligen-Petrus.jpg\" alt=\"Der Stuhl des Heiligen Petrus: die Bedeutung des Kunstwerks und die Urspr\u00fcnge des Festes\" class=\"wprpsp-post-img\" \/>\r\n\t\t\t\t\t\t\t\t\t\t\t<\/div>\r\n\t\t\t\t\t<div class=\"wprpsp-post-short-cnt\">\r\n\t\t\t\t\t\t\t\t\t\t\t\t\t<div class=\"wprpsp-post-cats-wrap\"><ul class=\"post-categories wprpsp-post-categories\"><li><a href=\"https:\/\/blog.holyart.it\/de\/devotionalien\/\" rel=\"category\"> Religion <\/a><\/li><\/ul><\/div>\r\n\t\t\t\t\t\t\t\t\t\t\t\t<div class=\"wprpsp-bottom-content\">\r\n\t\t\t\t\t\t\t\t\t\t\t\t\t\t\t<h2 class=\"wprpsp-post-title\">\r\n\t\t\t\t\t\t\t\t\t<a href=\"https:\/\/blog.holyart.it\/de\/devotionalien\/der-stuhl-des-heiligen-petrus-die-bedeutung-des-kunstwerks-und-die-urspruenge-des-festes\/\" target=\"_self\">Der Stuhl des Heiligen Petrus: die Bedeutung des Kunstwerks und die Urspr\u00fcnge des Festes<\/a>\r\n\t\t\t\t\t\t\t\t<\/h2>\r\n\t\t\t\t\t\t\t\t\t\t\t\t\t\t\t<div class=\"wprpsp-post-date\">\r\n\t\t\t\t\t\t\t\t\t\t\t\t\t\t\t\t\t\t\t\t\t\t\t\t\t\t\t11 Februar 2026\t\t\t\t\t\t\t\t<\/div>\r\n\t\t\t\t\t\t\t\t\t\t\t\t\t<\/div>\r\n\t\t\t\t\t<\/div>\r\n\t\t\t\t<\/div>\r\n\t\t\t<\/div>\r\n\t\t<\/div>\r\n\r\n\t\t<div class=\"wprpsp-post-slides wprpsp-clr-5 wprpsp-medium-4 wprpsp-columns\">\r\n\t\t\t<a class=\"wprpsp-link-overlay wprpsp-post-link\" href=\"https:\/\/blog.holyart.it\/de\/devotionalien\/heiliger-faustinus-warum-wurde-er-zum-schutzpatron-der-singles\/\" target=\"_self\"><\/a>\r\n\t\t\t<div class=\"wprpsp-post-grid-cnt\">\r\n\t\t\t\t<div class=\"wprpsp-post-overlay\">\r\n\t\t\t\t\t<div class=\"wprpsp-post-image-wrap wprpsp-post-image-bg\" style=\"\">\r\n\t\t\t\t\t\t\t\t\t\t\t\t\t<img decoding=\"async\" src=\"https:\/\/blog.holyart.it\/de\/wp-content\/uploads\/sites\/12\/2026\/02\/Heiliger-Faustinus.jpeg\" alt=\"Heiliger Faustinus: Warum wurde er zum Schutzpatron der Singles?\" class=\"wprpsp-post-img\" \/>\r\n\t\t\t\t\t\t\t\t\t\t\t<\/div>\r\n\t\t\t\t\t<div class=\"wprpsp-post-short-cnt\">\r\n\t\t\t\t\t\t\t\t\t\t\t\t\t<div class=\"wprpsp-post-cats-wrap\"><ul class=\"post-categories wprpsp-post-categories\"><li><a href=\"https:\/\/blog.holyart.it\/de\/devotionalien\/\" rel=\"category\"> Religion <\/a><\/li><\/ul><\/div>\r\n\t\t\t\t\t\t\t\t\t\t\t\t<div class=\"wprpsp-bottom-content\">\r\n\t\t\t\t\t\t\t\t\t\t\t\t\t\t\t<h2 class=\"wprpsp-post-title\">\r\n\t\t\t\t\t\t\t\t\t<a href=\"https:\/\/blog.holyart.it\/de\/devotionalien\/heiliger-faustinus-warum-wurde-er-zum-schutzpatron-der-singles\/\" target=\"_self\">Heiliger Faustinus: Warum wurde er zum Schutzpatron der Singles?<\/a>\r\n\t\t\t\t\t\t\t\t<\/h2>\r\n\t\t\t\t\t\t\t\t\t\t\t\t\t\t\t<div class=\"wprpsp-post-date\">\r\n\t\t\t\t\t\t\t\t\t\t\t\t\t\t\t\t\t\t\t\t\t\t\t\t\t\t\t9 Februar 2026\t\t\t\t\t\t\t\t<\/div>\r\n\t\t\t\t\t\t\t\t\t\t\t\t\t<\/div>\r\n\t\t\t\t\t<\/div>\r\n\t\t\t\t<\/div>\r\n\t\t\t<\/div>\r\n\t\t<\/div>\r\n\r\n\t\t<div class=\"wprpsp-post-slides wprpsp-clr-6 wprpsp-medium-4 wprpsp-columns\">\r\n\t\t\t<a class=\"wprpsp-link-overlay wprpsp-post-link\" href=\"https:\/\/blog.holyart.it\/de\/devotionalien\/gesunde-ernaehrung-zur-zeit-jesu\/\" target=\"_self\"><\/a>\r\n\t\t\t<div class=\"wprpsp-post-grid-cnt\">\r\n\t\t\t\t<div class=\"wprpsp-post-overlay\">\r\n\t\t\t\t\t<div class=\"wprpsp-post-image-wrap wprpsp-post-image-bg\" style=\"\">\r\n\t\t\t\t\t\t\t\t\t\t\t\t\t<img decoding=\"async\" src=\"https:\/\/blog.holyart.it\/de\/wp-content\/uploads\/sites\/12\/2026\/02\/Gesunde-Ernaehrung-zur-Zeit-Jesu.jpg\" alt=\"Gesunde Ern\u00e4hrung zur Zeit Jesu\" class=\"wprpsp-post-img\" \/>\r\n\t\t\t\t\t\t\t\t\t\t\t<\/div>\r\n\t\t\t\t\t<div class=\"wprpsp-post-short-cnt\">\r\n\t\t\t\t\t\t\t\t\t\t\t\t\t<div class=\"wprpsp-post-cats-wrap\"><ul class=\"post-categories wprpsp-post-categories\"><li><a href=\"https:\/\/blog.holyart.it\/de\/devotionalien\/\" rel=\"category\"> Religion <\/a><\/li><\/ul><\/div>\r\n\t\t\t\t\t\t\t\t\t\t\t\t<div class=\"wprpsp-bottom-content\">\r\n\t\t\t\t\t\t\t\t\t\t\t\t\t\t\t<h2 class=\"wprpsp-post-title\">\r\n\t\t\t\t\t\t\t\t\t<a href=\"https:\/\/blog.holyart.it\/de\/devotionalien\/gesunde-ernaehrung-zur-zeit-jesu\/\" target=\"_self\">Gesunde Ern\u00e4hrung zur Zeit Jesu<\/a>\r\n\t\t\t\t\t\t\t\t<\/h2>\r\n\t\t\t\t\t\t\t\t\t\t\t\t\t\t\t<div class=\"wprpsp-post-date\">\r\n\t\t\t\t\t\t\t\t\t\t\t\t\t\t\t\t\t\t\t\t\t\t\t\t\t\t\t4 Februar 2026\t\t\t\t\t\t\t\t<\/div>\r\n\t\t\t\t\t\t\t\t\t\t\t\t\t<\/div>\r\n\t\t\t\t\t<\/div>\r\n\t\t\t\t<\/div>\r\n\t\t\t<\/div>\r\n\t\t<\/div>\r\n<\/div>\r\n\t\n<\/div>\n\t<div class=\"wprpsp-slider-conf\" data-conf=\"{&quot;dots&quot;:&quot;true&quot;,&quot;arrows&quot;:&quot;true&quot;,&quot;fade&quot;:&quot;false&quot;,&quot;autoplay&quot;:&quot;false&quot;,&quot;autoplay_interval&quot;:3000,&quot;speed&quot;:600,&quot;design&quot;:&quot;design-6&quot;,&quot;rtl&quot;:&quot;false&quot;,&quot;infinite&quot;:&quot;true&quot;}\"><\/div>\n<\/div>\n<div id=\"homepage-body\"><center><a href=\"https:\/\/www.holyart.de?utm_source=blog\"><img decoding=\"async\" class=\"banner-homepage\" style=\"margin-top: 45px;\" src=\"https:\/\/blog.holyart.it\/de\/wp-content\/uploads\/sites\/12\/2019\/10\/banner10-de.png\" alt=\"Coupon Holyart.de\" \/><\/a><\/center><center><a href=\"https:\/\/www.holyart.de?utm_source=blog\"><img decoding=\"async\" class=\"banner-homepage-mobile\" style=\"margin-top: 45px;\" src=\"https:\/\/blog.holyart.it\/de\/wp-content\/uploads\/sites\/12\/2020\/01\/banner10-de-mobile.png\" alt=\"Coupon Holyart.de\" \/><\/a><\/center><\/p>\n<h2>Religion<\/h2>\n<hr \/>\n\r\n<div class=\"wpspw-gridbox-main wpspw-design-1 wpspw-image-fit wpspw-clearfix \">\r\n\t\r\n\t<div class=\"wpspw-medium-6 wpspw-columns wpspw-left-block\">\r\n\t\t\t\t\t<div class=\"wpspw-post-image-bg\" style=\"\">\r\n\t\t\t\t<a href=\"https:\/\/blog.holyart.it\/de\/devotionalien\/die-aeltesten-bruderschaften-geschichte-und-kuriositaeten\/\" target=\"_self\">\r\n\t\t\t\t\t<img decoding=\"async\" src=\"https:\/\/blog.holyart.it\/de\/wp-content\/uploads\/sites\/12\/2026\/04\/Die-aeltesten-Bruderschaften.jpg\" alt=\"Die \u00e4ltesten Bruderschaften: Geschichte und Kuriosit\u00e4ten\" \/>\r\n\t\t\t\t<\/a>\r\n\t\t\t<\/div>\r\n\t\t\t\t\t\t\t<h2 class=\"wpspw-post-title\">\r\n\t\t\t\t<a href=\"https:\/\/blog.holyart.it\/de\/devotionalien\/die-aeltesten-bruderschaften-geschichte-und-kuriositaeten\/\" target=\"_self\">Die \u00e4ltesten Bruderschaften: Geschichte und Kuriosit\u00e4ten<\/a>\r\n\t\t\t<\/h2>\r\n\t\t\t\t\t<div class=\"wpspw-post-date\">\r\n\t\t\t\t\t\t\t\t\t\t\t\t\t\t\t\t\t<span class=\"wpspw-time\"> <img decoding=\"async\" src=\"https:\/\/blog.holyart.it\/de\/wp-content\/plugins\/blog-designer-for-post-and-widget-pro\/assets\/images\/calendar.svg\" alt=\"\" \/> 27 April 2026 <\/span>\r\n\t\t\t\t\t\t\t\t\t\t\t\t\t\t\t<\/div>\r\n\t\t\t\t\t\t\t<div class=\"wpspw-post-content\">\r\n\t\t\t\t\t\t\t\t\t<div class=\"wpspw-post-short-content\">Bruderschaften bildeten \u00fcber Jahrhunderte hinweg ein Bindeglied, das zwischen Andacht,...<\/div>\r\n\t\t\t\t\t\t\t\t\t\t\t<a href=\"https:\/\/blog.holyart.it\/de\/devotionalien\/die-aeltesten-bruderschaften-geschichte-und-kuriositaeten\/\" target=\"_self\" class=\"readmorebtn\">Mehr erfahren<\/a>\r\n\t\t\t\t\t\t\t\t\t\t\t\t<\/div>\r\n\t\t\t<\/div>\r\n\r\n\r\n\t<div class=\"wpspw-medium-6 wpspw-columns flotRight\">\r\n\t\t<div class=\"wpspw-post-right-block wpspw-medium-12 wpspw-columns\">\r\n\t\t\t\t\t\t\t<div class=\"wpspw-s-medium-3 wpspw-columns\">\r\n\t\t\t\t\t<div class=\"wpspw-post-image-bg\">\r\n\t\t\t\t\t\t<a href=\"https:\/\/blog.holyart.it\/de\/devotionalien\/die-aufgaben-des-dikasteriums-fuer-die-selig-und-heiligsprechungsprozesse\/\" target=\"_self\">\r\n\t\t\t\t\t\t\t<img decoding=\"async\" src=\"https:\/\/blog.holyart.it\/de\/wp-content\/uploads\/sites\/12\/2026\/04\/Dikasteriums-300x200.jpg\" alt=\"Die Aufgaben des Dikasteriums f\u00fcr die Selig- und Heiligsprechungsprozesse\" \/>\r\n\t\t\t\t\t\t<\/a>\r\n\t\t\t\t\t<\/div>\r\n\t\t\t\t<\/div>\r\n\t\t\t\t\t\t<div class=\"wpspw-s-medium-9 wpspw-columns \">\r\n\t\t\t\t\t\t\t\t\t<h3 class=\"wpspw-post-title\">\r\n\t\t\t\t\t\t<a href=\"https:\/\/blog.holyart.it\/de\/devotionalien\/die-aufgaben-des-dikasteriums-fuer-die-selig-und-heiligsprechungsprozesse\/\" target=\"_self\">Die Aufgaben des Dikasteriums f\u00fcr die Selig- und Heiligsprechungsprozesse<\/a>\r\n\t\t\t\t\t<\/h3>\r\n\t\t\t\t\t\t\t\t\t<div class=\"wpspw-post-date\">\r\n\t\t\t\t\t\t\t\t\t\t\t\t\t\t\t\t\t\t\t\t\t\t\t\t\t<span class=\"wpspw-time\"> <img decoding=\"async\" src=\"https:\/\/blog.holyart.it\/de\/wp-content\/plugins\/blog-designer-for-post-and-widget-pro\/assets\/images\/calendar.svg\" alt=\"\" \/> 22 April 2026 <\/span>\r\n\t\t\t\t\t\t\t\t\t\t\t\t\t\t\t\t\t\t\t\t\t\t\t<\/div>\r\n\t\t\t\t\t\t\t\t\t\t\t\t\t<div class=\"wpspw-post-content\">\r\n\t\t\t\t\t\t\t\t\t\t\t\t\t<div class=\"wpspw-post-short-content\">Was ist das Dikasterium f\u00fcr die Selig- und Heiligsprechungsprozesse, das...<\/div>\r\n\t\t\t\t\t\t\t\t\t\t\t\t\t\t\t<a href=\"https:\/\/blog.holyart.it\/de\/devotionalien\/die-aufgaben-des-dikasteriums-fuer-die-selig-und-heiligsprechungsprozesse\/\" target=\"_self\" class=\"readmorebtn\">Mehr erfahren<\/a>\r\n\t\t\t\t\t\t\t\t\t\t\t\t\t\t\t\t\t\t<\/div>\r\n\t\t\t\t\t\t\t<\/div>\r\n\t\t<\/div>\r\n\t<\/div>\r\n\r\n\t<div class=\"wpspw-medium-6 wpspw-columns flotRight\">\r\n\t\t<div class=\"wpspw-post-right-block wpspw-medium-12 wpspw-columns\">\r\n\t\t\t\t\t\t\t<div class=\"wpspw-s-medium-3 wpspw-columns\">\r\n\t\t\t\t\t<div class=\"wpspw-post-image-bg\">\r\n\t\t\t\t\t\t<a href=\"https:\/\/blog.holyart.it\/de\/devotionalien\/der-evangelist-markus-juenger-der-heiligen-petrus-und-paulus\/\" target=\"_self\">\r\n\t\t\t\t\t\t\t<img decoding=\"async\" src=\"https:\/\/blog.holyart.it\/de\/wp-content\/uploads\/sites\/12\/2026\/04\/Der-Evangelist-Markus-300x200.jpg\" alt=\"Der Evangelist Markus: J\u00fcnger der Heiligen Petrus und Paulus\" \/>\r\n\t\t\t\t\t\t<\/a>\r\n\t\t\t\t\t<\/div>\r\n\t\t\t\t<\/div>\r\n\t\t\t\t\t\t<div class=\"wpspw-s-medium-9 wpspw-columns \">\r\n\t\t\t\t\t\t\t\t\t<h3 class=\"wpspw-post-title\">\r\n\t\t\t\t\t\t<a href=\"https:\/\/blog.holyart.it\/de\/devotionalien\/der-evangelist-markus-juenger-der-heiligen-petrus-und-paulus\/\" target=\"_self\">Der Evangelist Markus: J\u00fcnger der Heiligen Petrus und Paulus<\/a>\r\n\t\t\t\t\t<\/h3>\r\n\t\t\t\t\t\t\t\t\t<div class=\"wpspw-post-date\">\r\n\t\t\t\t\t\t\t\t\t\t\t\t\t\t\t\t\t\t\t\t\t\t\t\t\t<span class=\"wpspw-time\"> <img decoding=\"async\" src=\"https:\/\/blog.holyart.it\/de\/wp-content\/plugins\/blog-designer-for-post-and-widget-pro\/assets\/images\/calendar.svg\" alt=\"\" \/> 20 April 2026 <\/span>\r\n\t\t\t\t\t\t\t\t\t\t\t\t\t\t\t\t\t\t\t\t\t\t\t<\/div>\r\n\t\t\t\t\t\t\t\t\t\t\t\t\t<div class=\"wpspw-post-content\">\r\n\t\t\t\t\t\t\t\t\t\t\t\t\t<div class=\"wpspw-post-short-content\">Der Evangelist Markus, Schutzpatron von Venedig, war Missionar mit dem...<\/div>\r\n\t\t\t\t\t\t\t\t\t\t\t\t\t\t\t<a href=\"https:\/\/blog.holyart.it\/de\/devotionalien\/der-evangelist-markus-juenger-der-heiligen-petrus-und-paulus\/\" target=\"_self\" class=\"readmorebtn\">Mehr erfahren<\/a>\r\n\t\t\t\t\t\t\t\t\t\t\t\t\t\t\t\t\t\t<\/div>\r\n\t\t\t\t\t\t\t<\/div>\r\n\t\t<\/div>\r\n\t<\/div>\r\n\r\n\t<div class=\"wpspw-medium-6 wpspw-columns flotRight\">\r\n\t\t<div class=\"wpspw-post-right-block wpspw-medium-12 wpspw-columns\">\r\n\t\t\t\t\t\t\t<div class=\"wpspw-s-medium-3 wpspw-columns\">\r\n\t\t\t\t\t<div class=\"wpspw-post-image-bg\">\r\n\t\t\t\t\t\t<a href=\"https:\/\/blog.holyart.it\/de\/devotionalien\/wende-dich-fuer-ein-dringendes-anliegen-mit-deinen-gebeten-an-den-heiligen-expeditus\/\" target=\"_self\">\r\n\t\t\t\t\t\t\t<img decoding=\"async\" src=\"https:\/\/blog.holyart.it\/de\/wp-content\/uploads\/sites\/12\/2026\/04\/Heiligen-Expeditus-2-300x200.jpg\" alt=\"Wende dich f\u00fcr ein dringendes Anliegen mit deinen Gebeten an den Heiligen Expeditus\" \/>\r\n\t\t\t\t\t\t<\/a>\r\n\t\t\t\t\t<\/div>\r\n\t\t\t\t<\/div>\r\n\t\t\t\t\t\t<div class=\"wpspw-s-medium-9 wpspw-columns \">\r\n\t\t\t\t\t\t\t\t\t<h3 class=\"wpspw-post-title\">\r\n\t\t\t\t\t\t<a href=\"https:\/\/blog.holyart.it\/de\/devotionalien\/wende-dich-fuer-ein-dringendes-anliegen-mit-deinen-gebeten-an-den-heiligen-expeditus\/\" target=\"_self\">Wende dich f\u00fcr ein dringendes Anliegen mit deinen Gebeten an den Heiligen Expeditus<\/a>\r\n\t\t\t\t\t<\/h3>\r\n\t\t\t\t\t\t\t\t\t<div class=\"wpspw-post-date\">\r\n\t\t\t\t\t\t\t\t\t\t\t\t\t\t\t\t\t\t\t\t\t\t\t\t\t<span class=\"wpspw-time\"> <img decoding=\"async\" src=\"https:\/\/blog.holyart.it\/de\/wp-content\/plugins\/blog-designer-for-post-and-widget-pro\/assets\/images\/calendar.svg\" alt=\"\" \/> 15 April 2026 <\/span>\r\n\t\t\t\t\t\t\t\t\t\t\t\t\t\t\t\t\t\t\t\t\t\t\t<\/div>\r\n\t\t\t\t\t\t\t\t\t\t\t\t\t<div class=\"wpspw-post-content\">\r\n\t\t\t\t\t\t\t\t\t\t\t\t\t<div class=\"wpspw-post-short-content\">Der M\u00e4rtyrer Expeditus wird bei dringenden und verzweifelten Anliegen angerufen....<\/div>\r\n\t\t\t\t\t\t\t\t\t\t\t\t\t\t\t<a href=\"https:\/\/blog.holyart.it\/de\/devotionalien\/wende-dich-fuer-ein-dringendes-anliegen-mit-deinen-gebeten-an-den-heiligen-expeditus\/\" target=\"_self\" class=\"readmorebtn\">Mehr erfahren<\/a>\r\n\t\t\t\t\t\t\t\t\t\t\t\t\t\t\t\t\t\t<\/div>\r\n\t\t\t\t\t\t\t<\/div>\r\n\t\t<\/div>\r\n\t<\/div>\r\n\r\n<\/div>\r\n\r\n\n<p><center><a href=\"https:\/\/www.holyart.de\/devotionalien?utm_source=blog\"><img decoding=\"async\" class=\"banner-homepage\" src=\"https:\/\/blog.holyart.it\/de\/wp-content\/uploads\/sites\/12\/2019\/10\/Banner-Holyart-CHRISTLICHE-ARTIKEL.png\" alt=\"Holyart.de - Christliche Artikel\" \/><\/a><\/center><center><a href=\"https:\/\/www.holyart.de\/devotionalien?utm_source=blog\"><img decoding=\"async\" class=\"banner-homepage-mobile\" src=\"https:\/\/blog.holyart.it\/de\/wp-content\/uploads\/sites\/12\/2020\/01\/Banner-Holyart-CHRISTLICHE-ARTIKEL-mobile.png\" alt=\"Holyart.de - Christliche Artikel\" \/><\/a><\/center><\/p>\n<h2>Liturgie<\/h2>\n<hr \/>\n\r\n<div class=\"wpspw-gridbox-main wpspw-design-4 wpspw-image-fit wpspw-clearfix \">\r\n\t\r\n\t<div class=\"wpspw-medium-12 wpspw-columns wpspw-top-block\">\r\n\t\t<div class=\"wpspw-post-image-bg\" style=\"\">\r\n\t\t\t\t\t\t\t<img decoding=\"async\" src=\"https:\/\/blog.holyart.it\/de\/wp-content\/uploads\/sites\/12\/2025\/05\/liturgisches-Zubehoer.jpeg\" alt=\"Kelche, Pyxe und Kr\u00fcgen: Wie man liturgisches Zubeh\u00f6r reinigt\" \/>\r\n\t\t\t\t\t\t<div class=\"wpspw-post-fetured-content\">\r\n\t\t\t\t<div class=\"wpspw-post-inner-content\">\r\n\t\t\t\t\t\t\t\t\t\t\t<h2 class=\"wpspw-post-title\">\r\n\t\t\t\t\t\t\t<a href=\"https:\/\/blog.holyart.it\/de\/liturgische-gerate\/kelche-pyxe-und-kruegen-wie-man-liturgisches-zubehoer-reinigt\/\" target=\"_self\">Kelche, Pyxe und Kr\u00fcgen: Wie man liturgisches Zubeh\u00f6r reinigt<\/a>\r\n\t\t\t\t\t\t<\/h2>\r\n\t\t\t\t\t\t\t\t\t\t\t<div class=\"wpspw-post-date\">\r\n\t\t\t\t\t\t\t\t\t\t\t\t\t\t\t\t\t\t\t\t\t\t\t\t\t\t\t\t\t<span class=\"wpspw-time\"> <img decoding=\"async\" src=\"https:\/\/blog.holyart.it\/de\/wp-content\/plugins\/blog-designer-for-post-and-widget-pro\/assets\/images\/calendar-white.svg\" alt=\"\" \/> 11 Juni 2025 <\/span>\r\n\t\t\t\t\t\t\t\t\t\t\t\t\t\t\t\t\t\t\t\t\t\t\t\t\t\t\t<\/div>\r\n\t\t\t\t\t\t\t\t\t\t\t<div class=\"wpspw-post-content\">\r\n\t\t\t\t\t\t\t\t\r\n\t\t\t\t\t\t\t\t<div class=\"wpspw-post-short-content\">Das liturgische Zubeh\u00f6r ist ein wesentlicher Bestandteil der Messfeier. Sie...<\/div>\r\n\t\t\t\t\t\t\t\t\t\t\t\t\t\t\t\t\t<a href=\"https:\/\/blog.holyart.it\/de\/liturgische-gerate\/kelche-pyxe-und-kruegen-wie-man-liturgisches-zubehoer-reinigt\/\" target=\"_self\" class=\"readmorebtn\">Mehr erfahren<\/a>\r\n\t\t\t\t\t\t\t\t\t\t\t\t\t\t\t\t\t\t\t\t\t<\/div>\r\n\t\t\t\t\t\t\t\t\t<\/div>\r\n\t\t\t<\/div>\r\n\t\t<\/div>\r\n\t<\/div>\r\n\t\r\n\r\n\t<div class=\"wpspw-medium-6 wpspw-columns  wpspw-first\">\r\n\t\t<div class=\"wpspw-post-right-block wpspw-medium-12 wpspw-columns\">\r\n\t\t\t\t\t\t\t<div class=\"wpspw-s-medium-3 wpspw-columns\">\r\n\t\t\t\t\t<div class=\"wpspw-post-image-bg\">\r\n\t\t\t\t\t\t<img decoding=\"async\" src=\"https:\/\/blog.holyart.it\/de\/wp-content\/uploads\/sites\/12\/2023\/09\/papst-franziskus-300x200.jpg\" alt=\"Das Gebet des Frohsinns: Das Lieblingsgebet von Papst Franziskus\" \/>\r\n\t\t\t\t\t<\/div>\r\n\t\t\t\t<\/div>\r\n\t\t\t\t\t\t<div class=\"wpspw-s-medium-9 wpspw-columns \">\r\n\t\t\t\t\t\t\t\t\t<h3 class=\"wpspw-post-title\">\r\n\t\t\t\t\t\t<a href=\"https:\/\/blog.holyart.it\/de\/devotionalien\/das-gebet-des-frohsinns-das-lieblingsgebet-von-papst-franziskus\/\" target=\"_self\">Das Gebet des Frohsinns: Das Lieblingsgebet von Papst Franziskus<\/a>\r\n\t\t\t\t\t<\/h3>\r\n\t\t\t\t\t\t\t\t\t<div class=\"wpspw-post-date\">\r\n\t\t\t\t\t\t\t\t\t\t\t\t\t\t\t\t\t\t\t\t\t\t\t\t\t<span class=\"wpspw-time\"> <img decoding=\"async\" src=\"https:\/\/blog.holyart.it\/de\/wp-content\/plugins\/blog-designer-for-post-and-widget-pro\/assets\/images\/calendar.svg\" alt=\"\" \/> 2 Oktober 2023 <\/span>\r\n\t\t\t\t\t\t\t\t\t\t\t\t\t\t\t\t\t\t\t\t\t\t\t<\/div>\r\n\t\t\t\t\t\t\t\t\t<div class=\"wpspw-post-content\">\r\n\t\t\t\t\t\t\t\t\r\n\t\t\t\t\t\t\t<div class=\"wpspw-post-short-content\">Der Oktober ist einer der Monate, die dem Rosenkranzgebet gewidmet...<\/div>\r\n\t\t\t\t\t\t\t\t\t\t\t\t\t\t\t<a href=\"https:\/\/blog.holyart.it\/de\/devotionalien\/das-gebet-des-frohsinns-das-lieblingsgebet-von-papst-franziskus\/\" target=\"_self\" class=\"readmorebtn\">Mehr erfahren<\/a>\r\n\t\t\t\t\t\t\t\t\t\t\t\t\t\t\t\t\t\t<\/div>\r\n\t\t\t\t\t\t\t<\/div>\r\n\t\t<\/div>\r\n\t<\/div>\r\n\r\n\t<div class=\"wpspw-medium-6 wpspw-columns \">\r\n\t\t<div class=\"wpspw-post-right-block wpspw-medium-12 wpspw-columns\">\r\n\t\t\t\t\t\t\t<div class=\"wpspw-s-medium-3 wpspw-columns\">\r\n\t\t\t\t\t<div class=\"wpspw-post-image-bg\">\r\n\t\t\t\t\t\t<img decoding=\"async\" src=\"https:\/\/blog.holyart.it\/de\/wp-content\/uploads\/sites\/12\/2023\/02\/Weihwasser-300x200.jpg\" alt=\"Weihwasser: eine st\u00e4ndige Erneuerung der Taufe\" \/>\r\n\t\t\t\t\t<\/div>\r\n\t\t\t\t<\/div>\r\n\t\t\t\t\t\t<div class=\"wpspw-s-medium-9 wpspw-columns \">\r\n\t\t\t\t\t\t\t\t\t<h3 class=\"wpspw-post-title\">\r\n\t\t\t\t\t\t<a href=\"https:\/\/blog.holyart.it\/de\/liturgische-gerate\/weihwasser-eine-staendige-erneuerung-der-taufe\/\" target=\"_self\">Weihwasser: eine st\u00e4ndige Erneuerung der Taufe<\/a>\r\n\t\t\t\t\t<\/h3>\r\n\t\t\t\t\t\t\t\t\t<div class=\"wpspw-post-date\">\r\n\t\t\t\t\t\t\t\t\t\t\t\t\t\t\t\t\t\t\t\t\t\t\t\t\t<span class=\"wpspw-time\"> <img decoding=\"async\" src=\"https:\/\/blog.holyart.it\/de\/wp-content\/plugins\/blog-designer-for-post-and-widget-pro\/assets\/images\/calendar.svg\" alt=\"\" \/> 28 Februar 2023 <\/span>\r\n\t\t\t\t\t\t\t\t\t\t\t\t\t\t\t\t\t\t\t\t\t\t\t<\/div>\r\n\t\t\t\t\t\t\t\t\t<div class=\"wpspw-post-content\">\r\n\t\t\t\t\t\t\t\t\r\n\t\t\t\t\t\t\t<div class=\"wpspw-post-short-content\">Jedes Mal, wenn wir mit Weihwasser besprengt werden, unsere Finger...<\/div>\r\n\t\t\t\t\t\t\t\t\t\t\t\t\t\t\t<a href=\"https:\/\/blog.holyart.it\/de\/liturgische-gerate\/weihwasser-eine-staendige-erneuerung-der-taufe\/\" target=\"_self\" class=\"readmorebtn\">Mehr erfahren<\/a>\r\n\t\t\t\t\t\t\t\t\t\t\t\t\t\t\t\t\t\t<\/div>\r\n\t\t\t\t\t\t\t<\/div>\r\n\t\t<\/div>\r\n\t<\/div>\r\n\r\n\t<div class=\"wpspw-medium-6 wpspw-columns  wpspw-first\">\r\n\t\t<div class=\"wpspw-post-right-block wpspw-medium-12 wpspw-columns\">\r\n\t\t\t\t\t\t\t<div class=\"wpspw-s-medium-3 wpspw-columns\">\r\n\t\t\t\t\t<div class=\"wpspw-post-image-bg\">\r\n\t\t\t\t\t\t<img decoding=\"async\" src=\"https:\/\/blog.holyart.it\/de\/wp-content\/uploads\/sites\/12\/2022\/09\/Das-liturgische-Jahr-300x200.jpg\" alt=\"Das liturgische Jahr: Wir wollen es kl\u00e4ren\" \/>\r\n\t\t\t\t\t<\/div>\r\n\t\t\t\t<\/div>\r\n\t\t\t\t\t\t<div class=\"wpspw-s-medium-9 wpspw-columns \">\r\n\t\t\t\t\t\t\t\t\t<h3 class=\"wpspw-post-title\">\r\n\t\t\t\t\t\t<a href=\"https:\/\/blog.holyart.it\/de\/liturgische-gerate\/das-liturgische-jahr-wir-wollen-es-klaeren\/\" target=\"_self\">Das liturgische Jahr: Wir wollen es kl\u00e4ren<\/a>\r\n\t\t\t\t\t<\/h3>\r\n\t\t\t\t\t\t\t\t\t<div class=\"wpspw-post-date\">\r\n\t\t\t\t\t\t\t\t\t\t\t\t\t\t\t\t\t\t\t\t\t\t\t\t\t<span class=\"wpspw-time\"> <img decoding=\"async\" src=\"https:\/\/blog.holyart.it\/de\/wp-content\/plugins\/blog-designer-for-post-and-widget-pro\/assets\/images\/calendar.svg\" alt=\"\" \/> 4 Oktober 2022 <\/span>\r\n\t\t\t\t\t\t\t\t\t\t\t\t\t\t\t\t\t\t\t\t\t\t\t<\/div>\r\n\t\t\t\t\t\t\t\t\t<div class=\"wpspw-post-content\">\r\n\t\t\t\t\t\t\t\t\r\n\t\t\t\t\t\t\t<div class=\"wpspw-post-short-content\">Die liturgischen Jahreszeiten der katholischen Kirche sind die Jahreszeiten, in...<\/div>\r\n\t\t\t\t\t\t\t\t\t\t\t\t\t\t\t<a href=\"https:\/\/blog.holyart.it\/de\/liturgische-gerate\/das-liturgische-jahr-wir-wollen-es-klaeren\/\" target=\"_self\" class=\"readmorebtn\">Mehr erfahren<\/a>\r\n\t\t\t\t\t\t\t\t\t\t\t\t\t\t\t\t\t\t<\/div>\r\n\t\t\t\t\t\t\t<\/div>\r\n\t\t<\/div>\r\n\t<\/div>\r\n\r\n\t<div class=\"wpspw-medium-6 wpspw-columns \">\r\n\t\t<div class=\"wpspw-post-right-block wpspw-medium-12 wpspw-columns\">\r\n\t\t\t\t\t\t\t<div class=\"wpspw-s-medium-3 wpspw-columns\">\r\n\t\t\t\t\t<div class=\"wpspw-post-image-bg\">\r\n\t\t\t\t\t\t<img decoding=\"async\" src=\"https:\/\/blog.holyart.it\/de\/wp-content\/uploads\/sites\/12\/2022\/06\/liturgische-Tucher-300x200.jpg\" alt=\"10 liturgische T\u00fccher f\u00fcr Ihre Kirche\" \/>\r\n\t\t\t\t\t<\/div>\r\n\t\t\t\t<\/div>\r\n\t\t\t\t\t\t<div class=\"wpspw-s-medium-9 wpspw-columns \">\r\n\t\t\t\t\t\t\t\t\t<h3 class=\"wpspw-post-title\">\r\n\t\t\t\t\t\t<a href=\"https:\/\/blog.holyart.it\/de\/devotionalien\/10-liturgische-tuecher-fuer-ihre-kirche\/\" target=\"_self\">10 liturgische T\u00fccher f\u00fcr Ihre Kirche<\/a>\r\n\t\t\t\t\t<\/h3>\r\n\t\t\t\t\t\t\t\t\t<div class=\"wpspw-post-date\">\r\n\t\t\t\t\t\t\t\t\t\t\t\t\t\t\t\t\t\t\t\t\t\t\t\t\t<span class=\"wpspw-time\"> <img decoding=\"async\" src=\"https:\/\/blog.holyart.it\/de\/wp-content\/plugins\/blog-designer-for-post-and-widget-pro\/assets\/images\/calendar.svg\" alt=\"\" \/> 21 September 2021 <\/span>\r\n\t\t\t\t\t\t\t\t\t\t\t\t\t\t\t\t\t\t\t\t\t\t\t<\/div>\r\n\t\t\t\t\t\t\t\t\t<div class=\"wpspw-post-content\">\r\n\t\t\t\t\t\t\t\t\r\n\t\t\t\t\t\t\t<div class=\"wpspw-post-short-content\">Das Lesepulttuch aus Stoff, eine scheinbar einfache liturgische Dekoration, die...<\/div>\r\n\t\t\t\t\t\t\t\t\t\t\t\t\t\t\t<a href=\"https:\/\/blog.holyart.it\/de\/devotionalien\/10-liturgische-tuecher-fuer-ihre-kirche\/\" target=\"_self\" class=\"readmorebtn\">Mehr erfahren<\/a>\r\n\t\t\t\t\t\t\t\t\t\t\t\t\t\t\t\t\t\t<\/div>\r\n\t\t\t\t\t\t\t<\/div>\r\n\t\t<\/div>\r\n\t<\/div>\r\n\r\n<\/div>\r\n\r\n\n<p><center><a href=\"https:\/\/www.holyart.de\/liturgische-gerate?utm_source=blog\"><img decoding=\"async\" class=\"banner-homepage\" src=\"https:\/\/blog.holyart.it\/de\/wp-content\/uploads\/sites\/12\/2019\/10\/Banner-Holyart-LITURGISCHE-GERATE.png\" alt=\"Liturgische Gerate - Holyart.de\" \/><\/a><\/center><center><a href=\"https:\/\/www.holyart.de\/liturgische-gerate?utm_source=blog\"><img decoding=\"async\" class=\"banner-homepage-mobile\" src=\"https:\/\/blog.holyart.it\/de\/wp-content\/uploads\/sites\/12\/2020\/01\/Banner-Holyart-LITURGISCHE-GERATE-mobile.png\" alt=\"Liturgische Gerate - Holyart.de\" \/><\/a><\/center><\/p>\n<h2>Heilige und Selige<\/h2>\n<hr \/>\n\r\n<div class=\"wpspw-post-grid-main wpspw-design-4 wpspw-image-fit wpspw-grid-4 wpspw-clearfix \">\r\n\t\r\n<div class=\"wpspw-post-grid  wpspw-medium-3 wpspw-columns  wpspw-first\">\r\n\t<div class=\"wpspw-post-grid-content \">\r\n\t\t\t\t\t<div class=\"wpspw-post-image-bg\" style=\"\">\r\n\t\t\t\t<a href=\"https:\/\/blog.holyart.it\/de\/heilige-und-selige\/der-heilige-efisio-und-das-beruehmteste-fest-sardiniens\/\" target=\"_self\">\r\n\t\t\t\t\t<img decoding=\"async\" src=\"https:\/\/blog.holyart.it\/de\/wp-content\/uploads\/sites\/12\/2026\/04\/Heilige-Efisio.jpg\" alt=\"Der Heilige Efisio und das ber\u00fchmteste Fest Sardiniens\" \/>\r\n\t\t\t\t<\/a>\r\n\t\t\t<\/div>\r\n\t\t\t\t<div class=\"wpspw-post-content-bacground\">\r\n\t\t\t\t\t\t\t<h2 class=\"wpspw-post-title\">\r\n\t\t\t\t\t<a href=\"https:\/\/blog.holyart.it\/de\/heilige-und-selige\/der-heilige-efisio-und-das-beruehmteste-fest-sardiniens\/\" target=\"_self\">Der Heilige Efisio und das ber\u00fchmteste Fest Sardiniens<\/a>\r\n\t\t\t\t<\/h2>\r\n\t\t\t\t\t\t\t<div class=\"wpspw-post-date\">\r\n\t\t\t\t\t\t\t\t\t\t\t\t\t\t\t\t\t\t\t\t\t<span class=\"wpspw-time\"> <img decoding=\"async\" src=\"https:\/\/blog.holyart.it\/de\/wp-content\/plugins\/blog-designer-for-post-and-widget-pro\/assets\/images\/calendar.svg\" alt=\"\" \/> 13 April 2026 <\/span>\r\n\t\t\t\t\t\t\t\t\t\t\t\t\t\t\t\t\t\t\t<\/div>\r\n\t\t\t\t\t\t\t<div class=\"wpspw-post-content\">\r\n\t\t\t\t\t\t\t\t\t\t\t<div class=\"wpspw-post-short-content\">Der Heilige M\u00e4rtyrer Efisio rettete die Stadt Cagliari vor der Pest und wird seitdem am 1. Mai mit einer feierlichen...<\/div>\r\n\t\t\t\t\t\t\t\t\t\t\t\t\t<a href=\"https:\/\/blog.holyart.it\/de\/heilige-und-selige\/der-heilige-efisio-und-das-beruehmteste-fest-sardiniens\/\" target=\"_self\" class=\"readmorebtn\">Mehr erfahren<\/a>\r\n\t\t\t\t\t\t\t\t\t\t\t\t\t\t\t<\/div>\r\n\t\t\t\t\t<\/div>\r\n\t<\/div>\r\n<\/div>\r\n<div class=\"wpspw-post-grid  wpspw-medium-3 wpspw-columns \">\r\n\t<div class=\"wpspw-post-grid-content \">\r\n\t\t\t\t\t<div class=\"wpspw-post-image-bg\" style=\"\">\r\n\t\t\t\t<a href=\"https:\/\/blog.holyart.it\/de\/heilige-und-selige\/festtag-des-heiligen-franziskus-800-jaehriges-jubilaeum-und-anerkennung-als-nationalfeiertag-in-italien\/\" target=\"_self\">\r\n\t\t\t\t\t<img decoding=\"async\" src=\"https:\/\/blog.holyart.it\/de\/wp-content\/uploads\/sites\/12\/2026\/03\/Festtag-des-Heiligen-Franziskus.jpg\" alt=\"Festtag des Heiligen Franziskus: 800-j\u00e4hriges Jubil\u00e4um und Anerkennung als Nationalfeiertag in Italien\" \/>\r\n\t\t\t\t<\/a>\r\n\t\t\t<\/div>\r\n\t\t\t\t<div class=\"wpspw-post-content-bacground\">\r\n\t\t\t\t\t\t\t<h2 class=\"wpspw-post-title\">\r\n\t\t\t\t\t<a href=\"https:\/\/blog.holyart.it\/de\/heilige-und-selige\/festtag-des-heiligen-franziskus-800-jaehriges-jubilaeum-und-anerkennung-als-nationalfeiertag-in-italien\/\" target=\"_self\">Festtag des Heiligen Franziskus: 800-j\u00e4hriges Jubil\u00e4um und Anerkennung als Nationalfeiertag in Italien<\/a>\r\n\t\t\t\t<\/h2>\r\n\t\t\t\t\t\t\t<div class=\"wpspw-post-date\">\r\n\t\t\t\t\t\t\t\t\t\t\t\t\t\t\t\t\t\t\t\t\t<span class=\"wpspw-time\"> <img decoding=\"async\" src=\"https:\/\/blog.holyart.it\/de\/wp-content\/plugins\/blog-designer-for-post-and-widget-pro\/assets\/images\/calendar.svg\" alt=\"\" \/> 1 April 2026 <\/span>\r\n\t\t\t\t\t\t\t\t\t\t\t\t\t\t\t\t\t\t\t<\/div>\r\n\t\t\t\t\t\t\t<div class=\"wpspw-post-content\">\r\n\t\t\t\t\t\t\t\t\t\t\t<div class=\"wpspw-post-short-content\">Im Jahr 2026 f\u00e4llt der Festtag des Heiligen Franziskus mit dem 800-j\u00e4hrigen Jubil\u00e4um des Heiligen von Assisi zusammen. Zu diesem...<\/div>\r\n\t\t\t\t\t\t\t\t\t\t\t\t\t<a href=\"https:\/\/blog.holyart.it\/de\/heilige-und-selige\/festtag-des-heiligen-franziskus-800-jaehriges-jubilaeum-und-anerkennung-als-nationalfeiertag-in-italien\/\" target=\"_self\" class=\"readmorebtn\">Mehr erfahren<\/a>\r\n\t\t\t\t\t\t\t\t\t\t\t\t\t\t\t<\/div>\r\n\t\t\t\t\t<\/div>\r\n\t<\/div>\r\n<\/div>\r\n<div class=\"wpspw-post-grid  wpspw-medium-3 wpspw-columns \">\r\n\t<div class=\"wpspw-post-grid-content \">\r\n\t\t\t\t\t<div class=\"wpspw-post-image-bg\" style=\"\">\r\n\t\t\t\t<a href=\"https:\/\/blog.holyart.it\/de\/heilige-und-selige\/heilige-suender-die-beruehmtesten-bekehrungen\/\" target=\"_self\">\r\n\t\t\t\t\t<img decoding=\"async\" src=\"https:\/\/blog.holyart.it\/de\/wp-content\/uploads\/sites\/12\/2026\/02\/Heilige-Suender.jpg\" alt=\"Heilige S\u00fcnder: Die ber\u00fchmtesten Bekehrungen\" \/>\r\n\t\t\t\t<\/a>\r\n\t\t\t<\/div>\r\n\t\t\t\t<div class=\"wpspw-post-content-bacground\">\r\n\t\t\t\t\t\t\t<h2 class=\"wpspw-post-title\">\r\n\t\t\t\t\t<a href=\"https:\/\/blog.holyart.it\/de\/heilige-und-selige\/heilige-suender-die-beruehmtesten-bekehrungen\/\" target=\"_self\">Heilige S\u00fcnder: Die ber\u00fchmtesten Bekehrungen<\/a>\r\n\t\t\t\t<\/h2>\r\n\t\t\t\t\t\t\t<div class=\"wpspw-post-date\">\r\n\t\t\t\t\t\t\t\t\t\t\t\t\t\t\t\t\t\t\t\t\t<span class=\"wpspw-time\"> <img decoding=\"async\" src=\"https:\/\/blog.holyart.it\/de\/wp-content\/plugins\/blog-designer-for-post-and-widget-pro\/assets\/images\/calendar.svg\" alt=\"\" \/> 4 M\u00e4rz 2026 <\/span>\r\n\t\t\t\t\t\t\t\t\t\t\t\t\t\t\t\t\t\t\t<\/div>\r\n\t\t\t\t\t\t\t<div class=\"wpspw-post-content\">\r\n\t\t\t\t\t\t\t\t\t\t\t<div class=\"wpspw-post-short-content\">Heilige S\u00fcnder \u2013 ein Widerspruch in sich? Nicht immer. Hier die Heiligen, die nach einem Leben im Zeichen der S\u00fcnde...<\/div>\r\n\t\t\t\t\t\t\t\t\t\t\t\t\t<a href=\"https:\/\/blog.holyart.it\/de\/heilige-und-selige\/heilige-suender-die-beruehmtesten-bekehrungen\/\" target=\"_self\" class=\"readmorebtn\">Mehr erfahren<\/a>\r\n\t\t\t\t\t\t\t\t\t\t\t\t\t\t\t<\/div>\r\n\t\t\t\t\t<\/div>\r\n\t<\/div>\r\n<\/div>\r\n<div class=\"wpspw-post-grid  wpspw-medium-3 wpspw-columns  wpspw-last\">\r\n\t<div class=\"wpspw-post-grid-content \">\r\n\t\t\t\t\t<div class=\"wpspw-post-image-bg\" style=\"\">\r\n\t\t\t\t<a href=\"https:\/\/blog.holyart.it\/de\/heilige-und-selige\/heiliger-blasius-und-das-wunder-des-panettone\/\" target=\"_self\">\r\n\t\t\t\t\t<img decoding=\"async\" src=\"https:\/\/blog.holyart.it\/de\/wp-content\/uploads\/sites\/12\/2026\/01\/Heiliger-Blasius-und-das-Wunder-des-Panettone.jpeg\" alt=\"Heiliger Blasius und das Wunder des Panettone\" \/>\r\n\t\t\t\t<\/a>\r\n\t\t\t<\/div>\r\n\t\t\t\t<div class=\"wpspw-post-content-bacground\">\r\n\t\t\t\t\t\t\t<h2 class=\"wpspw-post-title\">\r\n\t\t\t\t\t<a href=\"https:\/\/blog.holyart.it\/de\/heilige-und-selige\/heiliger-blasius-und-das-wunder-des-panettone\/\" target=\"_self\">Heiliger Blasius und das Wunder des Panettone<\/a>\r\n\t\t\t\t<\/h2>\r\n\t\t\t\t\t\t\t<div class=\"wpspw-post-date\">\r\n\t\t\t\t\t\t\t\t\t\t\t\t\t\t\t\t\t\t\t\t\t<span class=\"wpspw-time\"> <img decoding=\"async\" src=\"https:\/\/blog.holyart.it\/de\/wp-content\/plugins\/blog-designer-for-post-and-widget-pro\/assets\/images\/calendar.svg\" alt=\"\" \/> 28 Januar 2026 <\/span>\r\n\t\t\t\t\t\t\t\t\t\t\t\t\t\t\t\t\t\t\t<\/div>\r\n\t\t\t\t\t\t\t<div class=\"wpspw-post-content\">\r\n\t\t\t\t\t\t\t\t\t\t\t<div class=\"wpspw-post-short-content\">Heiliger Blasius und der Mail\u00e4nder Panettone. Finden wir heraus, was der armenische Heilige, der vor Halskrankheiten sch\u00fctzt, und das ber\u00fchmte...<\/div>\r\n\t\t\t\t\t\t\t\t\t\t\t\t\t<a href=\"https:\/\/blog.holyart.it\/de\/heilige-und-selige\/heiliger-blasius-und-das-wunder-des-panettone\/\" target=\"_self\" class=\"readmorebtn\">Mehr erfahren<\/a>\r\n\t\t\t\t\t\t\t\t\t\t\t\t\t\t\t<\/div>\r\n\t\t\t\t\t<\/div>\r\n\t<\/div>\r\n<\/div>\r\n<\/div>\n<p><center><a href=\"https:\/\/www.holyart.de\/devotionalien\/statuen?utm_source=blog\"><img decoding=\"async\" class=\"banner-homepage\" src=\"https:\/\/blog.holyart.it\/de\/wp-content\/uploads\/sites\/12\/2019\/10\/Banner-Holyart-HEILIGEN-1.png\" alt=\"Heiligen - Holyart.de\" \/><\/a><\/center><center><a href=\"https:\/\/www.holyart.de\/devotionalien\/statuen?utm_source=blog\"><img decoding=\"async\" class=\"banner-homepage-mobile\" src=\"https:\/\/blog.holyart.it\/de\/wp-content\/uploads\/sites\/12\/2020\/01\/Banner-Holyart-HEILIGEN-mobile.png\" alt=\"Heiligen - Holyart.de\" \/><\/a><\/center><\/p>\n<h2>Weihnachten<\/h2>\n<hr \/>\n\r\n<div class=\"wpspw-gridbox-main wpspw-design-1 wpspw-image-fit wpspw-clearfix \">\r\n\t\r\n\t<div class=\"wpspw-medium-6 wpspw-columns wpspw-left-block\">\r\n\t\t\t\t\t<div class=\"wpspw-post-image-bg\" style=\"\">\r\n\t\t\t\t<a href=\"https:\/\/blog.holyart.it\/de\/weihnachten\/diy-kerzen-restliches-weihnachtswachs-recyceln\/\" target=\"_self\">\r\n\t\t\t\t\t<img decoding=\"async\" src=\"https:\/\/blog.holyart.it\/de\/wp-content\/uploads\/sites\/12\/2026\/01\/DIY-Kerzen.jpeg\" alt=\"DIY-Kerzen: Restliches Weihnachtswachs recyceln\" \/>\r\n\t\t\t\t<\/a>\r\n\t\t\t<\/div>\r\n\t\t\t\t\t\t\t<h2 class=\"wpspw-post-title\">\r\n\t\t\t\t<a href=\"https:\/\/blog.holyart.it\/de\/weihnachten\/diy-kerzen-restliches-weihnachtswachs-recyceln\/\" target=\"_self\">DIY-Kerzen: Restliches Weihnachtswachs recyceln<\/a>\r\n\t\t\t<\/h2>\r\n\t\t\t\t\t<div class=\"wpspw-post-date\">\r\n\t\t\t\t\t\t\t\t\t\t\t\t\t\t\t\t\t<span class=\"wpspw-time\"> <img decoding=\"async\" src=\"https:\/\/blog.holyart.it\/de\/wp-content\/plugins\/blog-designer-for-post-and-widget-pro\/assets\/images\/calendar.svg\" alt=\"\" \/> 12 Januar 2026 <\/span>\r\n\t\t\t\t\t\t\t\t\t\t\t\t\t\t\t<\/div>\r\n\t\t\t\t\t\t\t<div class=\"wpspw-post-content\">\r\n\t\t\t\t\t\t\t\t\t<div class=\"wpspw-post-short-content\">Wachs f\u00fcr DIY-Kerzen recyceln? Eine kostensparende Idee, aber auch ein...<\/div>\r\n\t\t\t\t\t\t\t\t\t\t\t<a href=\"https:\/\/blog.holyart.it\/de\/weihnachten\/diy-kerzen-restliches-weihnachtswachs-recyceln\/\" target=\"_self\" class=\"readmorebtn\">Mehr erfahren<\/a>\r\n\t\t\t\t\t\t\t\t\t\t\t\t<\/div>\r\n\t\t\t<\/div>\r\n\r\n\r\n\t<div class=\"wpspw-medium-6 wpspw-columns flotRight\">\r\n\t\t<div class=\"wpspw-post-right-block wpspw-medium-12 wpspw-columns\">\r\n\t\t\t\t\t\t\t<div class=\"wpspw-s-medium-3 wpspw-columns\">\r\n\t\t\t\t\t<div class=\"wpspw-post-image-bg\">\r\n\t\t\t\t\t\t<a href=\"https:\/\/blog.holyart.it\/de\/weihnachten\/wie-man-krippenmoos-aufbewahrt\/\" target=\"_self\">\r\n\t\t\t\t\t\t\t<img decoding=\"async\" src=\"https:\/\/blog.holyart.it\/de\/wp-content\/uploads\/sites\/12\/2026\/01\/Wie-man-Krippenmoos-aufbewahrt-300x200.jpg\" alt=\"Wie man Krippenmoos aufbewahrt\" \/>\r\n\t\t\t\t\t\t<\/a>\r\n\t\t\t\t\t<\/div>\r\n\t\t\t\t<\/div>\r\n\t\t\t\t\t\t<div class=\"wpspw-s-medium-9 wpspw-columns \">\r\n\t\t\t\t\t\t\t\t\t<h3 class=\"wpspw-post-title\">\r\n\t\t\t\t\t\t<a href=\"https:\/\/blog.holyart.it\/de\/weihnachten\/wie-man-krippenmoos-aufbewahrt\/\" target=\"_self\">Wie man Krippenmoos aufbewahrt<\/a>\r\n\t\t\t\t\t<\/h3>\r\n\t\t\t\t\t\t\t\t\t<div class=\"wpspw-post-date\">\r\n\t\t\t\t\t\t\t\t\t\t\t\t\t\t\t\t\t\t\t\t\t\t\t\t\t<span class=\"wpspw-time\"> <img decoding=\"async\" src=\"https:\/\/blog.holyart.it\/de\/wp-content\/plugins\/blog-designer-for-post-and-widget-pro\/assets\/images\/calendar.svg\" alt=\"\" \/> 5 Januar 2026 <\/span>\r\n\t\t\t\t\t\t\t\t\t\t\t\t\t\t\t\t\t\t\t\t\t\t\t<\/div>\r\n\t\t\t\t\t\t\t\t\t\t\t\t\t<div class=\"wpspw-post-content\">\r\n\t\t\t\t\t\t\t\t\t\t\t\t\t<div class=\"wpspw-post-short-content\">Das Krippenmoos, ein kostbares Geschenk der Natur f\u00fcr unsere Feiertage,...<\/div>\r\n\t\t\t\t\t\t\t\t\t\t\t\t\t\t\t<a href=\"https:\/\/blog.holyart.it\/de\/weihnachten\/wie-man-krippenmoos-aufbewahrt\/\" target=\"_self\" class=\"readmorebtn\">Mehr erfahren<\/a>\r\n\t\t\t\t\t\t\t\t\t\t\t\t\t\t\t\t\t\t<\/div>\r\n\t\t\t\t\t\t\t<\/div>\r\n\t\t<\/div>\r\n\t<\/div>\r\n\r\n\t<div class=\"wpspw-medium-6 wpspw-columns flotRight\">\r\n\t\t<div class=\"wpspw-post-right-block wpspw-medium-12 wpspw-columns\">\r\n\t\t\t\t\t\t\t<div class=\"wpspw-s-medium-3 wpspw-columns\">\r\n\t\t\t\t\t<div class=\"wpspw-post-image-bg\">\r\n\t\t\t\t\t\t<a href=\"https:\/\/blog.holyart.it\/de\/weihnachten\/die-weihnachtsmesse-fakten-und-kuriositaeten-zum-ritus\/\" target=\"_self\">\r\n\t\t\t\t\t\t\t<img decoding=\"async\" src=\"https:\/\/blog.holyart.it\/de\/wp-content\/uploads\/sites\/12\/2025\/12\/Die-Weihnachtsmesse-300x200.jpg\" alt=\"Die Weihnachtsmesse: Fakten und Kuriosit\u00e4ten zum Ritus\" \/>\r\n\t\t\t\t\t\t<\/a>\r\n\t\t\t\t\t<\/div>\r\n\t\t\t\t<\/div>\r\n\t\t\t\t\t\t<div class=\"wpspw-s-medium-9 wpspw-columns \">\r\n\t\t\t\t\t\t\t\t\t<h3 class=\"wpspw-post-title\">\r\n\t\t\t\t\t\t<a href=\"https:\/\/blog.holyart.it\/de\/weihnachten\/die-weihnachtsmesse-fakten-und-kuriositaeten-zum-ritus\/\" target=\"_self\">Die Weihnachtsmesse: Fakten und Kuriosit\u00e4ten zum Ritus<\/a>\r\n\t\t\t\t\t<\/h3>\r\n\t\t\t\t\t\t\t\t\t<div class=\"wpspw-post-date\">\r\n\t\t\t\t\t\t\t\t\t\t\t\t\t\t\t\t\t\t\t\t\t\t\t\t\t<span class=\"wpspw-time\"> <img decoding=\"async\" src=\"https:\/\/blog.holyart.it\/de\/wp-content\/plugins\/blog-designer-for-post-and-widget-pro\/assets\/images\/calendar.svg\" alt=\"\" \/> 24 Dezember 2025 <\/span>\r\n\t\t\t\t\t\t\t\t\t\t\t\t\t\t\t\t\t\t\t\t\t\t\t<\/div>\r\n\t\t\t\t\t\t\t\t\t\t\t\t\t<div class=\"wpspw-post-content\">\r\n\t\t\t\t\t\t\t\t\t\t\t\t\t<div class=\"wpspw-post-short-content\">Die Weihnachtsmesse ist eine alte Tradition, die ihre Wurzeln in...<\/div>\r\n\t\t\t\t\t\t\t\t\t\t\t\t\t\t\t<a href=\"https:\/\/blog.holyart.it\/de\/weihnachten\/die-weihnachtsmesse-fakten-und-kuriositaeten-zum-ritus\/\" target=\"_self\" class=\"readmorebtn\">Mehr erfahren<\/a>\r\n\t\t\t\t\t\t\t\t\t\t\t\t\t\t\t\t\t\t<\/div>\r\n\t\t\t\t\t\t\t<\/div>\r\n\t\t<\/div>\r\n\t<\/div>\r\n\r\n\t<div class=\"wpspw-medium-6 wpspw-columns flotRight\">\r\n\t\t<div class=\"wpspw-post-right-block wpspw-medium-12 wpspw-columns\">\r\n\t\t\t\t\t\t\t<div class=\"wpspw-s-medium-3 wpspw-columns\">\r\n\t\t\t\t\t<div class=\"wpspw-post-image-bg\">\r\n\t\t\t\t\t\t<a href=\"https:\/\/blog.holyart.it\/de\/weihnachten\/die-krippe-in-der-maria-ruht-die-geburtsszene-die-papst-franziskus-beruehrte\/\" target=\"_self\">\r\n\t\t\t\t\t\t\t<img decoding=\"async\" src=\"https:\/\/blog.holyart.it\/de\/wp-content\/uploads\/sites\/12\/2025\/12\/Die-Krippe-in-der-Maria-ruht-Die-Geburtsszene-300x200.jpg\" alt=\"Die Krippe, in der Maria ruht: Die Geburtsszene, die Papst Franziskus ber\u00fchrte\" \/>\r\n\t\t\t\t\t\t<\/a>\r\n\t\t\t\t\t<\/div>\r\n\t\t\t\t<\/div>\r\n\t\t\t\t\t\t<div class=\"wpspw-s-medium-9 wpspw-columns \">\r\n\t\t\t\t\t\t\t\t\t<h3 class=\"wpspw-post-title\">\r\n\t\t\t\t\t\t<a href=\"https:\/\/blog.holyart.it\/de\/weihnachten\/die-krippe-in-der-maria-ruht-die-geburtsszene-die-papst-franziskus-beruehrte\/\" target=\"_self\">Die Krippe, in der Maria ruht: Die Geburtsszene, die Papst Franziskus ber\u00fchrte<\/a>\r\n\t\t\t\t\t<\/h3>\r\n\t\t\t\t\t\t\t\t\t<div class=\"wpspw-post-date\">\r\n\t\t\t\t\t\t\t\t\t\t\t\t\t\t\t\t\t\t\t\t\t\t\t\t\t<span class=\"wpspw-time\"> <img decoding=\"async\" src=\"https:\/\/blog.holyart.it\/de\/wp-content\/plugins\/blog-designer-for-post-and-widget-pro\/assets\/images\/calendar.svg\" alt=\"\" \/> 17 Dezember 2025 <\/span>\r\n\t\t\t\t\t\t\t\t\t\t\t\t\t\t\t\t\t\t\t\t\t\t\t<\/div>\r\n\t\t\t\t\t\t\t\t\t\t\t\t\t<div class=\"wpspw-post-content\">\r\n\t\t\t\t\t\t\t\t\t\t\t\t\t<div class=\"wpspw-post-short-content\">In der Krippe ruht Maria, und der Heilige Josef wacht....<\/div>\r\n\t\t\t\t\t\t\t\t\t\t\t\t\t\t\t<a href=\"https:\/\/blog.holyart.it\/de\/weihnachten\/die-krippe-in-der-maria-ruht-die-geburtsszene-die-papst-franziskus-beruehrte\/\" target=\"_self\" class=\"readmorebtn\">Mehr erfahren<\/a>\r\n\t\t\t\t\t\t\t\t\t\t\t\t\t\t\t\t\t\t<\/div>\r\n\t\t\t\t\t\t\t<\/div>\r\n\t\t<\/div>\r\n\t<\/div>\r\n\r\n<\/div>\r\n\r\n\n<p><center><a href=\"https:\/\/www.holyart.de\/weihnachten?utm_source=blog\"><img decoding=\"async\" class=\"banner-homepage\" src=\"https:\/\/blog.holyart.it\/de\/wp-content\/uploads\/sites\/12\/2019\/10\/Banner-Holyart-WEIHNACHTEN.png\" alt=\"WEIHNACHTEN - Holyart.de\" \/><\/a><\/center><center><a href=\"https:\/\/www.holyart.de\/weihnachten?utm_source=blog\"><img decoding=\"async\" class=\"banner-homepage-mobile\" src=\"https:\/\/blog.holyart.it\/de\/wp-content\/uploads\/sites\/12\/2020\/01\/Banner-Holyart-WEIHNACHTEN-mobile.png\" alt=\"WEIHNACHTEN - Holyart.de\" \/><\/a><\/center><br \/>\n<div class=\"wp-vgp-video-grid-wrp wp-vgp-video-row wp-vgp-design-19 wp-vgp-cols-3 wp-vgp-clearfix \" id=\"video-grid-1\">\n<div class=\"wp-vgp-video-wrap wp-vgp-medium-3 wp-vgp-columns wp-vgp-first\">\n\t<div class=\"wp-vgp-video-frame-wrap\">\n\t\t<div class=\"wp-vgp-video-image-frame-wrap\">\n\t\t\t<div class=\"wp-vgp-video-image-frame\">\n\t\t\t\t<a href=\"javascript:void(0);\" data-mfp-src=\"#video-modal-2\" class=\"wp-vgp-popup-modal\">\n\t\t\t\t\t\t\t\t\t\t\t<img decoding=\"async\" src=\"https:\/\/blog.holyart.it\/de\/wp-content\/uploads\/sites\/12\/2019\/10\/Winterszenen.png\" alt=\"Winterszenen\" \/>\n\t\t\t\t\t\t\t\t\t\t<span class=\"wp-vgp-video-icon\"><\/span>\n\t\t\t\t<\/a>\n\t\t\t<\/div>\n\n\t\t\t\t\t\t\t<div class=\"wp-vgp-video-title\"><div class=\"video-title-text\">Winterszenen<\/div><\/div>\n\t\t\t\t\t<\/div>\n\n\t\t\t<\/div>\n<\/div>\n<div class=\"wp-vgp-video-wrap wp-vgp-medium-3 wp-vgp-columns\">\n\t<div class=\"wp-vgp-video-frame-wrap\">\n\t\t<div class=\"wp-vgp-video-image-frame-wrap\">\n\t\t\t<div class=\"wp-vgp-video-image-frame\">\n\t\t\t\t<a href=\"javascript:void(0);\" data-mfp-src=\"#video-modal-3\" class=\"wp-vgp-popup-modal\">\n\t\t\t\t\t\t\t\t\t\t\t<img decoding=\"async\" src=\"https:\/\/blog.holyart.it\/de\/wp-content\/uploads\/sites\/12\/2019\/10\/Krippe-mit-Wasserfall.png\" alt=\"Krippe mit Wasserfall\" \/>\n\t\t\t\t\t\t\t\t\t\t<span class=\"wp-vgp-video-icon\"><\/span>\n\t\t\t\t<\/a>\n\t\t\t<\/div>\n\n\t\t\t\t\t\t\t<div class=\"wp-vgp-video-title\"><div class=\"video-title-text\">Krippe mit Wasserfall<\/div><\/div>\n\t\t\t\t\t<\/div>\n\n\t\t\t<\/div>\n<\/div>\n<div class=\"wp-vgp-video-wrap wp-vgp-medium-3 wp-vgp-columns\">\n\t<div class=\"wp-vgp-video-frame-wrap\">\n\t\t<div class=\"wp-vgp-video-image-frame-wrap\">\n\t\t\t<div class=\"wp-vgp-video-image-frame\">\n\t\t\t\t<a href=\"javascript:void(0);\" data-mfp-src=\"#video-modal-4\" class=\"wp-vgp-popup-modal\">\n\t\t\t\t\t\t\t\t\t\t\t<img decoding=\"async\" src=\"https:\/\/blog.holyart.it\/de\/wp-content\/uploads\/sites\/12\/2019\/10\/Neapolitanische-Krippe-1.png\" alt=\"Neapolitanische Krippe\" \/>\n\t\t\t\t\t\t\t\t\t\t<span class=\"wp-vgp-video-icon\"><\/span>\n\t\t\t\t<\/a>\n\t\t\t<\/div>\n\n\t\t\t\t\t\t\t<div class=\"wp-vgp-video-title\"><div class=\"video-title-text\">Neapolitanische Krippe<\/div><\/div>\n\t\t\t\t\t<\/div>\n\n\t\t\t<\/div>\n<\/div>\n<div class=\"wp-vgp-video-wrap wp-vgp-medium-3 wp-vgp-columns\">\n\t<div class=\"wp-vgp-video-frame-wrap\">\n\t\t<div class=\"wp-vgp-video-image-frame-wrap\">\n\t\t\t<div class=\"wp-vgp-video-image-frame\">\n\t\t\t\t<a href=\"javascript:void(0);\" data-mfp-src=\"#video-modal-5\" class=\"wp-vgp-popup-modal\">\n\t\t\t\t\t\t\t\t\t\t\t<img decoding=\"async\" src=\"https:\/\/blog.holyart.it\/de\/wp-content\/uploads\/sites\/12\/2019\/10\/Christbaumschmuck.png\" alt=\"Christbaumschmuck\" \/>\n\t\t\t\t\t\t\t\t\t\t<span class=\"wp-vgp-video-icon\"><\/span>\n\t\t\t\t<\/a>\n\t\t\t<\/div>\n\n\t\t\t\t\t\t\t<div class=\"wp-vgp-video-title\"><div class=\"video-title-text\">Christbaumschmuck<\/div><\/div>\n\t\t\t\t\t<\/div>\n\n\t\t\t<\/div>\n<\/div>\t<div class=\"wp-vgp-popup-conf\" data-conf=\"{&quot;gallery_enable&quot;:&quot;true&quot;,&quot;popup_fix&quot;:&quot;true&quot;}\"><\/div>\n<\/div>\n<div id=\"video-modal-2\" class=\"wp-vgp-popup-wrp mfp-hide wp-vgp-zoom-dialog wp-vgp-white-popup-block\">\n\t\t\t<iframe src=\"about:blank\" data_src=\"https:\/\/www.youtube.com\/embed\/ZODkRLmjgeQ\" class=\"wpos-iframe-video\" frameborder=\"0\" allowfullscreen><\/iframe>\n\t\t<div class=\"mfp-bottom-bar wp-vgp-mfp-bottom-bar\">\n\t\t<div class=\"mfp-title\">Winterszenen<\/div>\n\t\t<div class=\"mfp-counter\">1 of 4<\/div>\n\t<\/div>\n<\/div>\n<div id=\"video-modal-3\" class=\"wp-vgp-popup-wrp mfp-hide wp-vgp-zoom-dialog wp-vgp-white-popup-block\">\n\t\t\t<iframe src=\"about:blank\" data_src=\"https:\/\/www.youtube.com\/embed\/idn6AwrF8h4\" class=\"wpos-iframe-video\" frameborder=\"0\" allowfullscreen><\/iframe>\n\t\t<div class=\"mfp-bottom-bar wp-vgp-mfp-bottom-bar\">\n\t\t<div class=\"mfp-title\">Krippe mit Wasserfall<\/div>\n\t\t<div class=\"mfp-counter\">2 of 4<\/div>\n\t<\/div>\n<\/div>\n<div id=\"video-modal-4\" class=\"wp-vgp-popup-wrp mfp-hide wp-vgp-zoom-dialog wp-vgp-white-popup-block\">\n\t\t\t<iframe src=\"about:blank\" data_src=\"https:\/\/www.youtube.com\/embed\/E_RyxR8VrDU\" class=\"wpos-iframe-video\" frameborder=\"0\" allowfullscreen><\/iframe>\n\t\t<div class=\"mfp-bottom-bar wp-vgp-mfp-bottom-bar\">\n\t\t<div class=\"mfp-title\">Neapolitanische Krippe<\/div>\n\t\t<div class=\"mfp-counter\">3 of 4<\/div>\n\t<\/div>\n<\/div>\n<div id=\"video-modal-5\" class=\"wp-vgp-popup-wrp mfp-hide wp-vgp-zoom-dialog wp-vgp-white-popup-block\">\n\t\t\t<iframe src=\"about:blank\" data_src=\"https:\/\/www.youtube.com\/embed\/hj-tdsHtYfU\" class=\"wpos-iframe-video\" frameborder=\"0\" allowfullscreen><\/iframe>\n\t\t<div class=\"mfp-bottom-bar wp-vgp-mfp-bottom-bar\">\n\t\t<div class=\"mfp-title\">Christbaumschmuck<\/div>\n\t\t<div class=\"mfp-counter\">4 of 4<\/div>\n\t<\/div>\n<\/div><\/p>\n<\/div>\n","protected":false},"excerpt":{"rendered":"<p>Religion Liturgie Heilige und Selige Weihnachten<\/p>\n","protected":false},"author":1,"featured_media":0,"parent":0,"menu_order":0,"comment_status":"closed","ping_status":"closed","template":"template-full.php","meta":{"_acf_changed":false,"footnotes":""},"class_list":["post-989","page","type-page","status-publish","hentry"],"acf":[],"yoast_head":"<!-- This site is optimized with the Yoast SEO plugin v26.6 - https:\/\/yoast.com\/wordpress\/plugins\/seo\/ -->\n<title>Der christliche Blog von Holyart.de - Holyart.de Blog<\/title>\n<meta name=\"robots\" content=\"index, follow, max-snippet:-1, max-image-preview:large, max-video-preview:-1\" \/>\n<link rel=\"canonical\" href=\"https:\/\/blog.holyart.it\/de\/\" \/>\n<meta property=\"og:locale\" content=\"de_DE\" \/>\n<meta property=\"og:type\" content=\"article\" \/>\n<meta property=\"og:title\" content=\"Der christliche Blog von Holyart.de - Holyart.de Blog\" \/>\n<meta property=\"og:description\" content=\"Religion Liturgie Heilige und Selige Weihnachten\" \/>\n<meta property=\"og:url\" content=\"https:\/\/blog.holyart.it\/de\/\" \/>\n<meta property=\"og:site_name\" content=\"Holyart.de Blog\" \/>\n<meta property=\"article:modified_time\" content=\"2020-06-17T14:46:36+00:00\" \/>\n<meta property=\"og:image\" content=\"https:\/\/blog.holyart.it\/de\/wp-content\/uploads\/sites\/12\/2019\/10\/banner10-de.png\" \/>\n<meta name=\"twitter:card\" content=\"summary_large_image\" \/>\n<meta name=\"twitter:label1\" content=\"Gesch\u00e4tzte Lesezeit\" \/>\n\t<meta name=\"twitter:data1\" content=\"1\u00a0Minute\" \/>\n<script type=\"application\/ld+json\" class=\"yoast-schema-graph\">{\"@context\":\"https:\/\/schema.org\",\"@graph\":[{\"@type\":\"WebPage\",\"@id\":\"https:\/\/blog.holyart.it\/de\/\",\"url\":\"https:\/\/blog.holyart.it\/de\/\",\"name\":\"Der christliche Blog von Holyart.de - Holyart.de Blog\",\"isPartOf\":{\"@id\":\"https:\/\/blog.holyart.it\/de\/#website\"},\"primaryImageOfPage\":{\"@id\":\"https:\/\/blog.holyart.it\/de\/#primaryimage\"},\"image\":{\"@id\":\"https:\/\/blog.holyart.it\/de\/#primaryimage\"},\"thumbnailUrl\":\"https:\/\/blog.holyart.it\/de\/wp-content\/uploads\/sites\/12\/2019\/10\/banner10-de.png\",\"datePublished\":\"2019-10-25T14:48:24+00:00\",\"dateModified\":\"2020-06-17T14:46:36+00:00\",\"breadcrumb\":{\"@id\":\"https:\/\/blog.holyart.it\/de\/#breadcrumb\"},\"inLanguage\":\"de\",\"potentialAction\":[{\"@type\":\"ReadAction\",\"target\":[\"https:\/\/blog.holyart.it\/de\/\"]}]},{\"@type\":\"ImageObject\",\"inLanguage\":\"de\",\"@id\":\"https:\/\/blog.holyart.it\/de\/#primaryimage\",\"url\":\"https:\/\/blog.holyart.it\/de\/wp-content\/uploads\/sites\/12\/2019\/10\/banner10-de.png\",\"contentUrl\":\"https:\/\/blog.holyart.it\/de\/wp-content\/uploads\/sites\/12\/2019\/10\/banner10-de.png\",\"width\":1200,\"height\":100},{\"@type\":\"BreadcrumbList\",\"@id\":\"https:\/\/blog.holyart.it\/de\/#breadcrumb\",\"itemListElement\":[{\"@type\":\"ListItem\",\"position\":1,\"name\":\"Homepage\",\"item\":\"https:\/\/blog.holyart.it\/de\/\"},{\"@type\":\"ListItem\",\"position\":2,\"name\":\"Der christliche Blog von Holyart.de\"}]},{\"@type\":\"WebSite\",\"@id\":\"https:\/\/blog.holyart.it\/de\/#website\",\"url\":\"https:\/\/blog.holyart.it\/de\/\",\"name\":\"Holyart.de Blog\",\"description\":\"Holyblog\",\"publisher\":{\"@id\":\"https:\/\/blog.holyart.it\/de\/#organization\"},\"potentialAction\":[{\"@type\":\"SearchAction\",\"target\":{\"@type\":\"EntryPoint\",\"urlTemplate\":\"https:\/\/blog.holyart.it\/de\/?s={search_term_string}\"},\"query-input\":{\"@type\":\"PropertyValueSpecification\",\"valueRequired\":true,\"valueName\":\"search_term_string\"}}],\"inLanguage\":\"de\"},{\"@type\":\"Organization\",\"@id\":\"https:\/\/blog.holyart.it\/de\/#organization\",\"name\":\"Holyart.de Blog\",\"url\":\"https:\/\/blog.holyart.it\/de\/\",\"logo\":{\"@type\":\"ImageObject\",\"inLanguage\":\"de\",\"@id\":\"https:\/\/blog.holyart.it\/de\/#\/schema\/logo\/image\/\",\"url\":\"https:\/\/blog.holyart.it\/de\/wp-content\/uploads\/sites\/12\/2022\/12\/Holyart_Blog_Logo.jpg\",\"contentUrl\":\"https:\/\/blog.holyart.it\/de\/wp-content\/uploads\/sites\/12\/2022\/12\/Holyart_Blog_Logo.jpg\",\"width\":300,\"height\":50,\"caption\":\"Holyart.de Blog\"},\"image\":{\"@id\":\"https:\/\/blog.holyart.it\/de\/#\/schema\/logo\/image\/\"}}]}<\/script>\n<!-- \/ Yoast SEO plugin. -->","yoast_head_json":{"title":"Der christliche Blog von Holyart.de - Holyart.de Blog","robots":{"index":"index","follow":"follow","max-snippet":"max-snippet:-1","max-image-preview":"max-image-preview:large","max-video-preview":"max-video-preview:-1"},"canonical":"https:\/\/blog.holyart.it\/de\/","og_locale":"de_DE","og_type":"article","og_title":"Der christliche Blog von Holyart.de - Holyart.de Blog","og_description":"Religion Liturgie Heilige und Selige Weihnachten","og_url":"https:\/\/blog.holyart.it\/de\/","og_site_name":"Holyart.de Blog","article_modified_time":"2020-06-17T14:46:36+00:00","og_image":[{"url":"https:\/\/blog.holyart.it\/de\/wp-content\/uploads\/sites\/12\/2019\/10\/banner10-de.png","type":"","width":"","height":""}],"twitter_card":"summary_large_image","twitter_misc":{"Gesch\u00e4tzte Lesezeit":"1\u00a0Minute"},"schema":{"@context":"https:\/\/schema.org","@graph":[{"@type":"WebPage","@id":"https:\/\/blog.holyart.it\/de\/","url":"https:\/\/blog.holyart.it\/de\/","name":"Der christliche Blog von Holyart.de - Holyart.de Blog","isPartOf":{"@id":"https:\/\/blog.holyart.it\/de\/#website"},"primaryImageOfPage":{"@id":"https:\/\/blog.holyart.it\/de\/#primaryimage"},"image":{"@id":"https:\/\/blog.holyart.it\/de\/#primaryimage"},"thumbnailUrl":"https:\/\/blog.holyart.it\/de\/wp-content\/uploads\/sites\/12\/2019\/10\/banner10-de.png","datePublished":"2019-10-25T14:48:24+00:00","dateModified":"2020-06-17T14:46:36+00:00","breadcrumb":{"@id":"https:\/\/blog.holyart.it\/de\/#breadcrumb"},"inLanguage":"de","potentialAction":[{"@type":"ReadAction","target":["https:\/\/blog.holyart.it\/de\/"]}]},{"@type":"ImageObject","inLanguage":"de","@id":"https:\/\/blog.holyart.it\/de\/#primaryimage","url":"https:\/\/blog.holyart.it\/de\/wp-content\/uploads\/sites\/12\/2019\/10\/banner10-de.png","contentUrl":"https:\/\/blog.holyart.it\/de\/wp-content\/uploads\/sites\/12\/2019\/10\/banner10-de.png","width":1200,"height":100},{"@type":"BreadcrumbList","@id":"https:\/\/blog.holyart.it\/de\/#breadcrumb","itemListElement":[{"@type":"ListItem","position":1,"name":"Homepage","item":"https:\/\/blog.holyart.it\/de\/"},{"@type":"ListItem","position":2,"name":"Der christliche Blog von Holyart.de"}]},{"@type":"WebSite","@id":"https:\/\/blog.holyart.it\/de\/#website","url":"https:\/\/blog.holyart.it\/de\/","name":"Holyart.de Blog","description":"Holyblog","publisher":{"@id":"https:\/\/blog.holyart.it\/de\/#organization"},"potentialAction":[{"@type":"SearchAction","target":{"@type":"EntryPoint","urlTemplate":"https:\/\/blog.holyart.it\/de\/?s={search_term_string}"},"query-input":{"@type":"PropertyValueSpecification","valueRequired":true,"valueName":"search_term_string"}}],"inLanguage":"de"},{"@type":"Organization","@id":"https:\/\/blog.holyart.it\/de\/#organization","name":"Holyart.de Blog","url":"https:\/\/blog.holyart.it\/de\/","logo":{"@type":"ImageObject","inLanguage":"de","@id":"https:\/\/blog.holyart.it\/de\/#\/schema\/logo\/image\/","url":"https:\/\/blog.holyart.it\/de\/wp-content\/uploads\/sites\/12\/2022\/12\/Holyart_Blog_Logo.jpg","contentUrl":"https:\/\/blog.holyart.it\/de\/wp-content\/uploads\/sites\/12\/2022\/12\/Holyart_Blog_Logo.jpg","width":300,"height":50,"caption":"Holyart.de Blog"},"image":{"@id":"https:\/\/blog.holyart.it\/de\/#\/schema\/logo\/image\/"}}]}},"_links":{"self":[{"href":"https:\/\/blog.holyart.it\/de\/wp-json\/wp\/v2\/pages\/989","targetHints":{"allow":["GET"]}}],"collection":[{"href":"https:\/\/blog.holyart.it\/de\/wp-json\/wp\/v2\/pages"}],"about":[{"href":"https:\/\/blog.holyart.it\/de\/wp-json\/wp\/v2\/types\/page"}],"author":[{"embeddable":true,"href":"https:\/\/blog.holyart.it\/de\/wp-json\/wp\/v2\/users\/1"}],"replies":[{"embeddable":true,"href":"https:\/\/blog.holyart.it\/de\/wp-json\/wp\/v2\/comments?post=989"}],"version-history":[{"count":0,"href":"https:\/\/blog.holyart.it\/de\/wp-json\/wp\/v2\/pages\/989\/revisions"}],"wp:attachment":[{"href":"https:\/\/blog.holyart.it\/de\/wp-json\/wp\/v2\/media?parent=989"}],"curies":[{"name":"wp","href":"https:\/\/api.w.org\/{rel}","templated":true}]}}